{"id":194,"date":"2015-12-12T23:19:03","date_gmt":"2015-12-12T23:19:03","guid":{"rendered":"http:\/\/td_uid_2_566cab67c118e"},"modified":"2025-06-16T14:38:43","modified_gmt":"2025-06-16T18:38:43","slug":"news","status":"publish","type":"page","link":"https:\/\/arumbear.com\/fl\/","title":{"rendered":"Inicio"},"content":{"rendered":"<div  class=\"vc_row wpb_row td-pb-row\">\n\t<div class=\"td-pb-span12 wpb_column vc_column_container \">\n\t\t<div class=\"wpb_wrapper\">\n\t\t\t<div class=\"td_block_wrap td_block_big_grid_3 td_block_id_866095480 td_uid_1_69f2857d972fa_rand td-grid-style-1 td-hover-1 td-pb-border-top\"><div id=td_uid_1_69f2857d972fa class=\"td_block_inner\"><div class=\"td-big-grid-wrapper\">\r\n        <div class=\"td_module_mx5 td-animation-stack td-big-grid-post-0 td-big-grid-post td-big-thumb\" itemscope itemtype=\"https:\/\/schema.org\/Article\">\r\n            <div class=\"td-module-thumb\"><a href=\"https:\/\/arumbear.com\/fl\/pumba-dos-santos-explora-la-vulnerabilidad-y-el-desamor-en-no-te-duele-junto-a-west-blanco\/\" rel=\"bookmark\" title=\"Pumba Dos Santos explora la vulnerabilidad y el desamor en \u201cNo te duele\u201d junto a West Blanco\"><img loading=\"lazy\" decoding=\"async\" width=\"534\" height=\"462\" itemprop=\"image\" class=\"entry-thumb\" src=\"https:\/\/arumbear.com\/fl\/wp-content\/uploads\/2026\/02\/pumba01-534x462.jpg\" alt=\"\" title=\"Pumba Dos Santos explora la vulnerabilidad y el desamor en \u201cNo te duele\u201d junto a West Blanco\"\/><\/a><\/div>            <div class=\"td-meta-info-container\">\r\n                <div class=\"td-meta-align\">\r\n                    <div class=\"td-big-grid-meta\">\r\n                        <a href=\"https:\/\/arumbear.com\/fl\/category\/musica\/internacional\/\" class=\"td-post-category\">Internacional<\/a>                        <h3 itemprop=\"name\" class=\"entry-title td-module-title\"><a itemprop=\"url\" href=\"https:\/\/arumbear.com\/fl\/pumba-dos-santos-explora-la-vulnerabilidad-y-el-desamor-en-no-te-duele-junto-a-west-blanco\/\" rel=\"bookmark\" title=\"Pumba Dos Santos explora la vulnerabilidad y el desamor en \u201cNo te duele\u201d junto a West Blanco\">Pumba Dos Santos explora la vulnerabilidad y el desamor en \u201cNo te duele\u201d junto a West Blanco<\/a><\/h3>                    <\/div>\r\n                    <div class=\"td-module-meta-info\">\r\n                        <div class=\"td-post-author-name\"><a itemprop=\"author\" href=\"https:\/\/arumbear.com\/fl\/author\/jesusviera-ve\/\">Arumbear.com \u2022 Florida<\/a> <span>-<\/span> <\/div>                        <div class=\"td-post-date\"><time  itemprop=\"dateCreated\" class=\"entry-date updated td-module-date\" datetime=\"2026-02-21T13:31:04+00:00\" >21\/02\/2026<\/time><meta itemprop=\"interactionCount\" content=\"UserComments:0\"\/><\/div>                    <\/div>\r\n                <\/div>\r\n            <\/div>\r\n\r\n            <meta itemprop=\"author\" content = \"Arumbear.com \u2022 Florida\"><meta itemprop=\"interactionCount\" content=\"UserComments:0\"\/>        <\/div>\r\n\r\n        <div class=\"td-big-grid-scroll\">\r\n        <div class=\"td_module_mx11 td-animation-stack td-big-grid-post-1 td-big-grid-post td-medium-thumb\" itemscope itemtype=\"https:\/\/schema.org\/Article\">\r\n            <div class=\"td-module-thumb\"><a href=\"https:\/\/arumbear.com\/fl\/annae-torrealba-rinde-homenaje-a-sus-raices-con-recuerdos-de-juan-vicente\/\" rel=\"bookmark\" title=\"Anna\u00e9 Torrealba rinde homenaje a sus ra\u00edces con \u201cRecuerdos de Juan Vicente\u201d\"><img loading=\"lazy\" decoding=\"async\" width=\"533\" height=\"261\" itemprop=\"image\" class=\"entry-thumb\" src=\"https:\/\/arumbear.com\/fl\/wp-content\/uploads\/2026\/02\/annae02-533x261.jpg\" alt=\"\" title=\"Anna\u00e9 Torrealba rinde homenaje a sus ra\u00edces con \u201cRecuerdos de Juan Vicente\u201d\"\/><\/a><\/div>            <div class=\"td-meta-info-container\">\r\n                <div class=\"td-meta-align\">\r\n                    <div class=\"td-big-grid-meta\">\r\n                        <a href=\"https:\/\/arumbear.com\/fl\/category\/musica\/internacional\/\" class=\"td-post-category\">Internacional<\/a>                        <h3 itemprop=\"name\" class=\"entry-title td-module-title\"><a itemprop=\"url\" href=\"https:\/\/arumbear.com\/fl\/annae-torrealba-rinde-homenaje-a-sus-raices-con-recuerdos-de-juan-vicente\/\" rel=\"bookmark\" title=\"Anna\u00e9 Torrealba rinde homenaje a sus ra\u00edces con \u201cRecuerdos de Juan Vicente\u201d\">Anna\u00e9 Torrealba rinde homenaje a sus ra\u00edces con \u201cRecuerdos de Juan Vicente\u201d<\/a><\/h3>                    <\/div>\r\n                <\/div>\r\n            <\/div>\r\n\r\n            <meta itemprop=\"author\" content = \"Arumbear.com \u2022 Florida\"><meta itemprop=\"interactionCount\" content=\"UserComments:0\"\/>        <\/div>\r\n\r\n        \r\n        <div class=\"td_module_mx6 td-animation-stack td-big-grid-post-2 td-big-grid-post td-small-thumb\" itemscope itemtype=\"https:\/\/schema.org\/Article\">\r\n            <div class=\"td-module-thumb\"><a href=\"https:\/\/arumbear.com\/fl\/yohana-vargas-reunio-mas-de-400-personas-en-su-primera-run-coffee-party-en-miami\/\" rel=\"bookmark\" title=\"Yohana Vargas reuni\u00f3 m\u00e1s de 400 personas en su primera \u201cRun Coffee Party\u201d en Miami\"><img loading=\"lazy\" decoding=\"async\" width=\"265\" height=\"198\" itemprop=\"image\" class=\"entry-thumb\" src=\"https:\/\/arumbear.com\/fl\/wp-content\/uploads\/2026\/02\/yoha01-265x198.jpg\" alt=\"\" title=\"Yohana Vargas reuni\u00f3 m\u00e1s de 400 personas en su primera \u201cRun Coffee Party\u201d en Miami\"\/><\/a><\/div>            <div class=\"td-meta-info-container\">\r\n                <div class=\"td-meta-align\">\r\n                    <div class=\"td-big-grid-meta\">\r\n                        <a href=\"https:\/\/arumbear.com\/fl\/category\/noticias\/\" class=\"td-post-category\">Noticias<\/a>                        <h3 itemprop=\"name\" class=\"entry-title td-module-title\"><a itemprop=\"url\" href=\"https:\/\/arumbear.com\/fl\/yohana-vargas-reunio-mas-de-400-personas-en-su-primera-run-coffee-party-en-miami\/\" rel=\"bookmark\" title=\"Yohana Vargas reuni\u00f3 m\u00e1s de 400 personas en su primera \u201cRun Coffee Party\u201d en Miami\">Yohana Vargas reuni\u00f3 m\u00e1s de 400 personas en su primera \u201cRun Coffee Party\u201d en Miami<\/a><\/h3>                    <\/div>\r\n                <\/div>\r\n            <\/div>\r\n            <meta itemprop=\"author\" content = \"Arumbear.com \u2022 Florida\"><meta itemprop=\"interactionCount\" content=\"UserComments:0\"\/>        <\/div>\r\n\r\n\r\n        \r\n        <div class=\"td_module_mx6 td-animation-stack td-big-grid-post-3 td-big-grid-post td-small-thumb\" itemscope itemtype=\"https:\/\/schema.org\/Article\">\r\n            <div class=\"td-module-thumb\"><a href=\"https:\/\/arumbear.com\/fl\/awilda-quezada-ft-gretchn-lanzan-maldito-traidor\/\" rel=\"bookmark\" title=\"Awilda Quezada Ft. Gretch\u2019n lanzan \u201cMaldito Traidor\u201d\"><img loading=\"lazy\" decoding=\"async\" width=\"265\" height=\"198\" itemprop=\"image\" class=\"entry-thumb\" src=\"https:\/\/arumbear.com\/fl\/wp-content\/uploads\/2026\/02\/awilda01-265x198.jpg\" alt=\"\" title=\"Awilda Quezada Ft. Gretch\u2019n lanzan \u201cMaldito Traidor\u201d\"\/><\/a><\/div>            <div class=\"td-meta-info-container\">\r\n                <div class=\"td-meta-align\">\r\n                    <div class=\"td-big-grid-meta\">\r\n                        <a href=\"https:\/\/arumbear.com\/fl\/category\/musica\/internacional\/\" class=\"td-post-category\">Internacional<\/a>                        <h3 itemprop=\"name\" class=\"entry-title td-module-title\"><a itemprop=\"url\" href=\"https:\/\/arumbear.com\/fl\/awilda-quezada-ft-gretchn-lanzan-maldito-traidor\/\" rel=\"bookmark\" title=\"Awilda Quezada Ft. Gretch\u2019n lanzan \u201cMaldito Traidor\u201d\">Awilda Quezada Ft. Gretch\u2019n lanzan \u201cMaldito Traidor\u201d<\/a><\/h3>                    <\/div>\r\n                <\/div>\r\n            <\/div>\r\n            <meta itemprop=\"author\" content = \"Arumbear.com \u2022 Florida\"><meta itemprop=\"interactionCount\" content=\"UserComments:0\"\/>        <\/div>\r\n\r\n\r\n        <\/div><\/div><div class=\"clearfix\"><\/div><\/div><\/div> <!-- .\/block -->\n\t\t<\/div> \n\t<\/div> \n<\/div>    <div  class=\"vc_row wpb_row td-pb-row td-ss-row\">\n<style scoped>\n.td_uid_2_69f2857ddc07f_rand .td_module_wrap:hover .entry-title a,\r\n            .td_uid_2_69f2857ddc07f_rand a.td-pulldown-filter-link:hover,\r\n            .td_uid_2_69f2857ddc07f_rand .td-subcat-item a:hover,\r\n            .td_uid_2_69f2857ddc07f_rand .td-subcat-item .td-cur-simple-item,\r\n            .td_uid_2_69f2857ddc07f_rand .td_quote_on_blocks {\r\n                color: #1bb7b2;\r\n            }\r\n\r\n            .td_uid_2_69f2857ddc07f_rand .td-next-prev-wrap a:hover,\r\n            .td_uid_2_69f2857ddc07f_rand .td-load-more-wrap a:hover {\r\n                background-color: #1bb7b2;\r\n                border-color: #1bb7b2;\r\n            }\r\n            .td_uid_2_69f2857ddc07f_rand .td-subcat-dropdown:hover .td-subcat-more,\r\n            .td_uid_2_69f2857ddc07f_rand .td-post-category:hover {\r\n                background-color: #1bb7b2;\r\n            }\r\n\r\n            .td_uid_2_69f2857ddc07f_rand .block-title span,\r\n            .td_uid_2_69f2857ddc07f_rand .td-trending-now-title,\r\n            .td_uid_2_69f2857ddc07f_rand .block-title a,\r\n            .td_uid_2_69f2857ddc07f_rand .td-read-more a {\r\n                background-color: #1bb7b2;\r\n            }\r\n\r\n            .td_uid_2_69f2857ddc07f_rand .block-title {\r\n                border-color: #1bb7b2;\r\n            }\n<\/style>\n<style scoped>\n.td_uid_3_69f2857dddb40_rand .td_module_wrap:hover .entry-title a,\r\n            .td_uid_3_69f2857dddb40_rand a.td-pulldown-filter-link:hover,\r\n            .td_uid_3_69f2857dddb40_rand .td-subcat-item a:hover,\r\n            .td_uid_3_69f2857dddb40_rand .td-subcat-item .td-cur-simple-item,\r\n            .td_uid_3_69f2857dddb40_rand .td_quote_on_blocks {\r\n                color: #cc3f2c;\r\n            }\r\n\r\n            .td_uid_3_69f2857dddb40_rand .td-next-prev-wrap a:hover,\r\n            .td_uid_3_69f2857dddb40_rand .td-load-more-wrap a:hover {\r\n                background-color: #cc3f2c;\r\n                border-color: #cc3f2c;\r\n            }\r\n            .td_uid_3_69f2857dddb40_rand .td-subcat-dropdown:hover .td-subcat-more,\r\n            .td_uid_3_69f2857dddb40_rand .td-post-category:hover {\r\n                background-color: #cc3f2c;\r\n            }\r\n\r\n            .td_uid_3_69f2857dddb40_rand .block-title span,\r\n            .td_uid_3_69f2857dddb40_rand .td-trending-now-title,\r\n            .td_uid_3_69f2857dddb40_rand .block-title a,\r\n            .td_uid_3_69f2857dddb40_rand .td-read-more a {\r\n                background-color: #cc3f2c;\r\n            }\r\n\r\n            .td_uid_3_69f2857dddb40_rand .block-title {\r\n                border-color: #cc3f2c;\r\n            }\n<\/style>\n<style scoped>\n.td_uid_4_69f2857de5330_rand .td_module_wrap:hover .entry-title a,\r\n            .td_uid_4_69f2857de5330_rand a.td-pulldown-filter-link:hover,\r\n            .td_uid_4_69f2857de5330_rand .td-subcat-item a:hover,\r\n            .td_uid_4_69f2857de5330_rand .td-subcat-item .td-cur-simple-item,\r\n            .td_uid_4_69f2857de5330_rand .td_quote_on_blocks {\r\n                color: #ff26b6;\r\n            }\r\n\r\n            .td_uid_4_69f2857de5330_rand .td-next-prev-wrap a:hover,\r\n            .td_uid_4_69f2857de5330_rand .td-load-more-wrap a:hover {\r\n                background-color: #ff26b6;\r\n                border-color: #ff26b6;\r\n            }\r\n            .td_uid_4_69f2857de5330_rand .td-subcat-dropdown:hover .td-subcat-more,\r\n            .td_uid_4_69f2857de5330_rand .td-post-category:hover {\r\n                background-color: #ff26b6;\r\n            }\r\n\r\n            .td_uid_4_69f2857de5330_rand .block-title span,\r\n            .td_uid_4_69f2857de5330_rand .td-trending-now-title,\r\n            .td_uid_4_69f2857de5330_rand .block-title a,\r\n            .td_uid_4_69f2857de5330_rand .td-read-more a {\r\n                background-color: #ff26b6;\r\n            }\r\n\r\n            .td_uid_4_69f2857de5330_rand .block-title {\r\n                border-color: #ff26b6;\r\n            }\n<\/style>\n<style scoped>\n.td_uid_5_69f2857dedc8e_rand .td_module_wrap:hover .entry-title a,\r\n            .td_uid_5_69f2857dedc8e_rand a.td-pulldown-filter-link:hover,\r\n            .td_uid_5_69f2857dedc8e_rand .td-subcat-item a:hover,\r\n            .td_uid_5_69f2857dedc8e_rand .td-subcat-item .td-cur-simple-item,\r\n            .td_uid_5_69f2857dedc8e_rand .td_quote_on_blocks {\r\n                color: #7a7a7a;\r\n            }\r\n\r\n            .td_uid_5_69f2857dedc8e_rand .td-next-prev-wrap a:hover,\r\n            .td_uid_5_69f2857dedc8e_rand .td-load-more-wrap a:hover {\r\n                background-color: #7a7a7a;\r\n                border-color: #7a7a7a;\r\n            }\r\n            .td_uid_5_69f2857dedc8e_rand .td-subcat-dropdown:hover .td-subcat-more,\r\n            .td_uid_5_69f2857dedc8e_rand .td-post-category:hover {\r\n                background-color: #7a7a7a;\r\n            }\r\n\r\n            .td_uid_5_69f2857dedc8e_rand .block-title span,\r\n            .td_uid_5_69f2857dedc8e_rand .td-trending-now-title,\r\n            .td_uid_5_69f2857dedc8e_rand .block-title a,\r\n            .td_uid_5_69f2857dedc8e_rand .td-read-more a {\r\n                background-color: #7a7a7a;\r\n            }\r\n\r\n            .td_uid_5_69f2857dedc8e_rand .block-title {\r\n                border-color: #7a7a7a;\r\n            }\n<\/style>\n<style scoped>\n.td_uid_6_69f2857e00a4e_rand .td_module_wrap:hover .entry-title a,\r\n            .td_uid_6_69f2857e00a4e_rand a.td-pulldown-filter-link:hover,\r\n            .td_uid_6_69f2857e00a4e_rand .td-subcat-item a:hover,\r\n            .td_uid_6_69f2857e00a4e_rand .td-subcat-item .td-cur-simple-item,\r\n            .td_uid_6_69f2857e00a4e_rand .td_quote_on_blocks {\r\n                color: #ff7505;\r\n            }\r\n\r\n            .td_uid_6_69f2857e00a4e_rand .td-next-prev-wrap a:hover,\r\n            .td_uid_6_69f2857e00a4e_rand .td-load-more-wrap a:hover {\r\n                background-color: #ff7505;\r\n                border-color: #ff7505;\r\n            }\r\n            .td_uid_6_69f2857e00a4e_rand .td-subcat-dropdown:hover .td-subcat-more,\r\n            .td_uid_6_69f2857e00a4e_rand .td-post-category:hover {\r\n                background-color: #ff7505;\r\n            }\r\n\r\n            .td_uid_6_69f2857e00a4e_rand .block-title span,\r\n            .td_uid_6_69f2857e00a4e_rand .td-trending-now-title,\r\n            .td_uid_6_69f2857e00a4e_rand .block-title a,\r\n            .td_uid_6_69f2857e00a4e_rand .td-read-more a {\r\n                background-color: #ff7505;\r\n            }\r\n\r\n            .td_uid_6_69f2857e00a4e_rand .block-title {\r\n                border-color: #ff7505;\r\n            }\n<\/style>\n\t<div class=\"td-pb-span8 wpb_column vc_column_container \">\n\t\t<div class=\"wpb_wrapper\">\n\t\t\t<script>var block_td_uid_2_69f2857ddc07f = new td_block();\nblock_td_uid_2_69f2857ddc07f.id = \"td_uid_2_69f2857ddc07f\";\nblock_td_uid_2_69f2857ddc07f.atts = '{\"custom_title\":\"CONCIERTOS | RUMBAS | EVENTOS | STAND UP\",\"category_id\":\"28\",\"limit\":\"12\",\"td_filter_default_txt\":\"Todo\",\"header_color\":\"#1bb7b2\",\"ajax_pagination\":\"next_prev\",\"class\":\"td_block_id_486174192 td_uid_2_69f2857ddc07f_rand\"}';\nblock_td_uid_2_69f2857ddc07f.td_column_number = \"2\";\nblock_td_uid_2_69f2857ddc07f.block_type = \"td_block_16\";\nblock_td_uid_2_69f2857ddc07f.post_count = \"4\";\nblock_td_uid_2_69f2857ddc07f.found_posts = \"4\";\nblock_td_uid_2_69f2857ddc07f.header_color = \"#1bb7b2\";\nblock_td_uid_2_69f2857ddc07f.ajax_pagination_infinite_stop = \"\";\nblock_td_uid_2_69f2857ddc07f.max_num_pages = \"1\";\ntd_blocks.push(block_td_uid_2_69f2857ddc07f);\n<\/script><div class=\"td_block_wrap td_block_16 td_block_id_486174192 td_uid_2_69f2857ddc07f_rand td_with_ajax_pagination td-pb-border-top\"><h4 class=\"block-title\"><span>CONCIERTOS | RUMBAS | EVENTOS | STAND UP<\/span><\/h4><div id=td_uid_2_69f2857ddc07f class=\"td_block_inner td-column-2\">\n\n\t<div class=\"td-block-row\">\n\n\t<div class=\"td-block-span4\">\n\r\n        <div class=\"td_module_mx7 td_module_wrap td-animation-stack\" itemscope itemtype=\"https:\/\/schema.org\/Article\">\r\n            <div class=\"td-module-image\">\r\n                <div class=\"td-module-thumb\"><a href=\"https:\/\/arumbear.com\/fl\/3era-edicion-de-la-negus-reggae-party\/\" rel=\"bookmark\" title=\"3era edici\u00f3n de la Negus Reggae Party!\"><img loading=\"lazy\" decoding=\"async\" width=\"218\" height=\"150\" itemprop=\"image\" class=\"entry-thumb\" src=\"https:\/\/arumbear.com\/fl\/wp-content\/uploads\/2026\/03\/negustpartymiami-218x150.jpg\" alt=\"\" title=\"3era edici\u00f3n de la Negus Reggae Party!\"\/><\/a><\/div>                            <\/div>\r\n\r\n            <div class=\"item-details\">\r\n                <h3 itemprop=\"name\" class=\"entry-title td-module-title\"><a itemprop=\"url\" href=\"https:\/\/arumbear.com\/fl\/3era-edicion-de-la-negus-reggae-party\/\" rel=\"bookmark\" title=\"3era edici\u00f3n de la Negus Reggae Party!\">3era edici\u00f3n de la Negus Reggae Party!<\/a><\/h3>\r\n                <div class=\"td-module-meta-info\">\r\n                    <div class=\"td-post-author-name\"><a itemprop=\"author\" href=\"https:\/\/arumbear.com\/fl\/author\/jesusviera-ve\/\">Arumbear.com \u2022 Florida<\/a> <span>-<\/span> <\/div>                    <div class=\"td-post-date\"><time  itemprop=\"dateCreated\" class=\"entry-date updated td-module-date\" datetime=\"2026-03-10T10:08:43+00:00\" >10\/03\/2026<\/time><meta itemprop=\"interactionCount\" content=\"UserComments:0\"\/><\/div>                    <div class=\"td-module-comments\"><a href=\"https:\/\/arumbear.com\/fl\/3era-edicion-de-la-negus-reggae-party\/#respond\">0<\/a><\/div>                <\/div>\r\n\r\n                <div class=\"td-excerpt\">\r\n                    \nUna noche cargada de buena vibra y RASTA LOVE! Compartiremos en one love...                <\/div>\r\n            <\/div>\r\n\r\n            <meta itemprop=\"author\" content = \"Arumbear.com \u2022 Florida\"><meta itemprop=\"interactionCount\" content=\"UserComments:0\"\/>\r\n        <\/div>\r\n\r\n        \n\t<\/div> <!-- .\/td-block-span4 -->\n\n\t<div class=\"td-block-span4\">\n\r\n        <div class=\"td_module_mx7 td_module_wrap td-animation-stack\" itemscope itemtype=\"https:\/\/schema.org\/Article\">\r\n            <div class=\"td-module-image\">\r\n                <div class=\"td-module-thumb\"><a href=\"https:\/\/arumbear.com\/fl\/led-varela-noches-en-miami\/\" rel=\"bookmark\" title=\"Led Varela: Noches en Miami\"><img loading=\"lazy\" decoding=\"async\" width=\"218\" height=\"150\" itemprop=\"image\" class=\"entry-thumb\" src=\"https:\/\/arumbear.com\/fl\/wp-content\/uploads\/2026\/01\/ledmiami-218x150.jpg\" alt=\"\" title=\"Led Varela: Noches en Miami\"\/><\/a><\/div>                            <\/div>\r\n\r\n            <div class=\"item-details\">\r\n                <h3 itemprop=\"name\" class=\"entry-title td-module-title\"><a itemprop=\"url\" href=\"https:\/\/arumbear.com\/fl\/led-varela-noches-en-miami\/\" rel=\"bookmark\" title=\"Led Varela: Noches en Miami\">Led Varela: Noches en Miami<\/a><\/h3>\r\n                <div class=\"td-module-meta-info\">\r\n                    <div class=\"td-post-author-name\"><a itemprop=\"author\" href=\"https:\/\/arumbear.com\/fl\/author\/jesusviera-ve\/\">Arumbear.com \u2022 Florida<\/a> <span>-<\/span> <\/div>                    <div class=\"td-post-date\"><time  itemprop=\"dateCreated\" class=\"entry-date updated td-module-date\" datetime=\"2026-01-21T11:20:57+00:00\" >21\/01\/2026<\/time><meta itemprop=\"interactionCount\" content=\"UserComments:0\"\/><\/div>                    <div class=\"td-module-comments\"><a href=\"https:\/\/arumbear.com\/fl\/led-varela-noches-en-miami\/#respond\">0<\/a><\/div>                <\/div>\r\n\r\n                <div class=\"td-excerpt\">\r\n                    \nNoches en MIAMI es el nuevo espacio de Led Varela, donde estar\u00e1 hablando...                <\/div>\r\n            <\/div>\r\n\r\n            <meta itemprop=\"author\" content = \"Arumbear.com \u2022 Florida\"><meta itemprop=\"interactionCount\" content=\"UserComments:0\"\/>\r\n        <\/div>\r\n\r\n        \n\t<\/div> <!-- .\/td-block-span4 -->\n\n\t<div class=\"td-block-span4\">\n\r\n        <div class=\"td_module_mx7 td_module_wrap td-animation-stack\" itemscope itemtype=\"https:\/\/schema.org\/Article\">\r\n            <div class=\"td-module-image\">\r\n                <div class=\"td-module-thumb\"><a href=\"https:\/\/arumbear.com\/fl\/3er-congreso-de-tarot-miami-coral-gables\/\" rel=\"bookmark\" title=\"3er Congreso de Tarot Miami (Coral Gables)\"><img loading=\"lazy\" decoding=\"async\" width=\"218\" height=\"150\" itemprop=\"image\" class=\"entry-thumb\" src=\"https:\/\/arumbear.com\/fl\/wp-content\/uploads\/2026\/01\/congresotarot-218x150.jpg\" alt=\"\" title=\"3er Congreso de Tarot Miami (Coral Gables)\"\/><\/a><\/div>                            <\/div>\r\n\r\n            <div class=\"item-details\">\r\n                <h3 itemprop=\"name\" class=\"entry-title td-module-title\"><a itemprop=\"url\" href=\"https:\/\/arumbear.com\/fl\/3er-congreso-de-tarot-miami-coral-gables\/\" rel=\"bookmark\" title=\"3er Congreso de Tarot Miami (Coral Gables)\">3er Congreso de Tarot Miami (Coral Gables)<\/a><\/h3>\r\n                <div class=\"td-module-meta-info\">\r\n                    <div class=\"td-post-author-name\"><a itemprop=\"author\" href=\"https:\/\/arumbear.com\/fl\/author\/jesusviera-ve\/\">Arumbear.com \u2022 Florida<\/a> <span>-<\/span> <\/div>                    <div class=\"td-post-date\"><time  itemprop=\"dateCreated\" class=\"entry-date updated td-module-date\" datetime=\"2026-01-21T11:10:18+00:00\" >21\/01\/2026<\/time><meta itemprop=\"interactionCount\" content=\"UserComments:0\"\/><\/div>                    <div class=\"td-module-comments\"><a href=\"https:\/\/arumbear.com\/fl\/3er-congreso-de-tarot-miami-coral-gables\/#respond\">0<\/a><\/div>                <\/div>\r\n\r\n                <div class=\"td-excerpt\">\r\n                    \n\u00a1Un evento \u00fanico que cambiar\u00e1 tu perspectiva del Tarot! Este evento invita a...                <\/div>\r\n            <\/div>\r\n\r\n            <meta itemprop=\"author\" content = \"Arumbear.com \u2022 Florida\"><meta itemprop=\"interactionCount\" content=\"UserComments:0\"\/>\r\n        <\/div>\r\n\r\n        \n\t<\/div> <!-- .\/td-block-span4 --><\/div><!--.\/row-fluid-->\n\n\t<div class=\"td-block-row\">\n\n\t<div class=\"td-block-span4\">\n\r\n        <div class=\"td_module_mx7 td_module_wrap td-animation-stack\" itemscope itemtype=\"https:\/\/schema.org\/Article\">\r\n            <div class=\"td-module-image\">\r\n                <div class=\"td-module-thumb\"><a href=\"https:\/\/arumbear.com\/fl\/el-brote-gira-usa-2026-north-miami-beach\/\" rel=\"bookmark\" title=\"El Brote &#8211; Gira USA 2026 (North Miami Beach)\"><img loading=\"lazy\" decoding=\"async\" width=\"218\" height=\"150\" itemprop=\"image\" class=\"entry-thumb\" src=\"https:\/\/arumbear.com\/fl\/wp-content\/uploads\/2026\/01\/elbroteweb-218x150.jpg\" alt=\"\" title=\"El Brote &#8211; Gira USA 2026 (North Miami Beach)\"\/><\/a><\/div>                            <\/div>\r\n\r\n            <div class=\"item-details\">\r\n                <h3 itemprop=\"name\" class=\"entry-title td-module-title\"><a itemprop=\"url\" href=\"https:\/\/arumbear.com\/fl\/el-brote-gira-usa-2026-north-miami-beach\/\" rel=\"bookmark\" title=\"El Brote &#8211; Gira USA 2026 (North Miami Beach)\">El Brote &#8211; Gira USA 2026 (North Miami Beach)<\/a><\/h3>\r\n                <div class=\"td-module-meta-info\">\r\n                    <div class=\"td-post-author-name\"><a itemprop=\"author\" href=\"https:\/\/arumbear.com\/fl\/author\/jesusviera-ve\/\">Arumbear.com \u2022 Florida<\/a> <span>-<\/span> <\/div>                    <div class=\"td-post-date\"><time  itemprop=\"dateCreated\" class=\"entry-date updated td-module-date\" datetime=\"2026-01-21T10:57:08+00:00\" >21\/01\/2026<\/time><meta itemprop=\"interactionCount\" content=\"UserComments:0\"\/><\/div>                    <div class=\"td-module-comments\"><a href=\"https:\/\/arumbear.com\/fl\/el-brote-gira-usa-2026-north-miami-beach\/#respond\">0<\/a><\/div>                <\/div>\r\n\r\n                <div class=\"td-excerpt\">\r\n                    \nComo parte de su gira Internacional, regresa a USA, &quot;EL BROTE&quot;, una de...                <\/div>\r\n            <\/div>\r\n\r\n            <meta itemprop=\"author\" content = \"Arumbear.com \u2022 Florida\"><meta itemprop=\"interactionCount\" content=\"UserComments:0\"\/>\r\n        <\/div>\r\n\r\n        \n\t<\/div> <!-- .\/td-block-span4 --><\/div><!--.\/row-fluid--><\/div><div class=\"td-next-prev-wrap\"><a href=\"#\" class=\"td-ajax-prev-page ajax-page-disabled\" id=\"prev-page-td_uid_2_69f2857ddc07f\" data-td_block_id=\"td_uid_2_69f2857ddc07f\"><i class=\"td-icon-font td-icon-menu-left\"><\/i><\/a><a href=\"#\"  class=\"td-ajax-next-page ajax-page-disabled\" id=\"next-page-td_uid_2_69f2857ddc07f\" data-td_block_id=\"td_uid_2_69f2857ddc07f\"><i class=\"td-icon-font td-icon-menu-right\"><\/i><\/a><\/div><\/div> <!-- .\/block --><script>var block_td_uid_3_69f2857dddb40 = new td_block();\nblock_td_uid_3_69f2857dddb40.id = \"td_uid_3_69f2857dddb40\";\nblock_td_uid_3_69f2857dddb40.atts = '{\"limit\":\"6\",\"custom_title\":\"NOTICIAS | ACTUALIDAD | LANZAMIENTOS\",\"header_color\":\"#cc3f2c\",\"ajax_pagination\":\"next_prev\",\"category_id\":\"23\",\"td_filter_default_txt\":\"Todo\",\"class\":\"td_block_id_1324678512 td_uid_3_69f2857dddb40_rand\"}';\nblock_td_uid_3_69f2857dddb40.td_column_number = \"2\";\nblock_td_uid_3_69f2857dddb40.block_type = \"td_block_1\";\nblock_td_uid_3_69f2857dddb40.post_count = \"6\";\nblock_td_uid_3_69f2857dddb40.found_posts = \"98\";\nblock_td_uid_3_69f2857dddb40.header_color = \"#cc3f2c\";\nblock_td_uid_3_69f2857dddb40.ajax_pagination_infinite_stop = \"\";\nblock_td_uid_3_69f2857dddb40.max_num_pages = \"17\";\ntd_blocks.push(block_td_uid_3_69f2857dddb40);\n<\/script><div class=\"td_block_wrap td_block_1 td_block_id_1324678512 td_uid_3_69f2857dddb40_rand td_with_ajax_pagination td-pb-border-top\"><h4 class=\"block-title\"><span>NOTICIAS | ACTUALIDAD | LANZAMIENTOS<\/span><\/h4><div id=td_uid_3_69f2857dddb40 class=\"td_block_inner\">\n\n\t<div class=\"td-block-row\">\n\n\t<div class=\"td-block-span6\">\n\r\n        <div class=\"td_module_4 td_module_wrap td-animation-stack\" itemscope itemtype=\"https:\/\/schema.org\/Article\">\r\n            <div class=\"td-module-image\">\r\n                <div class=\"td-module-thumb\"><a href=\"https:\/\/arumbear.com\/fl\/gracias-por-estar-empresas-polar-celebra-85-anos-con-un-homenaje-a-la-gente\/\" rel=\"bookmark\" title=\"\u201cGracias por estar\u201d: Empresas Polar celebra 85 a\u00f1os con un homenaje a la gente\"><img loading=\"lazy\" decoding=\"async\" width=\"324\" height=\"235\" itemprop=\"image\" class=\"entry-thumb\" src=\"https:\/\/arumbear.com\/fl\/wp-content\/uploads\/2026\/03\/polar01-324x235.jpg\" alt=\"\" title=\"\u201cGracias por estar\u201d: Empresas Polar celebra 85 a\u00f1os con un homenaje a la gente\"\/><\/a><\/div>                <a href=\"https:\/\/arumbear.com\/fl\/category\/noticias\/\" class=\"td-post-category\">Noticias<\/a>            <\/div>\r\n\r\n            <h3 itemprop=\"name\" class=\"entry-title td-module-title\"><a itemprop=\"url\" href=\"https:\/\/arumbear.com\/fl\/gracias-por-estar-empresas-polar-celebra-85-anos-con-un-homenaje-a-la-gente\/\" rel=\"bookmark\" title=\"\u201cGracias por estar\u201d: Empresas Polar celebra 85 a\u00f1os con un homenaje a la gente\">\u201cGracias por estar\u201d: Empresas Polar celebra 85 a\u00f1os con un homenaje...<\/a><\/h3>\r\n            <div class=\"td-module-meta-info\">\r\n                <div class=\"td-post-author-name\"><a itemprop=\"author\" href=\"https:\/\/arumbear.com\/fl\/author\/jesusviera-ve\/\">Arumbear.com \u2022 Florida<\/a> <span>-<\/span> <\/div>                <div class=\"td-post-date\"><time  itemprop=\"dateCreated\" class=\"entry-date updated td-module-date\" datetime=\"2026-03-17T14:08:06+00:00\" >17\/03\/2026<\/time><meta itemprop=\"interactionCount\" content=\"UserComments:0\"\/><\/div>                <div class=\"td-module-comments\"><a href=\"https:\/\/arumbear.com\/fl\/gracias-por-estar-empresas-polar-celebra-85-anos-con-un-homenaje-a-la-gente\/#respond\">0<\/a><\/div>            <\/div>\r\n\r\n            <div class=\"td-excerpt\">\r\n                \nEmpresas Polar lanza su campa\u00f1a aniversario para celebrar 85 a\u00f1os de historia compartida con los venezolanos. M\u00e1s que una conmemoraci\u00f3n corporativa, la...            <\/div>\r\n\r\n            \r\n            <meta itemprop=\"author\" content = \"Arumbear.com \u2022 Florida\"><meta itemprop=\"interactionCount\" content=\"UserComments:0\"\/>\r\n        <\/div>\r\n\r\n        \n\t<\/div> <!-- .\/td-block-span6 -->\n\n\t<div class=\"td-block-span6\">\n\r\n        <div class=\"td_module_6 td_module_wrap td-animation-stack\" itemscope itemtype=\"https:\/\/schema.org\/Article\">\r\n\r\n        <div class=\"td-module-thumb\"><a href=\"https:\/\/arumbear.com\/fl\/marianna-agudello-lanzo-el-arte-de-hacerte-visible-en-amazon\/\" rel=\"bookmark\" title=\"Marianna Agudello lanz\u00f3 \u201cEl Arte de Hacerte Visible\u201d en Amazon\"><img loading=\"lazy\" decoding=\"async\" width=\"100\" height=\"70\" itemprop=\"image\" class=\"entry-thumb\" src=\"https:\/\/arumbear.com\/fl\/wp-content\/uploads\/2026\/03\/marianna01-100x70.jpg\" alt=\"\" title=\"Marianna Agudello lanz\u00f3 \u201cEl Arte de Hacerte Visible\u201d en Amazon\"\/><\/a><\/div>\r\n        <div class=\"item-details\">\r\n            <h3 itemprop=\"name\" class=\"entry-title td-module-title\"><a itemprop=\"url\" href=\"https:\/\/arumbear.com\/fl\/marianna-agudello-lanzo-el-arte-de-hacerte-visible-en-amazon\/\" rel=\"bookmark\" title=\"Marianna Agudello lanz\u00f3 \u201cEl Arte de Hacerte Visible\u201d en Amazon\">Marianna Agudello lanz\u00f3 \u201cEl Arte de Hacerte Visible\u201d en Amazon<\/a><\/h3>            <div class=\"td-module-meta-info\">\r\n                                                <div class=\"td-post-date\"><time  itemprop=\"dateCreated\" class=\"entry-date updated td-module-date\" datetime=\"2026-03-12T10:55:07+00:00\" >12\/03\/2026<\/time><meta itemprop=\"interactionCount\" content=\"UserComments:0\"\/><\/div>                            <\/div>\r\n        <\/div>\r\n        <meta itemprop=\"author\" content = \"Arumbear.com \u2022 Florida\"><meta itemprop=\"interactionCount\" content=\"UserComments:0\"\/>        <\/div>\r\n\r\n        \r\n        <div class=\"td_module_6 td_module_wrap td-animation-stack\" itemscope itemtype=\"https:\/\/schema.org\/Article\">\r\n\r\n        <div class=\"td-module-thumb\"><a href=\"https:\/\/arumbear.com\/fl\/beto-de-rawayana-se-suma-a-la-celebracion-de-los-20-anos-de-arcangel\/\" rel=\"bookmark\" title=\"Beto, de Rawayana, se suma a la celebraci\u00f3n de los 20 a\u00f1os de Arc\u00e1ngel\"><img loading=\"lazy\" decoding=\"async\" width=\"100\" height=\"70\" itemprop=\"image\" class=\"entry-thumb\" src=\"https:\/\/arumbear.com\/fl\/wp-content\/uploads\/2026\/02\/beto01-100x70.jpg\" alt=\"\" title=\"Beto, de Rawayana, se suma a la celebraci\u00f3n de los 20 a\u00f1os de Arc\u00e1ngel\"\/><\/a><\/div>\r\n        <div class=\"item-details\">\r\n            <h3 itemprop=\"name\" class=\"entry-title td-module-title\"><a itemprop=\"url\" href=\"https:\/\/arumbear.com\/fl\/beto-de-rawayana-se-suma-a-la-celebracion-de-los-20-anos-de-arcangel\/\" rel=\"bookmark\" title=\"Beto, de Rawayana, se suma a la celebraci\u00f3n de los 20 a\u00f1os de Arc\u00e1ngel\">Beto, de Rawayana, se suma a la celebraci\u00f3n de los 20...<\/a><\/h3>            <div class=\"td-module-meta-info\">\r\n                                                <div class=\"td-post-date\"><time  itemprop=\"dateCreated\" class=\"entry-date updated td-module-date\" datetime=\"2026-02-23T15:51:58+00:00\" >23\/02\/2026<\/time><meta itemprop=\"interactionCount\" content=\"UserComments:0\"\/><\/div>                            <\/div>\r\n        <\/div>\r\n        <meta itemprop=\"author\" content = \"Arumbear.com \u2022 Florida\"><meta itemprop=\"interactionCount\" content=\"UserComments:0\"\/>        <\/div>\r\n\r\n        \r\n        <div class=\"td_module_6 td_module_wrap td-animation-stack\" itemscope itemtype=\"https:\/\/schema.org\/Article\">\r\n\r\n        <div class=\"td-module-thumb\"><a href=\"https:\/\/arumbear.com\/fl\/yohana-vargas-reunio-mas-de-400-personas-en-su-primera-run-coffee-party-en-miami\/\" rel=\"bookmark\" title=\"Yohana Vargas reuni\u00f3 m\u00e1s de 400 personas en su primera \u201cRun Coffee Party\u201d en Miami\"><img loading=\"lazy\" decoding=\"async\" width=\"100\" height=\"70\" itemprop=\"image\" class=\"entry-thumb\" src=\"https:\/\/arumbear.com\/fl\/wp-content\/uploads\/2026\/02\/yoha01-100x70.jpg\" alt=\"\" title=\"Yohana Vargas reuni\u00f3 m\u00e1s de 400 personas en su primera \u201cRun Coffee Party\u201d en Miami\"\/><\/a><\/div>\r\n        <div class=\"item-details\">\r\n            <h3 itemprop=\"name\" class=\"entry-title td-module-title\"><a itemprop=\"url\" href=\"https:\/\/arumbear.com\/fl\/yohana-vargas-reunio-mas-de-400-personas-en-su-primera-run-coffee-party-en-miami\/\" rel=\"bookmark\" title=\"Yohana Vargas reuni\u00f3 m\u00e1s de 400 personas en su primera \u201cRun Coffee Party\u201d en Miami\">Yohana Vargas reuni\u00f3 m\u00e1s de 400 personas en su primera \u201cRun...<\/a><\/h3>            <div class=\"td-module-meta-info\">\r\n                                                <div class=\"td-post-date\"><time  itemprop=\"dateCreated\" class=\"entry-date updated td-module-date\" datetime=\"2026-02-18T23:23:46+00:00\" >18\/02\/2026<\/time><meta itemprop=\"interactionCount\" content=\"UserComments:0\"\/><\/div>                            <\/div>\r\n        <\/div>\r\n        <meta itemprop=\"author\" content = \"Arumbear.com \u2022 Florida\"><meta itemprop=\"interactionCount\" content=\"UserComments:0\"\/>        <\/div>\r\n\r\n        \r\n        <div class=\"td_module_6 td_module_wrap td-animation-stack\" itemscope itemtype=\"https:\/\/schema.org\/Article\">\r\n\r\n        <div class=\"td-module-thumb\"><a href=\"https:\/\/arumbear.com\/fl\/sinfonica-simon-bolivar-hace-historia-con-su-primera-nominacion-al-grammy\/\" rel=\"bookmark\" title=\"Sinf\u00f3nica Sim\u00f3n Bol\u00edvar hace historia con su primera nominaci\u00f3n al GRAMMY\"><img loading=\"lazy\" decoding=\"async\" width=\"100\" height=\"70\" itemprop=\"image\" class=\"entry-thumb\" src=\"https:\/\/arumbear.com\/fl\/wp-content\/uploads\/2026\/01\/sinfonica01-100x70.jpg\" alt=\"\" title=\"Sinf\u00f3nica Sim\u00f3n Bol\u00edvar hace historia con su primera nominaci\u00f3n al GRAMMY\"\/><\/a><\/div>\r\n        <div class=\"item-details\">\r\n            <h3 itemprop=\"name\" class=\"entry-title td-module-title\"><a itemprop=\"url\" href=\"https:\/\/arumbear.com\/fl\/sinfonica-simon-bolivar-hace-historia-con-su-primera-nominacion-al-grammy\/\" rel=\"bookmark\" title=\"Sinf\u00f3nica Sim\u00f3n Bol\u00edvar hace historia con su primera nominaci\u00f3n al GRAMMY\">Sinf\u00f3nica Sim\u00f3n Bol\u00edvar hace historia con su primera nominaci\u00f3n al GRAMMY<\/a><\/h3>            <div class=\"td-module-meta-info\">\r\n                                                <div class=\"td-post-date\"><time  itemprop=\"dateCreated\" class=\"entry-date updated td-module-date\" datetime=\"2026-01-28T11:03:09+00:00\" >28\/01\/2026<\/time><meta itemprop=\"interactionCount\" content=\"UserComments:0\"\/><\/div>                            <\/div>\r\n        <\/div>\r\n        <meta itemprop=\"author\" content = \"Arumbear.com \u2022 Florida\"><meta itemprop=\"interactionCount\" content=\"UserComments:0\"\/>        <\/div>\r\n\r\n        \r\n        <div class=\"td_module_6 td_module_wrap td-animation-stack\" itemscope itemtype=\"https:\/\/schema.org\/Article\">\r\n\r\n        <div class=\"td-module-thumb\"><a href=\"https:\/\/arumbear.com\/fl\/danny-ocean-hace-historia-agota-todas-las-entradas-para-babylon-club-tour\/\" rel=\"bookmark\" title=\"Danny Ocean hace historia: Agota todas las entradas para Babylon Club TOUR\"><img loading=\"lazy\" decoding=\"async\" width=\"100\" height=\"70\" itemprop=\"image\" class=\"entry-thumb\" src=\"https:\/\/arumbear.com\/fl\/wp-content\/uploads\/2026\/01\/danny01-100x70.jpg\" alt=\"\" title=\"Danny Ocean hace historia: Agota todas las entradas para Babylon Club TOUR\"\/><\/a><\/div>\r\n        <div class=\"item-details\">\r\n            <h3 itemprop=\"name\" class=\"entry-title td-module-title\"><a itemprop=\"url\" href=\"https:\/\/arumbear.com\/fl\/danny-ocean-hace-historia-agota-todas-las-entradas-para-babylon-club-tour\/\" rel=\"bookmark\" title=\"Danny Ocean hace historia: Agota todas las entradas para Babylon Club TOUR\">Danny Ocean hace historia: Agota todas las entradas para Babylon Club...<\/a><\/h3>            <div class=\"td-module-meta-info\">\r\n                                                <div class=\"td-post-date\"><time  itemprop=\"dateCreated\" class=\"entry-date updated td-module-date\" datetime=\"2026-01-27T09:11:19+00:00\" >27\/01\/2026<\/time><meta itemprop=\"interactionCount\" content=\"UserComments:0\"\/><\/div>                            <\/div>\r\n        <\/div>\r\n        <meta itemprop=\"author\" content = \"Arumbear.com \u2022 Florida\"><meta itemprop=\"interactionCount\" content=\"UserComments:0\"\/>        <\/div>\r\n\r\n        \n\t<\/div> <!-- .\/td-block-span6 --><\/div><!--.\/row-fluid--><\/div><div class=\"td-next-prev-wrap\"><a href=\"#\" class=\"td-ajax-prev-page ajax-page-disabled\" id=\"prev-page-td_uid_3_69f2857dddb40\" data-td_block_id=\"td_uid_3_69f2857dddb40\"><i class=\"td-icon-font td-icon-menu-left\"><\/i><\/a><a href=\"#\"  class=\"td-ajax-next-page\" id=\"next-page-td_uid_3_69f2857dddb40\" data-td_block_id=\"td_uid_3_69f2857dddb40\"><i class=\"td-icon-font td-icon-menu-right\"><\/i><\/a><\/div><\/div> <!-- .\/block --><script>var block_td_uid_4_69f2857de5330 = new td_block();\nblock_td_uid_4_69f2857de5330.id = \"td_uid_4_69f2857de5330\";\nblock_td_uid_4_69f2857de5330.atts = '{\"limit\":\"5\",\"custom_title\":\"TELEVISI\\u00d3N | CINE | RADIO | RRSS\",\"td_filter_default_txt\":\"Todo\",\"header_color\":\"#ff26b6\",\"ajax_pagination\":\"next_prev\",\"category_id\":\"319\",\"class\":\"td_block_id_2982599501 td_uid_4_69f2857de5330_rand\"}';\nblock_td_uid_4_69f2857de5330.td_column_number = \"2\";\nblock_td_uid_4_69f2857de5330.block_type = \"td_block_1\";\nblock_td_uid_4_69f2857de5330.post_count = \"5\";\nblock_td_uid_4_69f2857de5330.found_posts = \"53\";\nblock_td_uid_4_69f2857de5330.header_color = \"#ff26b6\";\nblock_td_uid_4_69f2857de5330.ajax_pagination_infinite_stop = \"\";\nblock_td_uid_4_69f2857de5330.max_num_pages = \"11\";\ntd_blocks.push(block_td_uid_4_69f2857de5330);\n<\/script><div class=\"td_block_wrap td_block_1 td_block_id_2982599501 td_uid_4_69f2857de5330_rand td_with_ajax_pagination td-pb-border-top\"><h4 class=\"block-title\"><span>TELEVISI\u00d3N | CINE | RADIO | RRSS<\/span><\/h4><div id=td_uid_4_69f2857de5330 class=\"td_block_inner\">\n\n\t<div class=\"td-block-row\">\n\n\t<div class=\"td-block-span6\">\n\r\n        <div class=\"td_module_4 td_module_wrap td-animation-stack\" itemscope itemtype=\"https:\/\/schema.org\/Article\">\r\n            <div class=\"td-module-image\">\r\n                <div class=\"td-module-thumb\"><a href=\"https:\/\/arumbear.com\/fl\/alessandra-villegas-regresa-a-telemundo-y-consolida-su-exitoso-imperio-como-empresaria-y-figura-digital\/\" rel=\"bookmark\" title=\"Alessandra Villegas regresa a Telemundo y consolida su exitoso imperio como empresaria y figura digital\"><img loading=\"lazy\" decoding=\"async\" width=\"324\" height=\"235\" itemprop=\"image\" class=\"entry-thumb\" src=\"https:\/\/arumbear.com\/fl\/wp-content\/uploads\/2026\/03\/ale01-324x235.jpg\" alt=\"\" title=\"Alessandra Villegas regresa a Telemundo y consolida su exitoso imperio como empresaria y figura digital\"\/><\/a><\/div>                <a href=\"https:\/\/arumbear.com\/fl\/category\/farandula\/\" class=\"td-post-category\">Far\u00e1ndula<\/a>            <\/div>\r\n\r\n            <h3 itemprop=\"name\" class=\"entry-title td-module-title\"><a itemprop=\"url\" href=\"https:\/\/arumbear.com\/fl\/alessandra-villegas-regresa-a-telemundo-y-consolida-su-exitoso-imperio-como-empresaria-y-figura-digital\/\" rel=\"bookmark\" title=\"Alessandra Villegas regresa a Telemundo y consolida su exitoso imperio como empresaria y figura digital\">Alessandra Villegas regresa a Telemundo y consolida su exitoso imperio como...<\/a><\/h3>\r\n            <div class=\"td-module-meta-info\">\r\n                <div class=\"td-post-author-name\"><a itemprop=\"author\" href=\"https:\/\/arumbear.com\/fl\/author\/jesusviera-ve\/\">Arumbear.com \u2022 Florida<\/a> <span>-<\/span> <\/div>                <div class=\"td-post-date\"><time  itemprop=\"dateCreated\" class=\"entry-date updated td-module-date\" datetime=\"2026-03-31T16:18:00+00:00\" >31\/03\/2026<\/time><meta itemprop=\"interactionCount\" content=\"UserComments:0\"\/><\/div>                <div class=\"td-module-comments\"><a href=\"https:\/\/arumbear.com\/fl\/alessandra-villegas-regresa-a-telemundo-y-consolida-su-exitoso-imperio-como-empresaria-y-figura-digital\/#respond\">0<\/a><\/div>            <\/div>\r\n\r\n            <div class=\"td-excerpt\">\r\n                \nTras una pausa dedicada a uno de los roles m\u00e1s importantes de su vida, el de madre y esposa, Alessandra Villegas regresa...            <\/div>\r\n\r\n            \r\n            <meta itemprop=\"author\" content = \"Arumbear.com \u2022 Florida\"><meta itemprop=\"interactionCount\" content=\"UserComments:0\"\/>\r\n        <\/div>\r\n\r\n        \n\t<\/div> <!-- .\/td-block-span6 -->\n\n\t<div class=\"td-block-span6\">\n\r\n        <div class=\"td_module_6 td_module_wrap td-animation-stack\" itemscope itemtype=\"https:\/\/schema.org\/Article\">\r\n\r\n        <div class=\"td-module-thumb\"><a href=\"https:\/\/arumbear.com\/fl\/marjorie-de-sousa-regresa-triunfal-a-perfume-de-gardenia-en-mexico\/\" rel=\"bookmark\" title=\"Marjorie De Sousa regresa triunfal a \u00abPerfume de Gardenia\u00bb en M\u00e9xico\"><img loading=\"lazy\" decoding=\"async\" width=\"100\" height=\"70\" itemprop=\"image\" class=\"entry-thumb\" src=\"https:\/\/arumbear.com\/fl\/wp-content\/uploads\/2026\/03\/marjorie01-100x70.jpg\" alt=\"\" title=\"Marjorie De Sousa regresa triunfal a \u00abPerfume de Gardenia\u00bb en M\u00e9xico\"\/><\/a><\/div>\r\n        <div class=\"item-details\">\r\n            <h3 itemprop=\"name\" class=\"entry-title td-module-title\"><a itemprop=\"url\" href=\"https:\/\/arumbear.com\/fl\/marjorie-de-sousa-regresa-triunfal-a-perfume-de-gardenia-en-mexico\/\" rel=\"bookmark\" title=\"Marjorie De Sousa regresa triunfal a \u00abPerfume de Gardenia\u00bb en M\u00e9xico\">Marjorie De Sousa regresa triunfal a \u00abPerfume de Gardenia\u00bb en M\u00e9xico<\/a><\/h3>            <div class=\"td-module-meta-info\">\r\n                                                <div class=\"td-post-date\"><time  itemprop=\"dateCreated\" class=\"entry-date updated td-module-date\" datetime=\"2026-03-22T12:27:17+00:00\" >22\/03\/2026<\/time><meta itemprop=\"interactionCount\" content=\"UserComments:0\"\/><\/div>                            <\/div>\r\n        <\/div>\r\n        <meta itemprop=\"author\" content = \"Arumbear.com \u2022 Florida\"><meta itemprop=\"interactionCount\" content=\"UserComments:0\"\/>        <\/div>\r\n\r\n        \r\n        <div class=\"td_module_6 td_module_wrap td-animation-stack\" itemscope itemtype=\"https:\/\/schema.org\/Article\">\r\n\r\n        <div class=\"td-module-thumb\"><a href=\"https:\/\/arumbear.com\/fl\/aleska-genesis-no-me-cierro-a-las-nuevas-oportunidades-pero-lo-mio-ahora-es-el-podcast\/\" rel=\"bookmark\" title=\"Aleska G\u00e9nesis: \u201cNo me cierro a las nuevas oportunidades, pero lo m\u00edo ahora es el podcast\u201d\"><img loading=\"lazy\" decoding=\"async\" width=\"100\" height=\"70\" itemprop=\"image\" class=\"entry-thumb\" src=\"https:\/\/arumbear.com\/fl\/wp-content\/uploads\/2026\/03\/aleska01web-100x70.jpg\" alt=\"\" title=\"Aleska G\u00e9nesis: \u201cNo me cierro a las nuevas oportunidades, pero lo m\u00edo ahora es el podcast\u201d\"\/><\/a><\/div>\r\n        <div class=\"item-details\">\r\n            <h3 itemprop=\"name\" class=\"entry-title td-module-title\"><a itemprop=\"url\" href=\"https:\/\/arumbear.com\/fl\/aleska-genesis-no-me-cierro-a-las-nuevas-oportunidades-pero-lo-mio-ahora-es-el-podcast\/\" rel=\"bookmark\" title=\"Aleska G\u00e9nesis: \u201cNo me cierro a las nuevas oportunidades, pero lo m\u00edo ahora es el podcast\u201d\">Aleska G\u00e9nesis: \u201cNo me cierro a las nuevas oportunidades, pero lo...<\/a><\/h3>            <div class=\"td-module-meta-info\">\r\n                                                <div class=\"td-post-date\"><time  itemprop=\"dateCreated\" class=\"entry-date updated td-module-date\" datetime=\"2026-03-02T22:13:29+00:00\" >02\/03\/2026<\/time><meta itemprop=\"interactionCount\" content=\"UserComments:0\"\/><\/div>                            <\/div>\r\n        <\/div>\r\n        <meta itemprop=\"author\" content = \"Arumbear.com \u2022 Florida\"><meta itemprop=\"interactionCount\" content=\"UserComments:0\"\/>        <\/div>\r\n\r\n        \r\n        <div class=\"td_module_6 td_module_wrap td-animation-stack\" itemscope itemtype=\"https:\/\/schema.org\/Article\">\r\n\r\n        <div class=\"td-module-thumb\"><a href=\"https:\/\/arumbear.com\/fl\/yohana-vargas-hace-historia-como-primera-latina-en-la-portada-de-playboy-francia\/\" rel=\"bookmark\" title=\"Yohana Vargas hace historia como primera latina en la portada de \u201cPlayboy Francia\u201d\"><img loading=\"lazy\" decoding=\"async\" width=\"100\" height=\"70\" itemprop=\"image\" class=\"entry-thumb\" src=\"https:\/\/arumbear.com\/fl\/wp-content\/uploads\/2025\/10\/yohana01-100x70.jpg\" alt=\"\" title=\"Yohana Vargas hace historia como primera latina en la portada de \u201cPlayboy Francia\u201d\"\/><\/a><\/div>\r\n        <div class=\"item-details\">\r\n            <h3 itemprop=\"name\" class=\"entry-title td-module-title\"><a itemprop=\"url\" href=\"https:\/\/arumbear.com\/fl\/yohana-vargas-hace-historia-como-primera-latina-en-la-portada-de-playboy-francia\/\" rel=\"bookmark\" title=\"Yohana Vargas hace historia como primera latina en la portada de \u201cPlayboy Francia\u201d\">Yohana Vargas hace historia como primera latina en la portada de...<\/a><\/h3>            <div class=\"td-module-meta-info\">\r\n                                                <div class=\"td-post-date\"><time  itemprop=\"dateCreated\" class=\"entry-date updated td-module-date\" datetime=\"2025-10-17T14:29:40+00:00\" >17\/10\/2025<\/time><meta itemprop=\"interactionCount\" content=\"UserComments:0\"\/><\/div>                            <\/div>\r\n        <\/div>\r\n        <meta itemprop=\"author\" content = \"Arumbear.com \u2022 Florida\"><meta itemprop=\"interactionCount\" content=\"UserComments:0\"\/>        <\/div>\r\n\r\n        \r\n        <div class=\"td_module_6 td_module_wrap td-animation-stack\" itemscope itemtype=\"https:\/\/schema.org\/Article\">\r\n\r\n        <div class=\"td-module-thumb\"><a href=\"https:\/\/arumbear.com\/fl\/omar-alonzzo-el-empresario-venezolano-que-conquista-miami-con-eleva-podcast\/\" rel=\"bookmark\" title=\"Omar Alonzzo: El empresario venezolano que conquista Miami con ELEVA Podcast\"><img loading=\"lazy\" decoding=\"async\" width=\"100\" height=\"70\" itemprop=\"image\" class=\"entry-thumb\" src=\"https:\/\/arumbear.com\/fl\/wp-content\/uploads\/2025\/09\/omar01-100x70.jpg\" alt=\"\" title=\"Omar Alonzzo: El empresario venezolano que conquista Miami con ELEVA Podcast\"\/><\/a><\/div>\r\n        <div class=\"item-details\">\r\n            <h3 itemprop=\"name\" class=\"entry-title td-module-title\"><a itemprop=\"url\" href=\"https:\/\/arumbear.com\/fl\/omar-alonzzo-el-empresario-venezolano-que-conquista-miami-con-eleva-podcast\/\" rel=\"bookmark\" title=\"Omar Alonzzo: El empresario venezolano que conquista Miami con ELEVA Podcast\">Omar Alonzzo: El empresario venezolano que conquista Miami con ELEVA Podcast<\/a><\/h3>            <div class=\"td-module-meta-info\">\r\n                                                <div class=\"td-post-date\"><time  itemprop=\"dateCreated\" class=\"entry-date updated td-module-date\" datetime=\"2025-09-16T13:11:18+00:00\" >16\/09\/2025<\/time><meta itemprop=\"interactionCount\" content=\"UserComments:0\"\/><\/div>                            <\/div>\r\n        <\/div>\r\n        <meta itemprop=\"author\" content = \"Arumbear.com \u2022 Florida\"><meta itemprop=\"interactionCount\" content=\"UserComments:0\"\/>        <\/div>\r\n\r\n        \n\t<\/div> <!-- .\/td-block-span6 --><\/div><!--.\/row-fluid--><\/div><div class=\"td-next-prev-wrap\"><a href=\"#\" class=\"td-ajax-prev-page ajax-page-disabled\" id=\"prev-page-td_uid_4_69f2857de5330\" data-td_block_id=\"td_uid_4_69f2857de5330\"><i class=\"td-icon-font td-icon-menu-left\"><\/i><\/a><a href=\"#\"  class=\"td-ajax-next-page\" id=\"next-page-td_uid_4_69f2857de5330\" data-td_block_id=\"td_uid_4_69f2857de5330\"><i class=\"td-icon-font td-icon-menu-right\"><\/i><\/a><\/div><\/div> <!-- .\/block --><script>var block_td_uid_5_69f2857dedc8e = new td_block();\nblock_td_uid_5_69f2857dedc8e.id = \"td_uid_5_69f2857dedc8e\";\nblock_td_uid_5_69f2857dedc8e.atts = '{\"limit\":\"6\",\"custom_title\":\"TECNOLOG\\u00cdA | GADGETS | APP\",\"td_filter_default_txt\":\"Todo\",\"category_id\":\"36\",\"ajax_pagination\":\"next_prev\",\"header_color\":\"#7a7a7a\",\"class\":\"td_block_id_3812753066 td_uid_5_69f2857dedc8e_rand\"}';\nblock_td_uid_5_69f2857dedc8e.td_column_number = \"2\";\nblock_td_uid_5_69f2857dedc8e.block_type = \"td_block_11\";\nblock_td_uid_5_69f2857dedc8e.post_count = \"6\";\nblock_td_uid_5_69f2857dedc8e.found_posts = \"54\";\nblock_td_uid_5_69f2857dedc8e.header_color = \"#7a7a7a\";\nblock_td_uid_5_69f2857dedc8e.ajax_pagination_infinite_stop = \"\";\nblock_td_uid_5_69f2857dedc8e.max_num_pages = \"9\";\ntd_blocks.push(block_td_uid_5_69f2857dedc8e);\n<\/script><div class=\"td_block_wrap td_block_11 td_block_id_3812753066 td_uid_5_69f2857dedc8e_rand td_with_ajax_pagination td-pb-border-top\"><h4 class=\"block-title\"><span>TECNOLOG\u00cdA | GADGETS | APP<\/span><\/h4><div id=td_uid_5_69f2857dedc8e class=\"td_block_inner\">\n\n\t<div class=\"td-block-span12\">\n\r\n        <div class=\"td_module_10 td_module_wrap td-animation-stack\" itemscope itemtype=\"https:\/\/schema.org\/Article\">\r\n            <div class=\"td-module-thumb\"><a href=\"https:\/\/arumbear.com\/fl\/esta-en-riesgo-tu-identidad-digital-el-panorama-de-infostealers-y-el-robo-de-credenciales\/\" rel=\"bookmark\" title=\"\u00bfEst\u00e1 en riesgo tu identidad digital? El panorama de infostealers y el robo de credenciales\"><img loading=\"lazy\" decoding=\"async\" width=\"218\" height=\"150\" itemprop=\"image\" class=\"entry-thumb\" src=\"https:\/\/arumbear.com\/fl\/wp-content\/uploads\/2026\/03\/eset03-218x150.jpg\" alt=\"\" title=\"\u00bfEst\u00e1 en riesgo tu identidad digital? El panorama de infostealers y el robo de credenciales\"\/><\/a><\/div>\r\n            <div class=\"item-details\">\r\n            <h3 itemprop=\"name\" class=\"entry-title td-module-title\"><a itemprop=\"url\" href=\"https:\/\/arumbear.com\/fl\/esta-en-riesgo-tu-identidad-digital-el-panorama-de-infostealers-y-el-robo-de-credenciales\/\" rel=\"bookmark\" title=\"\u00bfEst\u00e1 en riesgo tu identidad digital? El panorama de infostealers y el robo de credenciales\">\u00bfEst\u00e1 en riesgo tu identidad digital? El panorama de infostealers y el robo de...<\/a><\/h3>\r\n                <div class=\"td-module-meta-info\">\r\n                                            <div class=\"td-post-author-name\"><a itemprop=\"author\" href=\"https:\/\/arumbear.com\/fl\/author\/jesusviera-ve\/\">Arumbear.com \u2022 Florida<\/a> <span>-<\/span> <\/div>                        <div class=\"td-post-date\"><time  itemprop=\"dateCreated\" class=\"entry-date updated td-module-date\" datetime=\"2026-03-22T11:55:41+00:00\" >22\/03\/2026<\/time><meta itemprop=\"interactionCount\" content=\"UserComments:0\"\/><\/div>                        <div class=\"td-module-comments\"><a href=\"https:\/\/arumbear.com\/fl\/esta-en-riesgo-tu-identidad-digital-el-panorama-de-infostealers-y-el-robo-de-credenciales\/#respond\">0<\/a><\/div>                <\/div>\r\n\r\n                <div class=\"td-excerpt\">\r\n                    \nUn an\u00e1lisis basado en los \u00faltimos ESET Threat Reports revela cambios cr\u00edticos en el ecosistema de los infostealers: aunque las detecciones globales...                <\/div>\r\n            <\/div>\r\n\r\n        <meta itemprop=\"author\" content = \"Arumbear.com \u2022 Florida\"><meta itemprop=\"interactionCount\" content=\"UserComments:0\"\/>        <\/div>\r\n\r\n        \n\t<\/div> <!-- .\/td-block-span12 -->\n\n\t<div class=\"td-block-span12\">\n\r\n        <div class=\"td_module_10 td_module_wrap td-animation-stack\" itemscope itemtype=\"https:\/\/schema.org\/Article\">\r\n            <div class=\"td-module-thumb\"><a href=\"https:\/\/arumbear.com\/fl\/las-7-senales-que-pueden-indicar-que-una-app-movil-es-falsa\/\" rel=\"bookmark\" title=\"Las 7 se\u00f1ales que pueden indicar que una app m\u00f3vil es falsa\"><img loading=\"lazy\" decoding=\"async\" width=\"218\" height=\"150\" itemprop=\"image\" class=\"entry-thumb\" src=\"https:\/\/arumbear.com\/fl\/wp-content\/uploads\/2026\/03\/eset01-1-218x150.jpg\" alt=\"\" title=\"Las 7 se\u00f1ales que pueden indicar que una app m\u00f3vil es falsa\"\/><\/a><\/div>\r\n            <div class=\"item-details\">\r\n            <h3 itemprop=\"name\" class=\"entry-title td-module-title\"><a itemprop=\"url\" href=\"https:\/\/arumbear.com\/fl\/las-7-senales-que-pueden-indicar-que-una-app-movil-es-falsa\/\" rel=\"bookmark\" title=\"Las 7 se\u00f1ales que pueden indicar que una app m\u00f3vil es falsa\">Las 7 se\u00f1ales que pueden indicar que una app m\u00f3vil es falsa<\/a><\/h3>\r\n                <div class=\"td-module-meta-info\">\r\n                                            <div class=\"td-post-author-name\"><a itemprop=\"author\" href=\"https:\/\/arumbear.com\/fl\/author\/jesusviera-ve\/\">Arumbear.com \u2022 Florida<\/a> <span>-<\/span> <\/div>                        <div class=\"td-post-date\"><time  itemprop=\"dateCreated\" class=\"entry-date updated td-module-date\" datetime=\"2026-03-16T16:15:30+00:00\" >16\/03\/2026<\/time><meta itemprop=\"interactionCount\" content=\"UserComments:0\"\/><\/div>                        <div class=\"td-module-comments\"><a href=\"https:\/\/arumbear.com\/fl\/las-7-senales-que-pueden-indicar-que-una-app-movil-es-falsa\/#respond\">0<\/a><\/div>                <\/div>\r\n\r\n                <div class=\"td-excerpt\">\r\n                    \nLas aplicaciones falsas pueden esconder malware, robar informaci\u00f3n personal o incluso generar cargos no autorizados. Especialistas de ESET comparten una serie de...                <\/div>\r\n            <\/div>\r\n\r\n        <meta itemprop=\"author\" content = \"Arumbear.com \u2022 Florida\"><meta itemprop=\"interactionCount\" content=\"UserComments:0\"\/>        <\/div>\r\n\r\n        \n\t<\/div> <!-- .\/td-block-span12 -->\n\n\t<div class=\"td-block-span12\">\n\r\n        <div class=\"td_module_10 td_module_wrap td-animation-stack\" itemscope itemtype=\"https:\/\/schema.org\/Article\">\r\n            <div class=\"td-module-thumb\"><a href=\"https:\/\/arumbear.com\/fl\/que-pasa-si-nuestras-conversaciones-con-los-chatbots-de-ia-quedan-expuestas\/\" rel=\"bookmark\" title=\"Qu\u00e9 pasa si nuestras conversaciones con los chatbots de IA quedan expuestas\"><img loading=\"lazy\" decoding=\"async\" width=\"218\" height=\"150\" itemprop=\"image\" class=\"entry-thumb\" src=\"https:\/\/arumbear.com\/fl\/wp-content\/uploads\/2026\/03\/eset01-218x150.jpg\" alt=\"\" title=\"Qu\u00e9 pasa si nuestras conversaciones con los chatbots de IA quedan expuestas\"\/><\/a><\/div>\r\n            <div class=\"item-details\">\r\n            <h3 itemprop=\"name\" class=\"entry-title td-module-title\"><a itemprop=\"url\" href=\"https:\/\/arumbear.com\/fl\/que-pasa-si-nuestras-conversaciones-con-los-chatbots-de-ia-quedan-expuestas\/\" rel=\"bookmark\" title=\"Qu\u00e9 pasa si nuestras conversaciones con los chatbots de IA quedan expuestas\">Qu\u00e9 pasa si nuestras conversaciones con los chatbots de IA quedan expuestas<\/a><\/h3>\r\n                <div class=\"td-module-meta-info\">\r\n                                            <div class=\"td-post-author-name\"><a itemprop=\"author\" href=\"https:\/\/arumbear.com\/fl\/author\/jesusviera-ve\/\">Arumbear.com \u2022 Florida<\/a> <span>-<\/span> <\/div>                        <div class=\"td-post-date\"><time  itemprop=\"dateCreated\" class=\"entry-date updated td-module-date\" datetime=\"2026-03-04T22:15:57+00:00\" >04\/03\/2026<\/time><meta itemprop=\"interactionCount\" content=\"UserComments:0\"\/><\/div>                        <div class=\"td-module-comments\"><a href=\"https:\/\/arumbear.com\/fl\/que-pasa-si-nuestras-conversaciones-con-los-chatbots-de-ia-quedan-expuestas\/#respond\">0<\/a><\/div>                <\/div>\r\n\r\n                <div class=\"td-excerpt\">\r\n                    \nRobos de identidad hasta extorsi\u00f3n y espionaje, ESET analiza qu\u00e9 datos se comparten con los chatbots, c\u00f3mo pueden filtrarse y de qu\u00e9...                <\/div>\r\n            <\/div>\r\n\r\n        <meta itemprop=\"author\" content = \"Arumbear.com \u2022 Florida\"><meta itemprop=\"interactionCount\" content=\"UserComments:0\"\/>        <\/div>\r\n\r\n        \n\t<\/div> <!-- .\/td-block-span12 -->\n\n\t<div class=\"td-block-span12\">\n\r\n        <div class=\"td_module_10 td_module_wrap td-animation-stack\" itemscope itemtype=\"https:\/\/schema.org\/Article\">\r\n            <div class=\"td-module-thumb\"><a href=\"https:\/\/arumbear.com\/fl\/openclaw-que-es-este-asistente-de-ia-y-cuales-son-los-riesgos-de-seguridad\/\" rel=\"bookmark\" title=\"OpenClaw: qu\u00e9 es este asistente de IA y cu\u00e1les son los riesgos de seguridad\"><img loading=\"lazy\" decoding=\"async\" width=\"218\" height=\"150\" itemprop=\"image\" class=\"entry-thumb\" src=\"https:\/\/arumbear.com\/fl\/wp-content\/uploads\/2026\/02\/eset01-218x150.jpg\" alt=\"\" title=\"OpenClaw: qu\u00e9 es este asistente de IA y cu\u00e1les son los riesgos de seguridad\"\/><\/a><\/div>\r\n            <div class=\"item-details\">\r\n            <h3 itemprop=\"name\" class=\"entry-title td-module-title\"><a itemprop=\"url\" href=\"https:\/\/arumbear.com\/fl\/openclaw-que-es-este-asistente-de-ia-y-cuales-son-los-riesgos-de-seguridad\/\" rel=\"bookmark\" title=\"OpenClaw: qu\u00e9 es este asistente de IA y cu\u00e1les son los riesgos de seguridad\">OpenClaw: qu\u00e9 es este asistente de IA y cu\u00e1les son los riesgos de seguridad<\/a><\/h3>\r\n                <div class=\"td-module-meta-info\">\r\n                                            <div class=\"td-post-author-name\"><a itemprop=\"author\" href=\"https:\/\/arumbear.com\/fl\/author\/jesusviera-ve\/\">Arumbear.com \u2022 Florida<\/a> <span>-<\/span> <\/div>                        <div class=\"td-post-date\"><time  itemprop=\"dateCreated\" class=\"entry-date updated td-module-date\" datetime=\"2026-02-24T21:50:14+00:00\" >24\/02\/2026<\/time><meta itemprop=\"interactionCount\" content=\"UserComments:0\"\/><\/div>                        <div class=\"td-module-comments\"><a href=\"https:\/\/arumbear.com\/fl\/openclaw-que-es-este-asistente-de-ia-y-cuales-son-los-riesgos-de-seguridad\/#respond\">0<\/a><\/div>                <\/div>\r\n\r\n                <div class=\"td-excerpt\">\r\n                    \nESET analiza este chatbot que automatiza acciones en la computadora del usuario. Esa combinaci\u00f3n de innovaci\u00f3n y autonom\u00eda explica su popularidad, pero...                <\/div>\r\n            <\/div>\r\n\r\n        <meta itemprop=\"author\" content = \"Arumbear.com \u2022 Florida\"><meta itemprop=\"interactionCount\" content=\"UserComments:0\"\/>        <\/div>\r\n\r\n        \n\t<\/div> <!-- .\/td-block-span12 -->\n\n\t<div class=\"td-block-span12\">\n\r\n        <div class=\"td_module_10 td_module_wrap td-animation-stack\" itemscope itemtype=\"https:\/\/schema.org\/Article\">\r\n            <div class=\"td-module-thumb\"><a href=\"https:\/\/arumbear.com\/fl\/estafas-comunes-a-usuarios-de-apple-pay-y-como-mantenerse-a-salvo\/\" rel=\"bookmark\" title=\"Estafas comunes a usuarios de Apple Pay y c\u00f3mo mantenerse a salvo\"><img loading=\"lazy\" decoding=\"async\" width=\"218\" height=\"150\" itemprop=\"image\" class=\"entry-thumb\" src=\"https:\/\/arumbear.com\/fl\/wp-content\/uploads\/2026\/01\/eset01-218x150.jpg\" alt=\"\" title=\"Estafas comunes a usuarios de Apple Pay y c\u00f3mo mantenerse a salvo\"\/><\/a><\/div>\r\n            <div class=\"item-details\">\r\n            <h3 itemprop=\"name\" class=\"entry-title td-module-title\"><a itemprop=\"url\" href=\"https:\/\/arumbear.com\/fl\/estafas-comunes-a-usuarios-de-apple-pay-y-como-mantenerse-a-salvo\/\" rel=\"bookmark\" title=\"Estafas comunes a usuarios de Apple Pay y c\u00f3mo mantenerse a salvo\">Estafas comunes a usuarios de Apple Pay y c\u00f3mo mantenerse a salvo<\/a><\/h3>\r\n                <div class=\"td-module-meta-info\">\r\n                                            <div class=\"td-post-author-name\"><a itemprop=\"author\" href=\"https:\/\/arumbear.com\/fl\/author\/jesusviera-ve\/\">Arumbear.com \u2022 Florida<\/a> <span>-<\/span> <\/div>                        <div class=\"td-post-date\"><time  itemprop=\"dateCreated\" class=\"entry-date updated td-module-date\" datetime=\"2026-01-26T18:24:14+00:00\" >26\/01\/2026<\/time><meta itemprop=\"interactionCount\" content=\"UserComments:0\"\/><\/div>                        <div class=\"td-module-comments\"><a href=\"https:\/\/arumbear.com\/fl\/estafas-comunes-a-usuarios-de-apple-pay-y-como-mantenerse-a-salvo\/#respond\">0<\/a><\/div>                <\/div>\r\n\r\n                <div class=\"td-excerpt\">\r\n                    \nESET advierte c\u00f3mo funcionan las estafas m\u00e1s comunes dirigidas a usuarios de Apple Pay y qu\u00e9 se puede hacer para ir un...                <\/div>\r\n            <\/div>\r\n\r\n        <meta itemprop=\"author\" content = \"Arumbear.com \u2022 Florida\"><meta itemprop=\"interactionCount\" content=\"UserComments:0\"\/>        <\/div>\r\n\r\n        \n\t<\/div> <!-- .\/td-block-span12 -->\n\n\t<div class=\"td-block-span12\">\n\r\n        <div class=\"td_module_10 td_module_wrap td-animation-stack\" itemscope itemtype=\"https:\/\/schema.org\/Article\">\r\n            <div class=\"td-module-thumb\"><a href=\"https:\/\/arumbear.com\/fl\/riesgos-al-buscar-servicios-de-streaming-gratuitos-como-magistv\/\" rel=\"bookmark\" title=\"Riesgos al buscar servicios de streaming gratuitos como MagisTV\"><img loading=\"lazy\" decoding=\"async\" width=\"218\" height=\"150\" itemprop=\"image\" class=\"entry-thumb\" src=\"https:\/\/arumbear.com\/fl\/wp-content\/uploads\/2025\/09\/eset01-1-218x150.jpg\" alt=\"\" title=\"Riesgos al buscar servicios de streaming gratuitos como MagisTV\"\/><\/a><\/div>\r\n            <div class=\"item-details\">\r\n            <h3 itemprop=\"name\" class=\"entry-title td-module-title\"><a itemprop=\"url\" href=\"https:\/\/arumbear.com\/fl\/riesgos-al-buscar-servicios-de-streaming-gratuitos-como-magistv\/\" rel=\"bookmark\" title=\"Riesgos al buscar servicios de streaming gratuitos como MagisTV\">Riesgos al buscar servicios de streaming gratuitos como MagisTV<\/a><\/h3>\r\n                <div class=\"td-module-meta-info\">\r\n                                            <div class=\"td-post-author-name\"><a itemprop=\"author\" href=\"https:\/\/arumbear.com\/fl\/author\/jesusviera-ve\/\">Arumbear.com \u2022 Florida<\/a> <span>-<\/span> <\/div>                        <div class=\"td-post-date\"><time  itemprop=\"dateCreated\" class=\"entry-date updated td-module-date\" datetime=\"2025-09-27T17:15:19+00:00\" >27\/09\/2025<\/time><meta itemprop=\"interactionCount\" content=\"UserComments:0\"\/><\/div>                        <div class=\"td-module-comments\"><a href=\"https:\/\/arumbear.com\/fl\/riesgos-al-buscar-servicios-de-streaming-gratuitos-como-magistv\/#respond\">0<\/a><\/div>                <\/div>\r\n\r\n                <div class=\"td-excerpt\">\r\n                    \nLa b\u00fasqueda de opciones de streaming gratuitas puede exponerte a malware, robo de datos y problemas legales. ESET Latinoam\u00e9rica analiza MagisTV como...                <\/div>\r\n            <\/div>\r\n\r\n        <meta itemprop=\"author\" content = \"Arumbear.com \u2022 Florida\"><meta itemprop=\"interactionCount\" content=\"UserComments:0\"\/>        <\/div>\r\n\r\n        \n\t<\/div> <!-- .\/td-block-span12 --><\/div><div class=\"td-next-prev-wrap\"><a href=\"#\" class=\"td-ajax-prev-page ajax-page-disabled\" id=\"prev-page-td_uid_5_69f2857dedc8e\" data-td_block_id=\"td_uid_5_69f2857dedc8e\"><i class=\"td-icon-font td-icon-menu-left\"><\/i><\/a><a href=\"#\"  class=\"td-ajax-next-page\" id=\"next-page-td_uid_5_69f2857dedc8e\" data-td_block_id=\"td_uid_5_69f2857dedc8e\"><i class=\"td-icon-font td-icon-menu-right\"><\/i><\/a><\/div><\/div> <!-- .\/block --><script>var block_td_uid_6_69f2857e00a4e = new td_block();\nblock_td_uid_6_69f2857e00a4e.id = \"td_uid_6_69f2857e00a4e\";\nblock_td_uid_6_69f2857e00a4e.atts = '{\"custom_title\":\"TE VIMOS\",\"header_color\":\"#ff7505\",\"td_filter_default_txt\":\"Todo\",\"ajax_pagination\":\"next_prev\",\"category_id\":\"22\",\"limit\":\"5\",\"class\":\"td_block_id_3391749687 td_uid_6_69f2857e00a4e_rand\"}';\nblock_td_uid_6_69f2857e00a4e.td_column_number = \"2\";\nblock_td_uid_6_69f2857e00a4e.block_type = \"td_block_1\";\nblock_td_uid_6_69f2857e00a4e.post_count = \"5\";\nblock_td_uid_6_69f2857e00a4e.found_posts = \"5\";\nblock_td_uid_6_69f2857e00a4e.header_color = \"#ff7505\";\nblock_td_uid_6_69f2857e00a4e.ajax_pagination_infinite_stop = \"\";\nblock_td_uid_6_69f2857e00a4e.max_num_pages = \"1\";\ntd_blocks.push(block_td_uid_6_69f2857e00a4e);\n<\/script><div class=\"td_block_wrap td_block_1 td_block_id_3391749687 td_uid_6_69f2857e00a4e_rand td_with_ajax_pagination td-pb-border-top\"><h4 class=\"block-title\"><span>TE VIMOS<\/span><\/h4><div id=td_uid_6_69f2857e00a4e class=\"td_block_inner\">\n\n\t<div class=\"td-block-row\">\n\n\t<div class=\"td-block-span6\">\n\r\n        <div class=\"td_module_4 td_module_wrap td-animation-stack\" itemscope itemtype=\"https:\/\/schema.org\/Article\">\r\n            <div class=\"td-module-image\">\r\n                <div class=\"td-module-thumb\"><a href=\"https:\/\/arumbear.com\/fl\/contigo-radio-us-celebro-su-3er-aniversario-entre-amigos-aliados-y-mucha-gratitud\/\" rel=\"bookmark\" title=\"Contigo Radio US celebr\u00f3 su 3er aniversario entre amigos, aliados y mucha gratitud\"><img loading=\"lazy\" decoding=\"async\" width=\"324\" height=\"235\" itemprop=\"image\" class=\"entry-thumb\" src=\"https:\/\/arumbear.com\/fl\/wp-content\/uploads\/2025\/08\/contigo01-324x235.jpg\" alt=\"\" title=\"Contigo Radio US celebr\u00f3 su 3er aniversario entre amigos, aliados y mucha gratitud\"\/><\/a><\/div>                <a href=\"https:\/\/arumbear.com\/fl\/category\/te-vimos\/\" class=\"td-post-category\">Te Vimos<\/a>            <\/div>\r\n\r\n            <h3 itemprop=\"name\" class=\"entry-title td-module-title\"><a itemprop=\"url\" href=\"https:\/\/arumbear.com\/fl\/contigo-radio-us-celebro-su-3er-aniversario-entre-amigos-aliados-y-mucha-gratitud\/\" rel=\"bookmark\" title=\"Contigo Radio US celebr\u00f3 su 3er aniversario entre amigos, aliados y mucha gratitud\">Contigo Radio US celebr\u00f3 su 3er aniversario entre amigos, aliados y...<\/a><\/h3>\r\n            <div class=\"td-module-meta-info\">\r\n                <div class=\"td-post-author-name\"><a itemprop=\"author\" href=\"https:\/\/arumbear.com\/fl\/author\/jesusviera-ve\/\">Arumbear.com \u2022 Florida<\/a> <span>-<\/span> <\/div>                <div class=\"td-post-date\"><time  itemprop=\"dateCreated\" class=\"entry-date updated td-module-date\" datetime=\"2025-08-03T16:57:26+00:00\" >03\/08\/2025<\/time><meta itemprop=\"interactionCount\" content=\"UserComments:0\"\/><\/div>                <div class=\"td-module-comments\"><a href=\"https:\/\/arumbear.com\/fl\/contigo-radio-us-celebro-su-3er-aniversario-entre-amigos-aliados-y-mucha-gratitud\/#respond\">0<\/a><\/div>            <\/div>\r\n\r\n            <div class=\"td-excerpt\">\r\n                \nUna noche m\u00e1gica, cargada de emociones, sabor y gratitud marc\u00f3 la celebraci\u00f3n del tercer aniversario de Contigo Radio US, la plataforma comunicacional...            <\/div>\r\n\r\n            \r\n            <meta itemprop=\"author\" content = \"Arumbear.com \u2022 Florida\"><meta itemprop=\"interactionCount\" content=\"UserComments:0\"\/>\r\n        <\/div>\r\n\r\n        \n\t<\/div> <!-- .\/td-block-span6 -->\n\n\t<div class=\"td-block-span6\">\n\r\n        <div class=\"td_module_6 td_module_wrap td-animation-stack\" itemscope itemtype=\"https:\/\/schema.org\/Article\">\r\n\r\n        <div class=\"td-module-thumb\"><a href=\"https:\/\/arumbear.com\/fl\/eleazar-mora-desvela-su-alma-en-yo-soy-i-am-una-noche-de-arte-musica-y-emocion-multisensorial-en-miami\/\" rel=\"bookmark\" title=\"Eleazar Mora desvela su alma en \u201cYo Soy \/ I Am\u201d: Una noche de arte, m\u00fasica y emoci\u00f3n multisensorial en Miami\"><img loading=\"lazy\" decoding=\"async\" width=\"100\" height=\"70\" itemprop=\"image\" class=\"entry-thumb\" src=\"https:\/\/arumbear.com\/fl\/wp-content\/uploads\/2025\/07\/eleazar01-100x70.jpg\" alt=\"\" title=\"Eleazar Mora desvela su alma en \u201cYo Soy \/ I Am\u201d: Una noche de arte, m\u00fasica y emoci\u00f3n multisensorial en Miami\"\/><\/a><\/div>\r\n        <div class=\"item-details\">\r\n            <h3 itemprop=\"name\" class=\"entry-title td-module-title\"><a itemprop=\"url\" href=\"https:\/\/arumbear.com\/fl\/eleazar-mora-desvela-su-alma-en-yo-soy-i-am-una-noche-de-arte-musica-y-emocion-multisensorial-en-miami\/\" rel=\"bookmark\" title=\"Eleazar Mora desvela su alma en \u201cYo Soy \/ I Am\u201d: Una noche de arte, m\u00fasica y emoci\u00f3n multisensorial en Miami\">Eleazar Mora desvela su alma en \u201cYo Soy \/ I Am\u201d:...<\/a><\/h3>            <div class=\"td-module-meta-info\">\r\n                                                <div class=\"td-post-date\"><time  itemprop=\"dateCreated\" class=\"entry-date updated td-module-date\" datetime=\"2025-07-19T17:43:13+00:00\" >19\/07\/2025<\/time><meta itemprop=\"interactionCount\" content=\"UserComments:0\"\/><\/div>                            <\/div>\r\n        <\/div>\r\n        <meta itemprop=\"author\" content = \"Arumbear.com \u2022 Florida\"><meta itemprop=\"interactionCount\" content=\"UserComments:0\"\/>        <\/div>\r\n\r\n        \r\n        <div class=\"td_module_6 td_module_wrap td-animation-stack\" itemscope itemtype=\"https:\/\/schema.org\/Article\">\r\n\r\n        <div class=\"td-module-thumb\"><a href=\"https:\/\/arumbear.com\/fl\/eylen-remon-lanza-no-me-detengo-un-album-que-marca-su-promesa-de-no-rendirse\/\" rel=\"bookmark\" title=\"Eylen Remon lanza \u2018No me detengo\u2019 un \u00e1lbum que marca su promesa de no rendirse\"><img loading=\"lazy\" decoding=\"async\" width=\"100\" height=\"70\" itemprop=\"image\" class=\"entry-thumb\" src=\"https:\/\/arumbear.com\/fl\/wp-content\/uploads\/2025\/05\/eylen01-100x70.jpg\" alt=\"\" title=\"Eylen Remon lanza \u2018No me detengo\u2019 un \u00e1lbum que marca su promesa de no rendirse\"\/><\/a><\/div>\r\n        <div class=\"item-details\">\r\n            <h3 itemprop=\"name\" class=\"entry-title td-module-title\"><a itemprop=\"url\" href=\"https:\/\/arumbear.com\/fl\/eylen-remon-lanza-no-me-detengo-un-album-que-marca-su-promesa-de-no-rendirse\/\" rel=\"bookmark\" title=\"Eylen Remon lanza \u2018No me detengo\u2019 un \u00e1lbum que marca su promesa de no rendirse\">Eylen Remon lanza \u2018No me detengo\u2019 un \u00e1lbum que marca su...<\/a><\/h3>            <div class=\"td-module-meta-info\">\r\n                                                <div class=\"td-post-date\"><time  itemprop=\"dateCreated\" class=\"entry-date updated td-module-date\" datetime=\"2025-05-31T11:21:53+00:00\" >31\/05\/2025<\/time><meta itemprop=\"interactionCount\" content=\"UserComments:0\"\/><\/div>                            <\/div>\r\n        <\/div>\r\n        <meta itemprop=\"author\" content = \"Arumbear.com \u2022 Florida\"><meta itemprop=\"interactionCount\" content=\"UserComments:0\"\/>        <\/div>\r\n\r\n        \r\n        <div class=\"td_module_6 td_module_wrap td-animation-stack\" itemscope itemtype=\"https:\/\/schema.org\/Article\">\r\n\r\n        <div class=\"td-module-thumb\"><a href=\"https:\/\/arumbear.com\/fl\/kool-kute-inaugura-nueva-sede-en-doral\/\" rel=\"bookmark\" title=\"Kool &amp; Kute inaugura nueva sede en Doral (+fotos)\"><img loading=\"lazy\" decoding=\"async\" width=\"100\" height=\"70\" itemprop=\"image\" class=\"entry-thumb\" src=\"https:\/\/arumbear.com\/fl\/wp-content\/uploads\/2025\/02\/kool01-100x70.jpg\" alt=\"\" title=\"Kool &amp; Kute inaugura nueva sede en Doral (+fotos)\"\/><\/a><\/div>\r\n        <div class=\"item-details\">\r\n            <h3 itemprop=\"name\" class=\"entry-title td-module-title\"><a itemprop=\"url\" href=\"https:\/\/arumbear.com\/fl\/kool-kute-inaugura-nueva-sede-en-doral\/\" rel=\"bookmark\" title=\"Kool &amp; Kute inaugura nueva sede en Doral (+fotos)\">Kool &amp; Kute inaugura nueva sede en Doral (+fotos)<\/a><\/h3>            <div class=\"td-module-meta-info\">\r\n                                                <div class=\"td-post-date\"><time  itemprop=\"dateCreated\" class=\"entry-date updated td-module-date\" datetime=\"2025-02-12T15:24:21+00:00\" >12\/02\/2025<\/time><meta itemprop=\"interactionCount\" content=\"UserComments:0\"\/><\/div>                            <\/div>\r\n        <\/div>\r\n        <meta itemprop=\"author\" content = \"Arumbear.com \u2022 Florida\"><meta itemprop=\"interactionCount\" content=\"UserComments:0\"\/>        <\/div>\r\n\r\n        \r\n        <div class=\"td_module_6 td_module_wrap td-animation-stack\" itemscope itemtype=\"https:\/\/schema.org\/Article\">\r\n\r\n        <div class=\"td-module-thumb\"><a href=\"https:\/\/arumbear.com\/fl\/los-reconocidos-premios-tacarigua-de-oro-usa-regresan-renovados-en-su-edicion-2023-fotos\/\" rel=\"bookmark\" title=\"Los reconocidos Premios Tacarigua de Oro USA regresan \u201cRenovados\u201d en su edici\u00f3n 2023 (+fotos)\"><img loading=\"lazy\" decoding=\"async\" width=\"100\" height=\"70\" itemprop=\"image\" class=\"entry-thumb\" src=\"https:\/\/arumbear.com\/fl\/wp-content\/uploads\/2023\/11\/tacarigua01web-100x70.jpg\" alt=\"\" title=\"Los reconocidos Premios Tacarigua de Oro USA regresan \u201cRenovados\u201d en su edici\u00f3n 2023 (+fotos)\"\/><\/a><\/div>\r\n        <div class=\"item-details\">\r\n            <h3 itemprop=\"name\" class=\"entry-title td-module-title\"><a itemprop=\"url\" href=\"https:\/\/arumbear.com\/fl\/los-reconocidos-premios-tacarigua-de-oro-usa-regresan-renovados-en-su-edicion-2023-fotos\/\" rel=\"bookmark\" title=\"Los reconocidos Premios Tacarigua de Oro USA regresan \u201cRenovados\u201d en su edici\u00f3n 2023 (+fotos)\">Los reconocidos Premios Tacarigua de Oro USA regresan \u201cRenovados\u201d en su...<\/a><\/h3>            <div class=\"td-module-meta-info\">\r\n                                                <div class=\"td-post-date\"><time  itemprop=\"dateCreated\" class=\"entry-date updated td-module-date\" datetime=\"2023-11-13T00:25:20+00:00\" >13\/11\/2023<\/time><meta itemprop=\"interactionCount\" content=\"UserComments:0\"\/><\/div>                            <\/div>\r\n        <\/div>\r\n        <meta itemprop=\"author\" content = \"Arumbear.com \u2022 Florida\"><meta itemprop=\"interactionCount\" content=\"UserComments:0\"\/>        <\/div>\r\n\r\n        \n\t<\/div> <!-- .\/td-block-span6 --><\/div><!--.\/row-fluid--><\/div><div class=\"td-next-prev-wrap\"><a href=\"#\" class=\"td-ajax-prev-page ajax-page-disabled\" id=\"prev-page-td_uid_6_69f2857e00a4e\" data-td_block_id=\"td_uid_6_69f2857e00a4e\"><i class=\"td-icon-font td-icon-menu-left\"><\/i><\/a><a href=\"#\"  class=\"td-ajax-next-page ajax-page-disabled\" id=\"next-page-td_uid_6_69f2857e00a4e\" data-td_block_id=\"td_uid_6_69f2857e00a4e\"><i class=\"td-icon-font td-icon-menu-right\"><\/i><\/a><\/div><\/div> <!-- .\/block -->\n\t\t<\/div> \n\t<\/div> \n\n<style scoped>\n.td_uid_7_69f2857e06b19_rand .td_module_wrap:hover .entry-title a,\r\n            .td_uid_7_69f2857e06b19_rand a.td-pulldown-filter-link:hover,\r\n            .td_uid_7_69f2857e06b19_rand .td-subcat-item a:hover,\r\n            .td_uid_7_69f2857e06b19_rand .td-subcat-item .td-cur-simple-item,\r\n            .td_uid_7_69f2857e06b19_rand .td_quote_on_blocks {\r\n                color: #42aa34;\r\n            }\r\n\r\n            .td_uid_7_69f2857e06b19_rand .td-next-prev-wrap a:hover,\r\n            .td_uid_7_69f2857e06b19_rand .td-load-more-wrap a:hover {\r\n                background-color: #42aa34;\r\n                border-color: #42aa34;\r\n            }\r\n            .td_uid_7_69f2857e06b19_rand .td-subcat-dropdown:hover .td-subcat-more,\r\n            .td_uid_7_69f2857e06b19_rand .td-post-category:hover {\r\n                background-color: #42aa34;\r\n            }\r\n\r\n            .td_uid_7_69f2857e06b19_rand .block-title span,\r\n            .td_uid_7_69f2857e06b19_rand .td-trending-now-title,\r\n            .td_uid_7_69f2857e06b19_rand .block-title a,\r\n            .td_uid_7_69f2857e06b19_rand .td-read-more a {\r\n                background-color: #42aa34;\r\n            }\r\n\r\n            .td_uid_7_69f2857e06b19_rand .block-title {\r\n                border-color: #42aa34;\r\n            }\n<\/style>\n\t<div class=\"td-pb-span4 wpb_column vc_column_container \">\n\t\t<div class=\"wpb_wrapper\">\n\t\t\t<div class=\"td-a-rec td-a-rec-id-sidebar \"><div class=\"td-all-devices\"><a href=\"\" target=\"blank\"><img decoding=\"async\" src=\"https:\/\/arumbear.com\/fl\/wp-content\/uploads\/2022\/02\/BannerRRSSArumbearFlorida-Siguenos.jpg\"\/><\/a><\/div>\r\n\r\n<div class=\"td-all-devices\"><a href=\"https:\/\/www.instagram.com\/arumbearflorida\/\" target=\"blank\"><img decoding=\"async\" src=\"https:\/\/arumbear.com\/fl\/wp-content\/uploads\/2022\/02\/BannerRRSSArumbearFlorida-Instagram.jpg\"\/><\/a><\/div>\r\n\r\n<div class=\"td-all-devices\"><a href=\"https:\/\/www.facebook.com\/arumbearflorida\/\" target=\"blank\"><img decoding=\"async\" src=\"https:\/\/arumbear.com\/fl\/wp-content\/uploads\/2022\/02\/BannerRRSSArumbearFlorida-Facebook.jpg\"\/><\/a><\/div>\r\n\r\n<div class=\"td-all-devices\"><a href=\"https:\/\/cantamosporlapaz.org\/\" target=\"blank\"><img decoding=\"async\" src=\"https:\/\/arumbear.com\/fl\/wp-content\/uploads\/2025\/03\/Banner-FundacionCantamos-300x400-01.png\"\/><\/a><\/div>\r\n<\/div><script>var block_td_uid_7_69f2857e06b19 = new td_block();\nblock_td_uid_7_69f2857e06b19.id = \"td_uid_7_69f2857e06b19\";\nblock_td_uid_7_69f2857e06b19.atts = '{\"custom_title\":\"M\\u00daSICA | NACIONAL E INTERNACIONAL\",\"header_color\":\"#42aa34\",\"category_id\":\"230\",\"limit\":\"6\",\"td_filter_default_txt\":\"Todo\",\"ajax_pagination\":\"next_prev\",\"class\":\"td_block_id_2319643982 td_uid_7_69f2857e06b19_rand\"}';\nblock_td_uid_7_69f2857e06b19.td_column_number = \"1\";\nblock_td_uid_7_69f2857e06b19.block_type = \"td_block_1\";\nblock_td_uid_7_69f2857e06b19.post_count = \"6\";\nblock_td_uid_7_69f2857e06b19.found_posts = \"395\";\nblock_td_uid_7_69f2857e06b19.header_color = \"#42aa34\";\nblock_td_uid_7_69f2857e06b19.ajax_pagination_infinite_stop = \"\";\nblock_td_uid_7_69f2857e06b19.max_num_pages = \"66\";\ntd_blocks.push(block_td_uid_7_69f2857e06b19);\n<\/script><div class=\"td_block_wrap td_block_1 td_block_id_2319643982 td_uid_7_69f2857e06b19_rand td_with_ajax_pagination td-pb-border-top\"><h4 class=\"block-title\"><span>M\u00daSICA | NACIONAL E INTERNACIONAL<\/span><\/h4><div id=td_uid_7_69f2857e06b19 class=\"td_block_inner\">\n\n\t<div class=\"td-block-span12\">\n\r\n        <div class=\"td_module_4 td_module_wrap td-animation-stack\" itemscope itemtype=\"https:\/\/schema.org\/Article\">\r\n            <div class=\"td-module-image\">\r\n                <div class=\"td-module-thumb\"><a href=\"https:\/\/arumbear.com\/fl\/chyno-y-nacho-regresan-con-radio-venezuela-el-disco-que-une-a-una-nacion-desde-la-distancia\/\" rel=\"bookmark\" title=\"CHYNO Y NACHO regresan con RADIO VENEZUELA: el disco que une a una naci\u00f3n desde la distancia\"><img loading=\"lazy\" decoding=\"async\" width=\"324\" height=\"235\" itemprop=\"image\" class=\"entry-thumb\" src=\"https:\/\/arumbear.com\/fl\/wp-content\/uploads\/2026\/04\/chyno01-324x235.jpg\" alt=\"\" title=\"CHYNO Y NACHO regresan con RADIO VENEZUELA: el disco que une a una naci\u00f3n desde la distancia\"\/><\/a><\/div>                <a href=\"https:\/\/arumbear.com\/fl\/category\/musica\/internacional\/\" class=\"td-post-category\">Internacional<\/a>            <\/div>\r\n\r\n            <h3 itemprop=\"name\" class=\"entry-title td-module-title\"><a itemprop=\"url\" href=\"https:\/\/arumbear.com\/fl\/chyno-y-nacho-regresan-con-radio-venezuela-el-disco-que-une-a-una-nacion-desde-la-distancia\/\" rel=\"bookmark\" title=\"CHYNO Y NACHO regresan con RADIO VENEZUELA: el disco que une a una naci\u00f3n desde la distancia\">CHYNO Y NACHO regresan con RADIO VENEZUELA: el disco que une...<\/a><\/h3>\r\n            <div class=\"td-module-meta-info\">\r\n                <div class=\"td-post-author-name\"><a itemprop=\"author\" href=\"https:\/\/arumbear.com\/fl\/author\/jesusviera-ve\/\">Arumbear.com \u2022 Florida<\/a> <span>-<\/span> <\/div>                <div class=\"td-post-date\"><time  itemprop=\"dateCreated\" class=\"entry-date updated td-module-date\" datetime=\"2026-04-13T22:34:58+00:00\" >13\/04\/2026<\/time><meta itemprop=\"interactionCount\" content=\"UserComments:0\"\/><\/div>                <div class=\"td-module-comments\"><a href=\"https:\/\/arumbear.com\/fl\/chyno-y-nacho-regresan-con-radio-venezuela-el-disco-que-une-a-una-nacion-desde-la-distancia\/#respond\">0<\/a><\/div>            <\/div>\r\n\r\n            <div class=\"td-excerpt\">\r\n                \nEl d\u00fao venezolano m\u00e1s ic\u00f3nico de su generaci\u00f3n vuelve con su trabajo m\u00e1s ambicioso: 19 temas, m\u00e1s de 15 colaboraciones y un...            <\/div>\r\n\r\n            \r\n            <meta itemprop=\"author\" content = \"Arumbear.com \u2022 Florida\"><meta itemprop=\"interactionCount\" content=\"UserComments:0\"\/>\r\n        <\/div>\r\n\r\n        \n\t<\/div> <!-- .\/td-block-span12 -->\n\n\t<div class=\"td-block-span12\">\n\r\n        <div class=\"td_module_6 td_module_wrap td-animation-stack\" itemscope itemtype=\"https:\/\/schema.org\/Article\">\r\n\r\n        <div class=\"td-module-thumb\"><a href=\"https:\/\/arumbear.com\/fl\/danny-ocean-consolida-su-impacto-global-con-tres-albumes-que-superan-el-billon-de-reproducciones\/\" rel=\"bookmark\" title=\"Danny Ocean consolida su impacto global con tres \u00e1lbumes que superan el bill\u00f3n de reproducciones\"><img loading=\"lazy\" decoding=\"async\" width=\"100\" height=\"70\" itemprop=\"image\" class=\"entry-thumb\" src=\"https:\/\/arumbear.com\/fl\/wp-content\/uploads\/2026\/02\/danny01-100x70.jpg\" alt=\"\" title=\"Danny Ocean consolida su impacto global con tres \u00e1lbumes que superan el bill\u00f3n de reproducciones\"\/><\/a><\/div>\r\n        <div class=\"item-details\">\r\n            <h3 itemprop=\"name\" class=\"entry-title td-module-title\"><a itemprop=\"url\" href=\"https:\/\/arumbear.com\/fl\/danny-ocean-consolida-su-impacto-global-con-tres-albumes-que-superan-el-billon-de-reproducciones\/\" rel=\"bookmark\" title=\"Danny Ocean consolida su impacto global con tres \u00e1lbumes que superan el bill\u00f3n de reproducciones\">Danny Ocean consolida su impacto global con tres \u00e1lbumes que superan...<\/a><\/h3>            <div class=\"td-module-meta-info\">\r\n                                                <div class=\"td-post-date\"><time  itemprop=\"dateCreated\" class=\"entry-date updated td-module-date\" datetime=\"2026-02-27T09:26:24+00:00\" >27\/02\/2026<\/time><meta itemprop=\"interactionCount\" content=\"UserComments:0\"\/><\/div>                            <\/div>\r\n        <\/div>\r\n        <meta itemprop=\"author\" content = \"Arumbear.com \u2022 Florida\"><meta itemprop=\"interactionCount\" content=\"UserComments:0\"\/>        <\/div>\r\n\r\n        \n\t<\/div> <!-- .\/td-block-span12 -->\n\n\t<div class=\"td-block-span12\">\n\r\n        <div class=\"td_module_6 td_module_wrap td-animation-stack\" itemscope itemtype=\"https:\/\/schema.org\/Article\">\r\n\r\n        <div class=\"td-module-thumb\"><a href=\"https:\/\/arumbear.com\/fl\/hito-en-la-industria-musical-zamir-la-voz-el-primer-bachatero-creado-con-inteligencia-artificial\/\" rel=\"bookmark\" title=\"Hito en la industria musical: \u201cZamir La Voz\u201d, el primer bachatero creado con Inteligencia Artificial\"><img loading=\"lazy\" decoding=\"async\" width=\"100\" height=\"70\" itemprop=\"image\" class=\"entry-thumb\" src=\"https:\/\/arumbear.com\/fl\/wp-content\/uploads\/2026\/02\/zamir01-100x70.jpg\" alt=\"\" title=\"Hito en la industria musical: \u201cZamir La Voz\u201d, el primer bachatero creado con Inteligencia Artificial\"\/><\/a><\/div>\r\n        <div class=\"item-details\">\r\n            <h3 itemprop=\"name\" class=\"entry-title td-module-title\"><a itemprop=\"url\" href=\"https:\/\/arumbear.com\/fl\/hito-en-la-industria-musical-zamir-la-voz-el-primer-bachatero-creado-con-inteligencia-artificial\/\" rel=\"bookmark\" title=\"Hito en la industria musical: \u201cZamir La Voz\u201d, el primer bachatero creado con Inteligencia Artificial\">Hito en la industria musical: \u201cZamir La Voz\u201d, el primer bachatero...<\/a><\/h3>            <div class=\"td-module-meta-info\">\r\n                                                <div class=\"td-post-date\"><time  itemprop=\"dateCreated\" class=\"entry-date updated td-module-date\" datetime=\"2026-02-22T11:37:53+00:00\" >22\/02\/2026<\/time><meta itemprop=\"interactionCount\" content=\"UserComments:0\"\/><\/div>                            <\/div>\r\n        <\/div>\r\n        <meta itemprop=\"author\" content = \"Arumbear.com \u2022 Florida\"><meta itemprop=\"interactionCount\" content=\"UserComments:0\"\/>        <\/div>\r\n\r\n        \n\t<\/div> <!-- .\/td-block-span12 -->\n\n\t<div class=\"td-block-span12\">\n\r\n        <div class=\"td_module_6 td_module_wrap td-animation-stack\" itemscope itemtype=\"https:\/\/schema.org\/Article\">\r\n\r\n        <div class=\"td-module-thumb\"><a href=\"https:\/\/arumbear.com\/fl\/pumba-dos-santos-explora-la-vulnerabilidad-y-el-desamor-en-no-te-duele-junto-a-west-blanco\/\" rel=\"bookmark\" title=\"Pumba Dos Santos explora la vulnerabilidad y el desamor en \u201cNo te duele\u201d junto a West Blanco\"><img loading=\"lazy\" decoding=\"async\" width=\"100\" height=\"70\" itemprop=\"image\" class=\"entry-thumb\" src=\"https:\/\/arumbear.com\/fl\/wp-content\/uploads\/2026\/02\/pumba01-100x70.jpg\" alt=\"\" title=\"Pumba Dos Santos explora la vulnerabilidad y el desamor en \u201cNo te duele\u201d junto a West Blanco\"\/><\/a><\/div>\r\n        <div class=\"item-details\">\r\n            <h3 itemprop=\"name\" class=\"entry-title td-module-title\"><a itemprop=\"url\" href=\"https:\/\/arumbear.com\/fl\/pumba-dos-santos-explora-la-vulnerabilidad-y-el-desamor-en-no-te-duele-junto-a-west-blanco\/\" rel=\"bookmark\" title=\"Pumba Dos Santos explora la vulnerabilidad y el desamor en \u201cNo te duele\u201d junto a West Blanco\">Pumba Dos Santos explora la vulnerabilidad y el desamor en \u201cNo...<\/a><\/h3>            <div class=\"td-module-meta-info\">\r\n                                                <div class=\"td-post-date\"><time  itemprop=\"dateCreated\" class=\"entry-date updated td-module-date\" datetime=\"2026-02-21T13:31:04+00:00\" >21\/02\/2026<\/time><meta itemprop=\"interactionCount\" content=\"UserComments:0\"\/><\/div>                            <\/div>\r\n        <\/div>\r\n        <meta itemprop=\"author\" content = \"Arumbear.com \u2022 Florida\"><meta itemprop=\"interactionCount\" content=\"UserComments:0\"\/>        <\/div>\r\n\r\n        \n\t<\/div> <!-- .\/td-block-span12 -->\n\n\t<div class=\"td-block-span12\">\n\r\n        <div class=\"td_module_6 td_module_wrap td-animation-stack\" itemscope itemtype=\"https:\/\/schema.org\/Article\">\r\n\r\n        <div class=\"td-module-thumb\"><a href=\"https:\/\/arumbear.com\/fl\/annae-torrealba-rinde-homenaje-a-sus-raices-con-recuerdos-de-juan-vicente\/\" rel=\"bookmark\" title=\"Anna\u00e9 Torrealba rinde homenaje a sus ra\u00edces con \u201cRecuerdos de Juan Vicente\u201d\"><img loading=\"lazy\" decoding=\"async\" width=\"100\" height=\"70\" itemprop=\"image\" class=\"entry-thumb\" src=\"https:\/\/arumbear.com\/fl\/wp-content\/uploads\/2026\/02\/annae02-100x70.jpg\" alt=\"\" title=\"Anna\u00e9 Torrealba rinde homenaje a sus ra\u00edces con \u201cRecuerdos de Juan Vicente\u201d\"\/><\/a><\/div>\r\n        <div class=\"item-details\">\r\n            <h3 itemprop=\"name\" class=\"entry-title td-module-title\"><a itemprop=\"url\" href=\"https:\/\/arumbear.com\/fl\/annae-torrealba-rinde-homenaje-a-sus-raices-con-recuerdos-de-juan-vicente\/\" rel=\"bookmark\" title=\"Anna\u00e9 Torrealba rinde homenaje a sus ra\u00edces con \u201cRecuerdos de Juan Vicente\u201d\">Anna\u00e9 Torrealba rinde homenaje a sus ra\u00edces con \u201cRecuerdos de Juan...<\/a><\/h3>            <div class=\"td-module-meta-info\">\r\n                                                <div class=\"td-post-date\"><time  itemprop=\"dateCreated\" class=\"entry-date updated td-module-date\" datetime=\"2026-02-21T13:05:59+00:00\" >21\/02\/2026<\/time><meta itemprop=\"interactionCount\" content=\"UserComments:0\"\/><\/div>                            <\/div>\r\n        <\/div>\r\n        <meta itemprop=\"author\" content = \"Arumbear.com \u2022 Florida\"><meta itemprop=\"interactionCount\" content=\"UserComments:0\"\/>        <\/div>\r\n\r\n        \n\t<\/div> <!-- .\/td-block-span12 -->\n\n\t<div class=\"td-block-span12\">\n\r\n        <div class=\"td_module_6 td_module_wrap td-animation-stack\" itemscope itemtype=\"https:\/\/schema.org\/Article\">\r\n\r\n        <div class=\"td-module-thumb\"><a href=\"https:\/\/arumbear.com\/fl\/awilda-quezada-ft-gretchn-lanzan-maldito-traidor\/\" rel=\"bookmark\" title=\"Awilda Quezada Ft. Gretch\u2019n lanzan \u201cMaldito Traidor\u201d\"><img loading=\"lazy\" decoding=\"async\" width=\"100\" height=\"70\" itemprop=\"image\" class=\"entry-thumb\" src=\"https:\/\/arumbear.com\/fl\/wp-content\/uploads\/2026\/02\/awilda01-100x70.jpg\" alt=\"\" title=\"Awilda Quezada Ft. Gretch\u2019n lanzan \u201cMaldito Traidor\u201d\"\/><\/a><\/div>\r\n        <div class=\"item-details\">\r\n            <h3 itemprop=\"name\" class=\"entry-title td-module-title\"><a itemprop=\"url\" href=\"https:\/\/arumbear.com\/fl\/awilda-quezada-ft-gretchn-lanzan-maldito-traidor\/\" rel=\"bookmark\" title=\"Awilda Quezada Ft. Gretch\u2019n lanzan \u201cMaldito Traidor\u201d\">Awilda Quezada Ft. Gretch\u2019n lanzan \u201cMaldito Traidor\u201d<\/a><\/h3>            <div class=\"td-module-meta-info\">\r\n                                                <div class=\"td-post-date\"><time  itemprop=\"dateCreated\" class=\"entry-date updated td-module-date\" datetime=\"2026-02-14T21:49:09+00:00\" >14\/02\/2026<\/time><meta itemprop=\"interactionCount\" content=\"UserComments:0\"\/><\/div>                            <\/div>\r\n        <\/div>\r\n        <meta itemprop=\"author\" content = \"Arumbear.com \u2022 Florida\"><meta itemprop=\"interactionCount\" content=\"UserComments:0\"\/>        <\/div>\r\n\r\n        \n\t<\/div> <!-- .\/td-block-span12 --><\/div><div class=\"td-next-prev-wrap\"><a href=\"#\" class=\"td-ajax-prev-page ajax-page-disabled\" id=\"prev-page-td_uid_7_69f2857e06b19\" data-td_block_id=\"td_uid_7_69f2857e06b19\"><i class=\"td-icon-font td-icon-menu-left\"><\/i><\/a><a href=\"#\"  class=\"td-ajax-next-page\" id=\"next-page-td_uid_7_69f2857e06b19\" data-td_block_id=\"td_uid_7_69f2857e06b19\"><i class=\"td-icon-font td-icon-menu-right\"><\/i><\/a><\/div><\/div> <!-- .\/block --><div class=\"td-a-rec td-a-rec-id-sidebar \"><div class=\"td-all-devices\"><a href=\"\" target=\"blank\"><img decoding=\"async\" src=\"https:\/\/arumbear.com\/fl\/wp-content\/uploads\/2022\/02\/BannerRRSSArumbearFlorida-Siguenos.jpg\"\/><\/a><\/div>\r\n\r\n<div class=\"td-all-devices\"><a href=\"https:\/\/www.instagram.com\/arumbearflorida\/\" target=\"blank\"><img decoding=\"async\" src=\"https:\/\/arumbear.com\/fl\/wp-content\/uploads\/2022\/02\/BannerRRSSArumbearFlorida-Instagram.jpg\"\/><\/a><\/div>\r\n\r\n<div class=\"td-all-devices\"><a href=\"https:\/\/www.facebook.com\/arumbearflorida\/\" target=\"blank\"><img decoding=\"async\" src=\"https:\/\/arumbear.com\/fl\/wp-content\/uploads\/2022\/02\/BannerRRSSArumbearFlorida-Facebook.jpg\"\/><\/a><\/div>\r\n\r\n<div class=\"td-all-devices\"><a href=\"https:\/\/cantamosporlapaz.org\/\" target=\"blank\"><img decoding=\"async\" src=\"https:\/\/arumbear.com\/fl\/wp-content\/uploads\/2025\/03\/Banner-FundacionCantamos-300x400-01.png\"\/><\/a><\/div>\r\n<\/div>\n\t\t<\/div> \n\t<\/div> \n<\/div>    <div  class=\"vc_row wpb_row td-pb-row\">\n\t<div class=\"td-pb-span12 wpb_column vc_column_container \">\n\t\t<div class=\"wpb_wrapper\">\n\t\t\t<div class=\"td_block_wrap td_block_big_grid_5 td_block_id_3155757998 td_uid_8_69f2857e0893f_rand td-grid-style-1 td-hover-1 td-pb-border-top\"><div id=td_uid_8_69f2857e0893f class=\"td_block_inner\"><div class=\"td-big-grid-wrapper\">\r\n        <div class=\"td_module_mx12 td-animation-stack td-big-grid-post-0 td-big-grid-post td-small-thumb\" itemscope itemtype=\"https:\/\/schema.org\/Article\">\r\n            <div class=\"td-module-thumb\"><a href=\"https:\/\/arumbear.com\/fl\/danny-ocean-y-sech-revolucionan-la-escena-musical-con-su-nuevo-hit-priti\/\" rel=\"bookmark\" title=\"Danny Ocean y Sech revolucionan la escena musical con su nuevo hit, \u201cPRITI\u201d\"><img loading=\"lazy\" decoding=\"async\" width=\"356\" height=\"220\" itemprop=\"image\" class=\"entry-thumb\" src=\"https:\/\/arumbear.com\/fl\/wp-content\/uploads\/2025\/03\/danny01-356x220.jpg\" alt=\"\" title=\"Danny Ocean y Sech revolucionan la escena musical con su nuevo hit, \u201cPRITI\u201d\"\/><\/a><\/div>            <div class=\"td-meta-info-container\">\r\n                <div class=\"td-meta-align\">\r\n                    <div class=\"td-big-grid-meta\">\r\n                        <a href=\"https:\/\/arumbear.com\/fl\/category\/musica\/internacional\/\" class=\"td-post-category\">Internacional<\/a>                        <h3 itemprop=\"name\" class=\"entry-title td-module-title\"><a itemprop=\"url\" href=\"https:\/\/arumbear.com\/fl\/danny-ocean-y-sech-revolucionan-la-escena-musical-con-su-nuevo-hit-priti\/\" rel=\"bookmark\" title=\"Danny Ocean y Sech revolucionan la escena musical con su nuevo hit, \u201cPRITI\u201d\">Danny Ocean y Sech revolucionan la escena musical con su nuevo hit, \u201cPRITI\u201d<\/a><\/h3>                    <\/div>\r\n                    <div class=\"td-module-meta-info\">\r\n                        <div class=\"td-post-author-name\"><a itemprop=\"author\" href=\"https:\/\/arumbear.com\/fl\/author\/jesusviera-ve\/\">Arumbear.com \u2022 Florida<\/a> <span>-<\/span> <\/div>                        <div class=\"td-post-date\"><time  itemprop=\"dateCreated\" class=\"entry-date updated td-module-date\" datetime=\"2025-03-24T11:12:56+00:00\" >24\/03\/2025<\/time><meta itemprop=\"interactionCount\" content=\"UserComments:0\"\/><\/div>                    <\/div>\r\n                <\/div>\r\n            <\/div>\r\n\r\n            <meta itemprop=\"author\" content = \"Arumbear.com \u2022 Florida\"><meta itemprop=\"interactionCount\" content=\"UserComments:0\"\/>        <\/div>\r\n\r\n        \r\n        <div class=\"td_module_mx12 td-animation-stack td-big-grid-post-1 td-big-grid-post td-small-thumb\" itemscope itemtype=\"https:\/\/schema.org\/Article\">\r\n            <div class=\"td-module-thumb\"><a href=\"https:\/\/arumbear.com\/fl\/james-lakay-y-reis-belico-le-cantan-a-maria\/\" rel=\"bookmark\" title=\"James Lakay y Reis Belico le cantan a \u201cMar\u00eda\u201d\"><img loading=\"lazy\" decoding=\"async\" width=\"356\" height=\"220\" itemprop=\"image\" class=\"entry-thumb\" src=\"https:\/\/arumbear.com\/fl\/wp-content\/uploads\/2024\/10\/james01-356x220.jpg\" alt=\"\" title=\"James Lakay y Reis Belico le cantan a \u201cMar\u00eda\u201d\"\/><\/a><\/div>            <div class=\"td-meta-info-container\">\r\n                <div class=\"td-meta-align\">\r\n                    <div class=\"td-big-grid-meta\">\r\n                        <a href=\"https:\/\/arumbear.com\/fl\/category\/musica\/internacional\/\" class=\"td-post-category\">Internacional<\/a>                        <h3 itemprop=\"name\" class=\"entry-title td-module-title\"><a itemprop=\"url\" href=\"https:\/\/arumbear.com\/fl\/james-lakay-y-reis-belico-le-cantan-a-maria\/\" rel=\"bookmark\" title=\"James Lakay y Reis Belico le cantan a \u201cMar\u00eda\u201d\">James Lakay y Reis Belico le cantan a \u201cMar\u00eda\u201d<\/a><\/h3>                    <\/div>\r\n                    <div class=\"td-module-meta-info\">\r\n                        <div class=\"td-post-author-name\"><a itemprop=\"author\" href=\"https:\/\/arumbear.com\/fl\/author\/jesusviera-ve\/\">Arumbear.com \u2022 Florida<\/a> <span>-<\/span> <\/div>                        <div class=\"td-post-date\"><time  itemprop=\"dateCreated\" class=\"entry-date updated td-module-date\" datetime=\"2024-10-03T22:42:53+00:00\" >03\/10\/2024<\/time><meta itemprop=\"interactionCount\" content=\"UserComments:0\"\/><\/div>                    <\/div>\r\n                <\/div>\r\n            <\/div>\r\n\r\n            <meta itemprop=\"author\" content = \"Arumbear.com \u2022 Florida\"><meta itemprop=\"interactionCount\" content=\"UserComments:0\"\/>        <\/div>\r\n\r\n        \r\n        <div class=\"td_module_mx12 td-animation-stack td-big-grid-post-2 td-big-grid-post td-small-thumb\" itemscope itemtype=\"https:\/\/schema.org\/Article\">\r\n            <div class=\"td-module-thumb\"><a href=\"https:\/\/arumbear.com\/fl\/cadenza-se-posiciona-en-la-escena-musical-latina-en-estados-unidos\/\" rel=\"bookmark\" title=\"Cadenza se posiciona en la escena musical latina en Estados Unidos\"><img loading=\"lazy\" decoding=\"async\" width=\"356\" height=\"220\" itemprop=\"image\" class=\"entry-thumb\" src=\"https:\/\/arumbear.com\/fl\/wp-content\/uploads\/2025\/05\/cadenza01-356x220.jpg\" alt=\"\" title=\"Cadenza se posiciona en la escena musical latina en Estados Unidos\"\/><\/a><\/div>            <div class=\"td-meta-info-container\">\r\n                <div class=\"td-meta-align\">\r\n                    <div class=\"td-big-grid-meta\">\r\n                        <a href=\"https:\/\/arumbear.com\/fl\/category\/musica\/internacional\/\" class=\"td-post-category\">Internacional<\/a>                        <h3 itemprop=\"name\" class=\"entry-title td-module-title\"><a itemprop=\"url\" href=\"https:\/\/arumbear.com\/fl\/cadenza-se-posiciona-en-la-escena-musical-latina-en-estados-unidos\/\" rel=\"bookmark\" title=\"Cadenza se posiciona en la escena musical latina en Estados Unidos\">Cadenza se posiciona en la escena musical latina en Estados Unidos<\/a><\/h3>                    <\/div>\r\n                    <div class=\"td-module-meta-info\">\r\n                        <div class=\"td-post-author-name\"><a itemprop=\"author\" href=\"https:\/\/arumbear.com\/fl\/author\/jesusviera-ve\/\">Arumbear.com \u2022 Florida<\/a> <span>-<\/span> <\/div>                        <div class=\"td-post-date\"><time  itemprop=\"dateCreated\" class=\"entry-date updated td-module-date\" datetime=\"2025-05-14T23:05:57+00:00\" >14\/05\/2025<\/time><meta itemprop=\"interactionCount\" content=\"UserComments:0\"\/><\/div>                    <\/div>\r\n                <\/div>\r\n            <\/div>\r\n\r\n            <meta itemprop=\"author\" content = \"Arumbear.com \u2022 Florida\"><meta itemprop=\"interactionCount\" content=\"UserComments:0\"\/>        <\/div>\r\n\r\n        <\/div><div class=\"clearfix\"><\/div><\/div><\/div> <!-- .\/block -->\n\t\t<\/div> \n\t<\/div> \n<\/div>\n","protected":false},"excerpt":{"rendered":"Internacional Pumba Dos Santos explora la vulnerabilidad y el desamor en \u201cNo te duele\u201d junto a West Blanco Arumbear.com \u2022 Florida - 21\/02\/2026 Internacional Anna\u00e9 Torrealba rinde homenaje a sus ra\u00edces con \u201cRecuerdos de Juan Vicente\u201d Noticias Yohana Vargas reuni\u00f3 m\u00e1s de 400 personas en su primera \u201cRun Coffee Party\u201d en Miami Internacional Awilda Quezada ","protected":false},"author":1,"featured_media":0,"parent":0,"menu_order":0,"comment_status":"open","ping_status":"closed","template":"page-pagebuilder-latest.php","meta":{"ngg_post_thumbnail":0,"footnotes":""},"class_list":["post-194","page","type-page","status-publish","hentry"],"_links":{"self":[{"href":"https:\/\/arumbear.com\/fl\/wp-json\/wp\/v2\/pages\/194","targetHints":{"allow":["GET"]}}],"collection":[{"href":"https:\/\/arumbear.com\/fl\/wp-json\/wp\/v2\/pages"}],"about":[{"href":"https:\/\/arumbear.com\/fl\/wp-json\/wp\/v2\/types\/page"}],"author":[{"embeddable":true,"href":"https:\/\/arumbear.com\/fl\/wp-json\/wp\/v2\/users\/1"}],"replies":[{"embeddable":true,"href":"https:\/\/arumbear.com\/fl\/wp-json\/wp\/v2\/comments?post=194"}],"version-history":[{"count":152,"href":"https:\/\/arumbear.com\/fl\/wp-json\/wp\/v2\/pages\/194\/revisions"}],"predecessor-version":[{"id":13058,"href":"https:\/\/arumbear.com\/fl\/wp-json\/wp\/v2\/pages\/194\/revisions\/13058"}],"wp:attachment":[{"href":"https:\/\/arumbear.com\/fl\/wp-json\/wp\/v2\/media?parent=194"}],"curies":[{"name":"wp","href":"https:\/\/api.w.org\/{rel}","templated":true}]}}