{"id":194,"date":"2015-12-12T23:19:03","date_gmt":"2015-12-12T23:19:03","guid":{"rendered":"http:\/\/td_uid_2_566cab67c118e"},"modified":"2025-06-16T13:38:09","modified_gmt":"2025-06-16T18:38:09","slug":"news","status":"publish","type":"page","link":"https:\/\/arumbear.com\/pa\/","title":{"rendered":"Inicio"},"content":{"rendered":"<div  class=\"vc_row wpb_row td-pb-row\">\n\t<div class=\"td-pb-span12 wpb_column vc_column_container \">\n\t\t<div class=\"wpb_wrapper\">\n\t\t\t<div class=\"td_block_wrap td_block_big_grid_3 td_block_id_866095480 td_uid_1_69f3206cf41b5_rand td-grid-style-1 td-hover-1 td-pb-border-top\"><div id=td_uid_1_69f3206cf41b5 class=\"td_block_inner\"><div class=\"td-big-grid-wrapper\">\r\n        <div class=\"td_module_mx5 td-animation-stack td-big-grid-post-0 td-big-grid-post td-big-thumb\" itemscope itemtype=\"https:\/\/schema.org\/Article\">\r\n            <div class=\"td-module-thumb\"><a href=\"https:\/\/arumbear.com\/pa\/awilda-quezada-ft-gretchn-lanzan-maldito-traidor\/\" rel=\"bookmark\" title=\"Awilda Quezada Ft. Gretch\u2019n lanzan \u201cMaldito Traidor\u201d\"><img loading=\"lazy\" decoding=\"async\" width=\"534\" height=\"462\" itemprop=\"image\" class=\"entry-thumb\" src=\"https:\/\/arumbear.com\/pa\/wp-content\/uploads\/2026\/02\/awilda01-534x462.jpg\" alt=\"\" title=\"Awilda Quezada Ft. Gretch\u2019n lanzan \u201cMaldito Traidor\u201d\"\/><\/a><\/div>            <div class=\"td-meta-info-container\">\r\n                <div class=\"td-meta-align\">\r\n                    <div class=\"td-big-grid-meta\">\r\n                        <a href=\"https:\/\/arumbear.com\/pa\/category\/musica\/internacional\/\" class=\"td-post-category\">Internacional<\/a>                        <h3 itemprop=\"name\" class=\"entry-title td-module-title\"><a itemprop=\"url\" href=\"https:\/\/arumbear.com\/pa\/awilda-quezada-ft-gretchn-lanzan-maldito-traidor\/\" rel=\"bookmark\" title=\"Awilda Quezada Ft. Gretch\u2019n lanzan \u201cMaldito Traidor\u201d\">Awilda Quezada Ft. Gretch\u2019n lanzan \u201cMaldito Traidor\u201d<\/a><\/h3>                    <\/div>\r\n                    <div class=\"td-module-meta-info\">\r\n                        <div class=\"td-post-author-name\"><a itemprop=\"author\" href=\"https:\/\/arumbear.com\/pa\/author\/jesusviera-ve\/\">Arumbear.com \u2022 Panam\u00e1<\/a> <span>-<\/span> <\/div>                        <div class=\"td-post-date\"><time  itemprop=\"dateCreated\" class=\"entry-date updated td-module-date\" datetime=\"2026-02-14T18:45:12+00:00\" >14 de febrero de 2026<\/time><meta itemprop=\"interactionCount\" content=\"UserComments:0\"\/><\/div>                    <\/div>\r\n                <\/div>\r\n            <\/div>\r\n\r\n            <meta itemprop=\"author\" content = \"Arumbear.com \u2022 Panam\u00e1\"><meta itemprop=\"interactionCount\" content=\"UserComments:0\"\/>        <\/div>\r\n\r\n        <div class=\"td-big-grid-scroll\">\r\n        <div class=\"td_module_mx11 td-animation-stack td-big-grid-post-1 td-big-grid-post td-medium-thumb\" itemscope itemtype=\"https:\/\/schema.org\/Article\">\r\n            <div class=\"td-module-thumb\"><a href=\"https:\/\/arumbear.com\/pa\/lenny-tavarez-lanza-juicy-un-sencillo-centrado-en-el-deseo-y-la-autenticidad\/\" rel=\"bookmark\" title=\"Lenny Tav\u00e1rez lanza \u201cJuicy\u201d, un sencillo centrado en el deseo y la autenticidad\u00a0\"><img loading=\"lazy\" decoding=\"async\" width=\"533\" height=\"261\" itemprop=\"image\" class=\"entry-thumb\" src=\"https:\/\/arumbear.com\/pa\/wp-content\/uploads\/2026\/02\/leny01-533x261.jpg\" alt=\"\" title=\"Lenny Tav\u00e1rez lanza \u201cJuicy\u201d, un sencillo centrado en el deseo y la autenticidad\u00a0\"\/><\/a><\/div>            <div class=\"td-meta-info-container\">\r\n                <div class=\"td-meta-align\">\r\n                    <div class=\"td-big-grid-meta\">\r\n                        <a href=\"https:\/\/arumbear.com\/pa\/category\/musica\/internacional\/\" class=\"td-post-category\">Internacional<\/a>                        <h3 itemprop=\"name\" class=\"entry-title td-module-title\"><a itemprop=\"url\" href=\"https:\/\/arumbear.com\/pa\/lenny-tavarez-lanza-juicy-un-sencillo-centrado-en-el-deseo-y-la-autenticidad\/\" rel=\"bookmark\" title=\"Lenny Tav\u00e1rez lanza \u201cJuicy\u201d, un sencillo centrado en el deseo y la autenticidad\u00a0\">Lenny Tav\u00e1rez lanza \u201cJuicy\u201d, un sencillo centrado en el deseo y la autenticidad\u00a0<\/a><\/h3>                    <\/div>\r\n                <\/div>\r\n            <\/div>\r\n\r\n            <meta itemprop=\"author\" content = \"Arumbear.com \u2022 Panam\u00e1\"><meta itemprop=\"interactionCount\" content=\"UserComments:0\"\/>        <\/div>\r\n\r\n        \r\n        <div class=\"td_module_mx6 td-animation-stack td-big-grid-post-2 td-big-grid-post td-small-thumb\" itemscope itemtype=\"https:\/\/schema.org\/Article\">\r\n            <div class=\"td-module-thumb\"><a href=\"https:\/\/arumbear.com\/pa\/diveana-esta-disgustada\/\" rel=\"bookmark\" title=\"Diveana est\u00e1 \u201cDisgustada\u201d\"><img loading=\"lazy\" decoding=\"async\" width=\"265\" height=\"198\" itemprop=\"image\" class=\"entry-thumb\" src=\"https:\/\/arumbear.com\/pa\/wp-content\/uploads\/2026\/02\/diveana01-265x198.jpg\" alt=\"\" title=\"Diveana est\u00e1 \u201cDisgustada\u201d\"\/><\/a><\/div>            <div class=\"td-meta-info-container\">\r\n                <div class=\"td-meta-align\">\r\n                    <div class=\"td-big-grid-meta\">\r\n                        <a href=\"https:\/\/arumbear.com\/pa\/category\/musica\/internacional\/\" class=\"td-post-category\">Internacional<\/a>                        <h3 itemprop=\"name\" class=\"entry-title td-module-title\"><a itemprop=\"url\" href=\"https:\/\/arumbear.com\/pa\/diveana-esta-disgustada\/\" rel=\"bookmark\" title=\"Diveana est\u00e1 \u201cDisgustada\u201d\">Diveana est\u00e1 \u201cDisgustada\u201d<\/a><\/h3>                    <\/div>\r\n                <\/div>\r\n            <\/div>\r\n            <meta itemprop=\"author\" content = \"Arumbear.com \u2022 Panam\u00e1\"><meta itemprop=\"interactionCount\" content=\"UserComments:0\"\/>        <\/div>\r\n\r\n\r\n        \r\n        <div class=\"td_module_mx6 td-animation-stack td-big-grid-post-3 td-big-grid-post td-small-thumb\" itemscope itemtype=\"https:\/\/schema.org\/Article\">\r\n            <div class=\"td-module-thumb\"><a href=\"https:\/\/arumbear.com\/pa\/lucia-alegria-y-anana-le-cantan-a-un-pais-inmortal\/\" rel=\"bookmark\" title=\"Luc\u00eda Alegr\u00eda y Anan\u00e1 le cantan a un pa\u00eds \u2018Inmortal\u2019\"><img loading=\"lazy\" decoding=\"async\" width=\"265\" height=\"198\" itemprop=\"image\" class=\"entry-thumb\" src=\"https:\/\/arumbear.com\/pa\/wp-content\/uploads\/2026\/02\/lucia01-265x198.jpg\" alt=\"\" title=\"Luc\u00eda Alegr\u00eda y Anan\u00e1 le cantan a un pa\u00eds \u2018Inmortal\u2019\"\/><\/a><\/div>            <div class=\"td-meta-info-container\">\r\n                <div class=\"td-meta-align\">\r\n                    <div class=\"td-big-grid-meta\">\r\n                        <a href=\"https:\/\/arumbear.com\/pa\/category\/musica\/internacional\/\" class=\"td-post-category\">Internacional<\/a>                        <h3 itemprop=\"name\" class=\"entry-title td-module-title\"><a itemprop=\"url\" href=\"https:\/\/arumbear.com\/pa\/lucia-alegria-y-anana-le-cantan-a-un-pais-inmortal\/\" rel=\"bookmark\" title=\"Luc\u00eda Alegr\u00eda y Anan\u00e1 le cantan a un pa\u00eds \u2018Inmortal\u2019\">Luc\u00eda Alegr\u00eda y Anan\u00e1 le cantan a un pa\u00eds \u2018Inmortal\u2019<\/a><\/h3>                    <\/div>\r\n                <\/div>\r\n            <\/div>\r\n            <meta itemprop=\"author\" content = \"Arumbear.com \u2022 Panam\u00e1\"><meta itemprop=\"interactionCount\" content=\"UserComments:0\"\/>        <\/div>\r\n\r\n\r\n        <\/div><\/div><div class=\"clearfix\"><\/div><\/div><\/div> <!-- .\/block --><div class=\"td-a-rec td-a-rec-id-custom_ad_5 \"><div class=\"td-all-devices\"><a href=\"https:\/\/www.instagram.com\/arumbearproducciones\/\" target=\"blank\"><img decoding=\"async\" src=\"https:\/\/arumbear.com\/pa\/wp-content\/uploads\/2019\/10\/BannerArumbearProduccionesPanama1100x120.gif\"\/><\/a><\/div><\/div>\n\t\t<\/div> \n\t<\/div> \n<\/div>    <div  class=\"vc_row wpb_row td-pb-row td-ss-row\">\n<style scoped>\n.td_uid_2_69f3206d2fa9d_rand .td_module_wrap:hover .entry-title a,\r\n            .td_uid_2_69f3206d2fa9d_rand a.td-pulldown-filter-link:hover,\r\n            .td_uid_2_69f3206d2fa9d_rand .td-subcat-item a:hover,\r\n            .td_uid_2_69f3206d2fa9d_rand .td-subcat-item .td-cur-simple-item,\r\n            .td_uid_2_69f3206d2fa9d_rand .td_quote_on_blocks {\r\n                color: #1bb7b2;\r\n            }\r\n\r\n            .td_uid_2_69f3206d2fa9d_rand .td-next-prev-wrap a:hover,\r\n            .td_uid_2_69f3206d2fa9d_rand .td-load-more-wrap a:hover {\r\n                background-color: #1bb7b2;\r\n                border-color: #1bb7b2;\r\n            }\r\n            .td_uid_2_69f3206d2fa9d_rand .td-subcat-dropdown:hover .td-subcat-more,\r\n            .td_uid_2_69f3206d2fa9d_rand .td-post-category:hover {\r\n                background-color: #1bb7b2;\r\n            }\r\n\r\n            .td_uid_2_69f3206d2fa9d_rand .block-title span,\r\n            .td_uid_2_69f3206d2fa9d_rand .td-trending-now-title,\r\n            .td_uid_2_69f3206d2fa9d_rand .block-title a,\r\n            .td_uid_2_69f3206d2fa9d_rand .td-read-more a {\r\n                background-color: #1bb7b2;\r\n            }\r\n\r\n            .td_uid_2_69f3206d2fa9d_rand .block-title {\r\n                border-color: #1bb7b2;\r\n            }\n<\/style>\n<style scoped>\n.td_uid_3_69f3206d33bb6_rand .td_module_wrap:hover .entry-title a,\r\n            .td_uid_3_69f3206d33bb6_rand a.td-pulldown-filter-link:hover,\r\n            .td_uid_3_69f3206d33bb6_rand .td-subcat-item a:hover,\r\n            .td_uid_3_69f3206d33bb6_rand .td-subcat-item .td-cur-simple-item,\r\n            .td_uid_3_69f3206d33bb6_rand .td_quote_on_blocks {\r\n                color: #42aa34;\r\n            }\r\n\r\n            .td_uid_3_69f3206d33bb6_rand .td-next-prev-wrap a:hover,\r\n            .td_uid_3_69f3206d33bb6_rand .td-load-more-wrap a:hover {\r\n                background-color: #42aa34;\r\n                border-color: #42aa34;\r\n            }\r\n            .td_uid_3_69f3206d33bb6_rand .td-subcat-dropdown:hover .td-subcat-more,\r\n            .td_uid_3_69f3206d33bb6_rand .td-post-category:hover {\r\n                background-color: #42aa34;\r\n            }\r\n\r\n            .td_uid_3_69f3206d33bb6_rand .block-title span,\r\n            .td_uid_3_69f3206d33bb6_rand .td-trending-now-title,\r\n            .td_uid_3_69f3206d33bb6_rand .block-title a,\r\n            .td_uid_3_69f3206d33bb6_rand .td-read-more a {\r\n                background-color: #42aa34;\r\n            }\r\n\r\n            .td_uid_3_69f3206d33bb6_rand .block-title {\r\n                border-color: #42aa34;\r\n            }\n<\/style>\n<style scoped>\n.td_uid_4_69f3206d3f7bc_rand .td_module_wrap:hover .entry-title a,\r\n            .td_uid_4_69f3206d3f7bc_rand a.td-pulldown-filter-link:hover,\r\n            .td_uid_4_69f3206d3f7bc_rand .td-subcat-item a:hover,\r\n            .td_uid_4_69f3206d3f7bc_rand .td-subcat-item .td-cur-simple-item,\r\n            .td_uid_4_69f3206d3f7bc_rand .td_quote_on_blocks {\r\n                color: #cc3f2c;\r\n            }\r\n\r\n            .td_uid_4_69f3206d3f7bc_rand .td-next-prev-wrap a:hover,\r\n            .td_uid_4_69f3206d3f7bc_rand .td-load-more-wrap a:hover {\r\n                background-color: #cc3f2c;\r\n                border-color: #cc3f2c;\r\n            }\r\n            .td_uid_4_69f3206d3f7bc_rand .td-subcat-dropdown:hover .td-subcat-more,\r\n            .td_uid_4_69f3206d3f7bc_rand .td-post-category:hover {\r\n                background-color: #cc3f2c;\r\n            }\r\n\r\n            .td_uid_4_69f3206d3f7bc_rand .block-title span,\r\n            .td_uid_4_69f3206d3f7bc_rand .td-trending-now-title,\r\n            .td_uid_4_69f3206d3f7bc_rand .block-title a,\r\n            .td_uid_4_69f3206d3f7bc_rand .td-read-more a {\r\n                background-color: #cc3f2c;\r\n            }\r\n\r\n            .td_uid_4_69f3206d3f7bc_rand .block-title {\r\n                border-color: #cc3f2c;\r\n            }\n<\/style>\n<style scoped>\n.td_uid_5_69f3206d4936b_rand .td_module_wrap:hover .entry-title a,\r\n            .td_uid_5_69f3206d4936b_rand a.td-pulldown-filter-link:hover,\r\n            .td_uid_5_69f3206d4936b_rand .td-subcat-item a:hover,\r\n            .td_uid_5_69f3206d4936b_rand .td-subcat-item .td-cur-simple-item,\r\n            .td_uid_5_69f3206d4936b_rand .td_quote_on_blocks {\r\n                color: #7a7a7a;\r\n            }\r\n\r\n            .td_uid_5_69f3206d4936b_rand .td-next-prev-wrap a:hover,\r\n            .td_uid_5_69f3206d4936b_rand .td-load-more-wrap a:hover {\r\n                background-color: #7a7a7a;\r\n                border-color: #7a7a7a;\r\n            }\r\n            .td_uid_5_69f3206d4936b_rand .td-subcat-dropdown:hover .td-subcat-more,\r\n            .td_uid_5_69f3206d4936b_rand .td-post-category:hover {\r\n                background-color: #7a7a7a;\r\n            }\r\n\r\n            .td_uid_5_69f3206d4936b_rand .block-title span,\r\n            .td_uid_5_69f3206d4936b_rand .td-trending-now-title,\r\n            .td_uid_5_69f3206d4936b_rand .block-title a,\r\n            .td_uid_5_69f3206d4936b_rand .td-read-more a {\r\n                background-color: #7a7a7a;\r\n            }\r\n\r\n            .td_uid_5_69f3206d4936b_rand .block-title {\r\n                border-color: #7a7a7a;\r\n            }\n<\/style>\n<style scoped>\n.td_uid_6_69f3206d50aee_rand .td_module_wrap:hover .entry-title a,\r\n            .td_uid_6_69f3206d50aee_rand a.td-pulldown-filter-link:hover,\r\n            .td_uid_6_69f3206d50aee_rand .td-subcat-item a:hover,\r\n            .td_uid_6_69f3206d50aee_rand .td-subcat-item .td-cur-simple-item,\r\n            .td_uid_6_69f3206d50aee_rand .td_quote_on_blocks {\r\n                color: #ff7505;\r\n            }\r\n\r\n            .td_uid_6_69f3206d50aee_rand .td-next-prev-wrap a:hover,\r\n            .td_uid_6_69f3206d50aee_rand .td-load-more-wrap a:hover {\r\n                background-color: #ff7505;\r\n                border-color: #ff7505;\r\n            }\r\n            .td_uid_6_69f3206d50aee_rand .td-subcat-dropdown:hover .td-subcat-more,\r\n            .td_uid_6_69f3206d50aee_rand .td-post-category:hover {\r\n                background-color: #ff7505;\r\n            }\r\n\r\n            .td_uid_6_69f3206d50aee_rand .block-title span,\r\n            .td_uid_6_69f3206d50aee_rand .td-trending-now-title,\r\n            .td_uid_6_69f3206d50aee_rand .block-title a,\r\n            .td_uid_6_69f3206d50aee_rand .td-read-more a {\r\n                background-color: #ff7505;\r\n            }\r\n\r\n            .td_uid_6_69f3206d50aee_rand .block-title {\r\n                border-color: #ff7505;\r\n            }\n<\/style>\n\t<div class=\"td-pb-span8 wpb_column vc_column_container \">\n\t\t<div class=\"wpb_wrapper\">\n\t\t\t<script>var block_td_uid_2_69f3206d2fa9d = new td_block();\nblock_td_uid_2_69f3206d2fa9d.id = \"td_uid_2_69f3206d2fa9d\";\nblock_td_uid_2_69f3206d2fa9d.atts = '{\"custom_title\":\"CONCIERTOS | RUMBAS | EVENTOS | STAND UP\",\"category_id\":\"28\",\"limit\":\"12\",\"td_filter_default_txt\":\"Todo\",\"header_color\":\"#1bb7b2\",\"ajax_pagination\":\"next_prev\",\"class\":\"td_block_id_486174192 td_uid_2_69f3206d2fa9d_rand\"}';\nblock_td_uid_2_69f3206d2fa9d.td_column_number = \"2\";\nblock_td_uid_2_69f3206d2fa9d.block_type = \"td_block_16\";\nblock_td_uid_2_69f3206d2fa9d.post_count = \"11\";\nblock_td_uid_2_69f3206d2fa9d.found_posts = \"11\";\nblock_td_uid_2_69f3206d2fa9d.header_color = \"#1bb7b2\";\nblock_td_uid_2_69f3206d2fa9d.ajax_pagination_infinite_stop = \"\";\nblock_td_uid_2_69f3206d2fa9d.max_num_pages = \"1\";\ntd_blocks.push(block_td_uid_2_69f3206d2fa9d);\n<\/script><div class=\"td_block_wrap td_block_16 td_block_id_486174192 td_uid_2_69f3206d2fa9d_rand td_with_ajax_pagination td-pb-border-top\"><h4 class=\"block-title\"><span>CONCIERTOS | RUMBAS | EVENTOS | STAND UP<\/span><\/h4><div id=td_uid_2_69f3206d2fa9d class=\"td_block_inner td-column-2\">\n\n\t<div class=\"td-block-row\">\n\n\t<div class=\"td-block-span4\">\n\r\n        <div class=\"td_module_mx7 td_module_wrap td-animation-stack\" itemscope itemtype=\"https:\/\/schema.org\/Article\">\r\n            <div class=\"td-module-image\">\r\n                <div class=\"td-module-thumb\"><a href=\"https:\/\/arumbear.com\/pa\/frida-pintando-la-esperanza\/\" rel=\"bookmark\" title=\"FRIDA Pintando La Esperanza\"><img loading=\"lazy\" decoding=\"async\" width=\"218\" height=\"150\" itemprop=\"image\" class=\"entry-thumb\" src=\"https:\/\/arumbear.com\/pa\/wp-content\/uploads\/2026\/03\/frida01-218x150.jpg\" alt=\"\" title=\"FRIDA Pintando La Esperanza\"\/><\/a><\/div>                            <\/div>\r\n\r\n            <div class=\"item-details\">\r\n                <h3 itemprop=\"name\" class=\"entry-title td-module-title\"><a itemprop=\"url\" href=\"https:\/\/arumbear.com\/pa\/frida-pintando-la-esperanza\/\" rel=\"bookmark\" title=\"FRIDA Pintando La Esperanza\">FRIDA Pintando La Esperanza<\/a><\/h3>\r\n                <div class=\"td-module-meta-info\">\r\n                    <div class=\"td-post-author-name\"><a itemprop=\"author\" href=\"https:\/\/arumbear.com\/pa\/author\/jesusviera-ve\/\">Arumbear.com \u2022 Panam\u00e1<\/a> <span>-<\/span> <\/div>                    <div class=\"td-post-date\"><time  itemprop=\"dateCreated\" class=\"entry-date updated td-module-date\" datetime=\"2026-03-23T21:09:21+00:00\" >23 de marzo de 2026<\/time><meta itemprop=\"interactionCount\" content=\"UserComments:0\"\/><\/div>                    <div class=\"td-module-comments\"><a href=\"https:\/\/arumbear.com\/pa\/frida-pintando-la-esperanza\/#respond\">0<\/a><\/div>                <\/div>\r\n\r\n                <div class=\"td-excerpt\">\r\n                    \nUn espect\u00e1culo musical dramatizado que revive la vida y el arte de Frida...                <\/div>\r\n            <\/div>\r\n\r\n            <meta itemprop=\"author\" content = \"Arumbear.com \u2022 Panam\u00e1\"><meta itemprop=\"interactionCount\" content=\"UserComments:0\"\/>\r\n        <\/div>\r\n\r\n        \n\t<\/div> <!-- .\/td-block-span4 -->\n\n\t<div class=\"td-block-span4\">\n\r\n        <div class=\"td_module_mx7 td_module_wrap td-animation-stack\" itemscope itemtype=\"https:\/\/schema.org\/Article\">\r\n            <div class=\"td-module-image\">\r\n                <div class=\"td-module-thumb\"><a href=\"https:\/\/arumbear.com\/pa\/diego-el-cigala-tour-internacional-20-anos-de-lagrimas\/\" rel=\"bookmark\" title=\"Diego El Cigala, tour internacional: \u00ab20 a\u00f1os de L\u00e1grimas\u00bb\"><img loading=\"lazy\" decoding=\"async\" width=\"218\" height=\"150\" itemprop=\"image\" class=\"entry-thumb\" src=\"https:\/\/arumbear.com\/pa\/wp-content\/uploads\/2026\/03\/diegoelcigala-218x150.jpg\" alt=\"\" title=\"Diego El Cigala, tour internacional: \u00ab20 a\u00f1os de L\u00e1grimas\u00bb\"\/><\/a><\/div>                            <\/div>\r\n\r\n            <div class=\"item-details\">\r\n                <h3 itemprop=\"name\" class=\"entry-title td-module-title\"><a itemprop=\"url\" href=\"https:\/\/arumbear.com\/pa\/diego-el-cigala-tour-internacional-20-anos-de-lagrimas\/\" rel=\"bookmark\" title=\"Diego El Cigala, tour internacional: \u00ab20 a\u00f1os de L\u00e1grimas\u00bb\">Diego El Cigala, tour internacional: \u00ab20 a\u00f1os de L\u00e1grimas\u00bb<\/a><\/h3>\r\n                <div class=\"td-module-meta-info\">\r\n                    <div class=\"td-post-author-name\"><a itemprop=\"author\" href=\"https:\/\/arumbear.com\/pa\/author\/jesusviera-ve\/\">Arumbear.com \u2022 Panam\u00e1<\/a> <span>-<\/span> <\/div>                    <div class=\"td-post-date\"><time  itemprop=\"dateCreated\" class=\"entry-date updated td-module-date\" datetime=\"2026-03-11T15:42:22+00:00\" >11 de marzo de 2026<\/time><meta itemprop=\"interactionCount\" content=\"UserComments:0\"\/><\/div>                    <div class=\"td-module-comments\"><a href=\"https:\/\/arumbear.com\/pa\/diego-el-cigala-tour-internacional-20-anos-de-lagrimas\/#respond\">0<\/a><\/div>                <\/div>\r\n\r\n                <div class=\"td-excerpt\">\r\n                    \nDiego El Cigala, una de las figuras m\u00e1s importantes del flamenco contempor\u00e1neo, llega...                <\/div>\r\n            <\/div>\r\n\r\n            <meta itemprop=\"author\" content = \"Arumbear.com \u2022 Panam\u00e1\"><meta itemprop=\"interactionCount\" content=\"UserComments:0\"\/>\r\n        <\/div>\r\n\r\n        \n\t<\/div> <!-- .\/td-block-span4 -->\n\n\t<div class=\"td-block-span4\">\n\r\n        <div class=\"td_module_mx7 td_module_wrap td-animation-stack\" itemscope itemtype=\"https:\/\/schema.org\/Article\">\r\n            <div class=\"td-module-image\">\r\n                <div class=\"td-module-thumb\"><a href=\"https:\/\/arumbear.com\/pa\/llega-a-panama-glow-art-experience\/\" rel=\"bookmark\" title=\"Llega a Panam\u00e1 Glow Art Experience\"><img loading=\"lazy\" decoding=\"async\" width=\"218\" height=\"150\" itemprop=\"image\" class=\"entry-thumb\" src=\"https:\/\/arumbear.com\/pa\/wp-content\/uploads\/2026\/02\/glowpanama-218x150.jpg\" alt=\"\" title=\"Llega a Panam\u00e1 Glow Art Experience\"\/><\/a><\/div>                            <\/div>\r\n\r\n            <div class=\"item-details\">\r\n                <h3 itemprop=\"name\" class=\"entry-title td-module-title\"><a itemprop=\"url\" href=\"https:\/\/arumbear.com\/pa\/llega-a-panama-glow-art-experience\/\" rel=\"bookmark\" title=\"Llega a Panam\u00e1 Glow Art Experience\">Llega a Panam\u00e1 Glow Art Experience<\/a><\/h3>\r\n                <div class=\"td-module-meta-info\">\r\n                    <div class=\"td-post-author-name\"><a itemprop=\"author\" href=\"https:\/\/arumbear.com\/pa\/author\/jesusviera-ve\/\">Arumbear.com \u2022 Panam\u00e1<\/a> <span>-<\/span> <\/div>                    <div class=\"td-post-date\"><time  itemprop=\"dateCreated\" class=\"entry-date updated td-module-date\" datetime=\"2026-02-24T20:19:03+00:00\" >24 de febrero de 2026<\/time><meta itemprop=\"interactionCount\" content=\"UserComments:0\"\/><\/div>                    <div class=\"td-module-comments\"><a href=\"https:\/\/arumbear.com\/pa\/llega-a-panama-glow-art-experience\/#respond\">0<\/a><\/div>                <\/div>\r\n\r\n                <div class=\"td-excerpt\">\r\n                    \nEl fen\u00f3meno mundial de arte inflable y tecnolog\u00eda, a partir de este 26...                <\/div>\r\n            <\/div>\r\n\r\n            <meta itemprop=\"author\" content = \"Arumbear.com \u2022 Panam\u00e1\"><meta itemprop=\"interactionCount\" content=\"UserComments:0\"\/>\r\n        <\/div>\r\n\r\n        \n\t<\/div> <!-- .\/td-block-span4 --><\/div><!--.\/row-fluid-->\n\n\t<div class=\"td-block-row\">\n\n\t<div class=\"td-block-span4\">\n\r\n        <div class=\"td_module_mx7 td_module_wrap td-animation-stack\" itemscope itemtype=\"https:\/\/schema.org\/Article\">\r\n            <div class=\"td-module-image\">\r\n                <div class=\"td-module-thumb\"><a href=\"https:\/\/arumbear.com\/pa\/michel-gallero-el-mentalista\/\" rel=\"bookmark\" title=\"Michel Gallero &#8211; El Mentalista\"><img loading=\"lazy\" decoding=\"async\" width=\"218\" height=\"150\" itemprop=\"image\" class=\"entry-thumb\" src=\"https:\/\/arumbear.com\/pa\/wp-content\/uploads\/2026\/01\/michelpanama-218x150.jpg\" alt=\"\" title=\"Michel Gallero &#8211; El Mentalista\"\/><\/a><\/div>                            <\/div>\r\n\r\n            <div class=\"item-details\">\r\n                <h3 itemprop=\"name\" class=\"entry-title td-module-title\"><a itemprop=\"url\" href=\"https:\/\/arumbear.com\/pa\/michel-gallero-el-mentalista\/\" rel=\"bookmark\" title=\"Michel Gallero &#8211; El Mentalista\">Michel Gallero &#8211; El Mentalista<\/a><\/h3>\r\n                <div class=\"td-module-meta-info\">\r\n                    <div class=\"td-post-author-name\"><a itemprop=\"author\" href=\"https:\/\/arumbear.com\/pa\/author\/jesusviera-ve\/\">Arumbear.com \u2022 Panam\u00e1<\/a> <span>-<\/span> <\/div>                    <div class=\"td-post-date\"><time  itemprop=\"dateCreated\" class=\"entry-date updated td-module-date\" datetime=\"2026-01-25T14:06:37+00:00\" >25 de enero de 2026<\/time><meta itemprop=\"interactionCount\" content=\"UserComments:0\"\/><\/div>                    <div class=\"td-module-comments\"><a href=\"https:\/\/arumbear.com\/pa\/michel-gallero-el-mentalista\/#respond\">0<\/a><\/div>                <\/div>\r\n\r\n                <div class=\"td-excerpt\">\r\n                    \n\u00a1Regresa a Ciudad de Panama, Michel Gallero! El Mentalista m\u00e1s reconocido de Am\u00e9rica...                <\/div>\r\n            <\/div>\r\n\r\n            <meta itemprop=\"author\" content = \"Arumbear.com \u2022 Panam\u00e1\"><meta itemprop=\"interactionCount\" content=\"UserComments:0\"\/>\r\n        <\/div>\r\n\r\n        \n\t<\/div> <!-- .\/td-block-span4 -->\n\n\t<div class=\"td-block-span4\">\n\r\n        <div class=\"td_module_mx7 td_module_wrap td-animation-stack\" itemscope itemtype=\"https:\/\/schema.org\/Article\">\r\n            <div class=\"td-module-image\">\r\n                <div class=\"td-module-thumb\"><a href=\"https:\/\/arumbear.com\/pa\/akapellah\/\" rel=\"bookmark\" title=\"Akapellah en Panam\u00e1\"><img loading=\"lazy\" decoding=\"async\" width=\"218\" height=\"150\" itemprop=\"image\" class=\"entry-thumb\" src=\"https:\/\/arumbear.com\/pa\/wp-content\/uploads\/2026\/01\/akapelahpanama-218x150.jpg\" alt=\"\" title=\"Akapellah en Panam\u00e1\"\/><\/a><\/div>                            <\/div>\r\n\r\n            <div class=\"item-details\">\r\n                <h3 itemprop=\"name\" class=\"entry-title td-module-title\"><a itemprop=\"url\" href=\"https:\/\/arumbear.com\/pa\/akapellah\/\" rel=\"bookmark\" title=\"Akapellah en Panam\u00e1\">Akapellah en Panam\u00e1<\/a><\/h3>\r\n                <div class=\"td-module-meta-info\">\r\n                    <div class=\"td-post-author-name\"><a itemprop=\"author\" href=\"https:\/\/arumbear.com\/pa\/author\/jesusviera-ve\/\">Arumbear.com \u2022 Panam\u00e1<\/a> <span>-<\/span> <\/div>                    <div class=\"td-post-date\"><time  itemprop=\"dateCreated\" class=\"entry-date updated td-module-date\" datetime=\"2026-01-25T13:48:01+00:00\" >25 de enero de 2026<\/time><meta itemprop=\"interactionCount\" content=\"UserComments:0\"\/><\/div>                    <div class=\"td-module-comments\"><a href=\"https:\/\/arumbear.com\/pa\/akapellah\/#respond\">0<\/a><\/div>                <\/div>\r\n\r\n                <div class=\"td-excerpt\">\r\n                    \n\nEVENTO\/ARTISTA: Akapellah\n\n\n\nFECHA: Lunes 13 de Abril\n                <\/div>\r\n            <\/div>\r\n\r\n            <meta itemprop=\"author\" content = \"Arumbear.com \u2022 Panam\u00e1\"><meta itemprop=\"interactionCount\" content=\"UserComments:0\"\/>\r\n        <\/div>\r\n\r\n        \n\t<\/div> <!-- .\/td-block-span4 -->\n\n\t<div class=\"td-block-span4\">\n\r\n        <div class=\"td_module_mx7 td_module_wrap td-animation-stack\" itemscope itemtype=\"https:\/\/schema.org\/Article\">\r\n            <div class=\"td-module-image\">\r\n                <div class=\"td-module-thumb\"><a href=\"https:\/\/arumbear.com\/pa\/nacho-redondo-en-vivo\/\" rel=\"bookmark\" title=\"Nacho Redondo En Vivo\"><img loading=\"lazy\" decoding=\"async\" width=\"218\" height=\"150\" itemprop=\"image\" class=\"entry-thumb\" src=\"https:\/\/arumbear.com\/pa\/wp-content\/uploads\/2026\/01\/nachopanama-218x150.jpg\" alt=\"\" title=\"Nacho Redondo En Vivo\"\/><\/a><\/div>                            <\/div>\r\n\r\n            <div class=\"item-details\">\r\n                <h3 itemprop=\"name\" class=\"entry-title td-module-title\"><a itemprop=\"url\" href=\"https:\/\/arumbear.com\/pa\/nacho-redondo-en-vivo\/\" rel=\"bookmark\" title=\"Nacho Redondo En Vivo\">Nacho Redondo En Vivo<\/a><\/h3>\r\n                <div class=\"td-module-meta-info\">\r\n                    <div class=\"td-post-author-name\"><a itemprop=\"author\" href=\"https:\/\/arumbear.com\/pa\/author\/jesusviera-ve\/\">Arumbear.com \u2022 Panam\u00e1<\/a> <span>-<\/span> <\/div>                    <div class=\"td-post-date\"><time  itemprop=\"dateCreated\" class=\"entry-date updated td-module-date\" datetime=\"2026-01-25T13:30:40+00:00\" >25 de enero de 2026<\/time><meta itemprop=\"interactionCount\" content=\"UserComments:0\"\/><\/div>                    <div class=\"td-module-comments\"><a href=\"https:\/\/arumbear.com\/pa\/nacho-redondo-en-vivo\/#respond\">0<\/a><\/div>                <\/div>\r\n\r\n                <div class=\"td-excerpt\">\r\n                    \nNacho Redondo es un comediante venezolano que reside en la Ciudad de M\u00e9xico....                <\/div>\r\n            <\/div>\r\n\r\n            <meta itemprop=\"author\" content = \"Arumbear.com \u2022 Panam\u00e1\"><meta itemprop=\"interactionCount\" content=\"UserComments:0\"\/>\r\n        <\/div>\r\n\r\n        \n\t<\/div> <!-- .\/td-block-span4 --><\/div><!--.\/row-fluid-->\n\n\t<div class=\"td-block-row\">\n\n\t<div class=\"td-block-span4\">\n\r\n        <div class=\"td_module_mx7 td_module_wrap td-animation-stack\" itemscope itemtype=\"https:\/\/schema.org\/Article\">\r\n            <div class=\"td-module-image\">\r\n                <div class=\"td-module-thumb\"><a href=\"https:\/\/arumbear.com\/pa\/zapato-3-rimas-y-cicatrices-tour-2026\/\" rel=\"bookmark\" title=\"Zapato 3 \u2013 Rimas y Cicatrices Tour 2026\"><img loading=\"lazy\" decoding=\"async\" width=\"218\" height=\"150\" itemprop=\"image\" class=\"entry-thumb\" src=\"https:\/\/arumbear.com\/pa\/wp-content\/uploads\/2026\/01\/zapato3panama-218x150.jpg\" alt=\"\" title=\"Zapato 3 \u2013 Rimas y Cicatrices Tour 2026\"\/><\/a><\/div>                            <\/div>\r\n\r\n            <div class=\"item-details\">\r\n                <h3 itemprop=\"name\" class=\"entry-title td-module-title\"><a itemprop=\"url\" href=\"https:\/\/arumbear.com\/pa\/zapato-3-rimas-y-cicatrices-tour-2026\/\" rel=\"bookmark\" title=\"Zapato 3 \u2013 Rimas y Cicatrices Tour 2026\">Zapato 3 \u2013 Rimas y Cicatrices Tour 2026<\/a><\/h3>\r\n                <div class=\"td-module-meta-info\">\r\n                    <div class=\"td-post-author-name\"><a itemprop=\"author\" href=\"https:\/\/arumbear.com\/pa\/author\/jesusviera-ve\/\">Arumbear.com \u2022 Panam\u00e1<\/a> <span>-<\/span> <\/div>                    <div class=\"td-post-date\"><time  itemprop=\"dateCreated\" class=\"entry-date updated td-module-date\" datetime=\"2026-01-25T13:12:37+00:00\" >25 de enero de 2026<\/time><meta itemprop=\"interactionCount\" content=\"UserComments:0\"\/><\/div>                    <div class=\"td-module-comments\"><a href=\"https:\/\/arumbear.com\/pa\/zapato-3-rimas-y-cicatrices-tour-2026\/#respond\">0<\/a><\/div>                <\/div>\r\n\r\n                <div class=\"td-excerpt\">\r\n                    \n\nEVENTO\/ARTISTA: Zapato 3 \u2013 Rimas y Cicatrices Tour 2026\n\n\n                <\/div>\r\n            <\/div>\r\n\r\n            <meta itemprop=\"author\" content = \"Arumbear.com \u2022 Panam\u00e1\"><meta itemprop=\"interactionCount\" content=\"UserComments:0\"\/>\r\n        <\/div>\r\n\r\n        \n\t<\/div> <!-- .\/td-block-span4 -->\n\n\t<div class=\"td-block-span4\">\n\r\n        <div class=\"td_module_mx7 td_module_wrap td-animation-stack\" itemscope itemtype=\"https:\/\/schema.org\/Article\">\r\n            <div class=\"td-module-image\">\r\n                <div class=\"td-module-thumb\"><a href=\"https:\/\/arumbear.com\/pa\/jesse-joy-el-despecho-tour\/\" rel=\"bookmark\" title=\"Jesse &amp; Joy \u00abEl Despecho Tour\u00bb\"><img loading=\"lazy\" decoding=\"async\" width=\"218\" height=\"150\" itemprop=\"image\" class=\"entry-thumb\" src=\"https:\/\/arumbear.com\/pa\/wp-content\/uploads\/2026\/01\/jessejoypanama-218x150.jpg\" alt=\"\" title=\"Jesse &amp; Joy \u00abEl Despecho Tour\u00bb\"\/><\/a><\/div>                            <\/div>\r\n\r\n            <div class=\"item-details\">\r\n                <h3 itemprop=\"name\" class=\"entry-title td-module-title\"><a itemprop=\"url\" href=\"https:\/\/arumbear.com\/pa\/jesse-joy-el-despecho-tour\/\" rel=\"bookmark\" title=\"Jesse &amp; Joy \u00abEl Despecho Tour\u00bb\">Jesse &amp; Joy \u00abEl Despecho Tour\u00bb<\/a><\/h3>\r\n                <div class=\"td-module-meta-info\">\r\n                    <div class=\"td-post-author-name\"><a itemprop=\"author\" href=\"https:\/\/arumbear.com\/pa\/author\/jesusviera-ve\/\">Arumbear.com \u2022 Panam\u00e1<\/a> <span>-<\/span> <\/div>                    <div class=\"td-post-date\"><time  itemprop=\"dateCreated\" class=\"entry-date updated td-module-date\" datetime=\"2026-01-21T16:06:26+00:00\" >21 de enero de 2026<\/time><meta itemprop=\"interactionCount\" content=\"UserComments:0\"\/><\/div>                    <div class=\"td-module-comments\"><a href=\"https:\/\/arumbear.com\/pa\/jesse-joy-el-despecho-tour\/#respond\">0<\/a><\/div>                <\/div>\r\n\r\n                <div class=\"td-excerpt\">\r\n                    \nEl d\u00fao mexicano m\u00e1s querido del pop latino, Jesse &amp; Joy, regresa a...                <\/div>\r\n            <\/div>\r\n\r\n            <meta itemprop=\"author\" content = \"Arumbear.com \u2022 Panam\u00e1\"><meta itemprop=\"interactionCount\" content=\"UserComments:0\"\/>\r\n        <\/div>\r\n\r\n        \n\t<\/div> <!-- .\/td-block-span4 -->\n\n\t<div class=\"td-block-span4\">\n\r\n        <div class=\"td_module_mx7 td_module_wrap td-animation-stack\" itemscope itemtype=\"https:\/\/schema.org\/Article\">\r\n            <div class=\"td-module-image\">\r\n                <div class=\"td-module-thumb\"><a href=\"https:\/\/arumbear.com\/pa\/stage-dance-panama-2026\/\" rel=\"bookmark\" title=\"Stage Dance Panam\u00e1 2026\"><img loading=\"lazy\" decoding=\"async\" width=\"218\" height=\"150\" itemprop=\"image\" class=\"entry-thumb\" src=\"https:\/\/arumbear.com\/pa\/wp-content\/uploads\/2026\/01\/stagepanama-218x150.jpg\" alt=\"\" title=\"Stage Dance Panam\u00e1 2026\"\/><\/a><\/div>                            <\/div>\r\n\r\n            <div class=\"item-details\">\r\n                <h3 itemprop=\"name\" class=\"entry-title td-module-title\"><a itemprop=\"url\" href=\"https:\/\/arumbear.com\/pa\/stage-dance-panama-2026\/\" rel=\"bookmark\" title=\"Stage Dance Panam\u00e1 2026\">Stage Dance Panam\u00e1 2026<\/a><\/h3>\r\n                <div class=\"td-module-meta-info\">\r\n                    <div class=\"td-post-author-name\"><a itemprop=\"author\" href=\"https:\/\/arumbear.com\/pa\/author\/jesusviera-ve\/\">Arumbear.com \u2022 Panam\u00e1<\/a> <span>-<\/span> <\/div>                    <div class=\"td-post-date\"><time  itemprop=\"dateCreated\" class=\"entry-date updated td-module-date\" datetime=\"2026-01-21T15:54:41+00:00\" >21 de enero de 2026<\/time><meta itemprop=\"interactionCount\" content=\"UserComments:0\"\/><\/div>                    <div class=\"td-module-comments\"><a href=\"https:\/\/arumbear.com\/pa\/stage-dance-panama-2026\/#respond\">0<\/a><\/div>                <\/div>\r\n\r\n                <div class=\"td-excerpt\">\r\n                    \nEVENTO\/ARTISTA: Stage Dance Panam\u00e1 2026FECHA: 16 de Julio: Workshops y Registro | Competencia:...                <\/div>\r\n            <\/div>\r\n\r\n            <meta itemprop=\"author\" content = \"Arumbear.com \u2022 Panam\u00e1\"><meta itemprop=\"interactionCount\" content=\"UserComments:0\"\/>\r\n        <\/div>\r\n\r\n        \n\t<\/div> <!-- .\/td-block-span4 --><\/div><!--.\/row-fluid-->\n\n\t<div class=\"td-block-row\">\n\n\t<div class=\"td-block-span4\">\n\r\n        <div class=\"td_module_mx7 td_module_wrap td-animation-stack\" itemscope itemtype=\"https:\/\/schema.org\/Article\">\r\n            <div class=\"td-module-image\">\r\n                <div class=\"td-module-thumb\"><a href=\"https:\/\/arumbear.com\/pa\/dream-theater-llega-a-panama-con-an-evening-with-dream-theater\/\" rel=\"bookmark\" title=\"Dream Theater llega a Panam\u00e1 con \u201cAn evening with dream theater\u201d\"><img loading=\"lazy\" decoding=\"async\" width=\"218\" height=\"150\" itemprop=\"image\" class=\"entry-thumb\" src=\"https:\/\/arumbear.com\/pa\/wp-content\/uploads\/2026\/01\/dreampanama-218x150.jpg\" alt=\"\" title=\"Dream Theater llega a Panam\u00e1 con \u201cAn evening with dream theater\u201d\"\/><\/a><\/div>                            <\/div>\r\n\r\n            <div class=\"item-details\">\r\n                <h3 itemprop=\"name\" class=\"entry-title td-module-title\"><a itemprop=\"url\" href=\"https:\/\/arumbear.com\/pa\/dream-theater-llega-a-panama-con-an-evening-with-dream-theater\/\" rel=\"bookmark\" title=\"Dream Theater llega a Panam\u00e1 con \u201cAn evening with dream theater\u201d\">Dream Theater llega a Panam\u00e1 con \u201cAn evening with dream theater\u201d<\/a><\/h3>\r\n                <div class=\"td-module-meta-info\">\r\n                    <div class=\"td-post-author-name\"><a itemprop=\"author\" href=\"https:\/\/arumbear.com\/pa\/author\/jesusviera-ve\/\">Arumbear.com \u2022 Panam\u00e1<\/a> <span>-<\/span> <\/div>                    <div class=\"td-post-date\"><time  itemprop=\"dateCreated\" class=\"entry-date updated td-module-date\" datetime=\"2026-01-21T15:37:22+00:00\" >21 de enero de 2026<\/time><meta itemprop=\"interactionCount\" content=\"UserComments:0\"\/><\/div>                    <div class=\"td-module-comments\"><a href=\"https:\/\/arumbear.com\/pa\/dream-theater-llega-a-panama-con-an-evening-with-dream-theater\/#respond\">0<\/a><\/div>                <\/div>\r\n\r\n                <div class=\"td-excerpt\">\r\n                    \nTras su exitosa gira norteamericana con entradas agotadas por el 40\u00ba aniversario, que...                <\/div>\r\n            <\/div>\r\n\r\n            <meta itemprop=\"author\" content = \"Arumbear.com \u2022 Panam\u00e1\"><meta itemprop=\"interactionCount\" content=\"UserComments:0\"\/>\r\n        <\/div>\r\n\r\n        \n\t<\/div> <!-- .\/td-block-span4 -->\n\n\t<div class=\"td-block-span4\">\n\r\n        <div class=\"td_module_mx7 td_module_wrap td-animation-stack\" itemscope itemtype=\"https:\/\/schema.org\/Article\">\r\n            <div class=\"td-module-image\">\r\n                <div class=\"td-module-thumb\"><a href=\"https:\/\/arumbear.com\/pa\/popular-led-varela-en-panama\/\" rel=\"bookmark\" title=\"\u00abPopular\u00bb &#8211; Led Varela en Panam\u00e1\"><img loading=\"lazy\" decoding=\"async\" width=\"218\" height=\"150\" itemprop=\"image\" class=\"entry-thumb\" src=\"https:\/\/arumbear.com\/pa\/wp-content\/uploads\/2026\/01\/ledpanama-218x150.jpg\" alt=\"\" title=\"\u00abPopular\u00bb &#8211; Led Varela en Panam\u00e1\"\/><\/a><\/div>                            <\/div>\r\n\r\n            <div class=\"item-details\">\r\n                <h3 itemprop=\"name\" class=\"entry-title td-module-title\"><a itemprop=\"url\" href=\"https:\/\/arumbear.com\/pa\/popular-led-varela-en-panama\/\" rel=\"bookmark\" title=\"\u00abPopular\u00bb &#8211; Led Varela en Panam\u00e1\">\u00abPopular\u00bb &#8211; Led Varela en Panam\u00e1<\/a><\/h3>\r\n                <div class=\"td-module-meta-info\">\r\n                    <div class=\"td-post-author-name\"><a itemprop=\"author\" href=\"https:\/\/arumbear.com\/pa\/author\/jesusviera-ve\/\">Arumbear.com \u2022 Panam\u00e1<\/a> <span>-<\/span> <\/div>                    <div class=\"td-post-date\"><time  itemprop=\"dateCreated\" class=\"entry-date updated td-module-date\" datetime=\"2026-01-21T15:25:56+00:00\" >21 de enero de 2026<\/time><meta itemprop=\"interactionCount\" content=\"UserComments:0\"\/><\/div>                    <div class=\"td-module-comments\"><a href=\"https:\/\/arumbear.com\/pa\/popular-led-varela-en-panama\/#respond\">0<\/a><\/div>                <\/div>\r\n\r\n                <div class=\"td-excerpt\">\r\n                    \nLed Varela es un comediante, escritor y actor venezolano-uruguayo que ha construido una...                <\/div>\r\n            <\/div>\r\n\r\n            <meta itemprop=\"author\" content = \"Arumbear.com \u2022 Panam\u00e1\"><meta itemprop=\"interactionCount\" content=\"UserComments:0\"\/>\r\n        <\/div>\r\n\r\n        \n\t<\/div> <!-- .\/td-block-span4 --><\/div><!--.\/row-fluid--><\/div><div class=\"td-next-prev-wrap\"><a href=\"#\" class=\"td-ajax-prev-page ajax-page-disabled\" id=\"prev-page-td_uid_2_69f3206d2fa9d\" data-td_block_id=\"td_uid_2_69f3206d2fa9d\"><i class=\"td-icon-font td-icon-menu-left\"><\/i><\/a><a href=\"#\"  class=\"td-ajax-next-page ajax-page-disabled\" id=\"next-page-td_uid_2_69f3206d2fa9d\" data-td_block_id=\"td_uid_2_69f3206d2fa9d\"><i class=\"td-icon-font td-icon-menu-right\"><\/i><\/a><\/div><\/div> <!-- .\/block --><script>var block_td_uid_3_69f3206d33bb6 = new td_block();\nblock_td_uid_3_69f3206d33bb6.id = \"td_uid_3_69f3206d33bb6\";\nblock_td_uid_3_69f3206d33bb6.atts = '{\"custom_title\":\"M\\u00daSICA | NACIONAL E INTERNACIONAL\",\"header_color\":\"#42aa34\",\"category_id\":\"230\",\"limit\":\"6\",\"td_filter_default_txt\":\"Todo\",\"ajax_pagination\":\"next_prev\",\"class\":\"td_block_id_2319643982 td_uid_3_69f3206d33bb6_rand\"}';\nblock_td_uid_3_69f3206d33bb6.td_column_number = \"2\";\nblock_td_uid_3_69f3206d33bb6.block_type = \"td_block_1\";\nblock_td_uid_3_69f3206d33bb6.post_count = \"6\";\nblock_td_uid_3_69f3206d33bb6.found_posts = \"341\";\nblock_td_uid_3_69f3206d33bb6.header_color = \"#42aa34\";\nblock_td_uid_3_69f3206d33bb6.ajax_pagination_infinite_stop = \"\";\nblock_td_uid_3_69f3206d33bb6.max_num_pages = \"57\";\ntd_blocks.push(block_td_uid_3_69f3206d33bb6);\n<\/script><div class=\"td_block_wrap td_block_1 td_block_id_2319643982 td_uid_3_69f3206d33bb6_rand td_with_ajax_pagination td-pb-border-top\"><h4 class=\"block-title\"><span>M\u00daSICA | NACIONAL E INTERNACIONAL<\/span><\/h4><div id=td_uid_3_69f3206d33bb6 class=\"td_block_inner\">\n\n\t<div class=\"td-block-row\">\n\n\t<div class=\"td-block-span6\">\n\r\n        <div class=\"td_module_4 td_module_wrap td-animation-stack\" itemscope itemtype=\"https:\/\/schema.org\/Article\">\r\n            <div class=\"td-module-image\">\r\n                <div class=\"td-module-thumb\"><a href=\"https:\/\/arumbear.com\/pa\/jose-y-el-toro-el-cantautor-venezolano-que-resuena-en-latinoamerica\/\" rel=\"bookmark\" title=\"Jos\u00e9 y el Toro el cantautor venezolano que resuena en Latinoam\u00e9rica\"><img loading=\"lazy\" decoding=\"async\" width=\"324\" height=\"235\" itemprop=\"image\" class=\"entry-thumb\" src=\"https:\/\/arumbear.com\/pa\/wp-content\/uploads\/2026\/04\/jose01-324x235.jpg\" alt=\"\" title=\"Jos\u00e9 y el Toro el cantautor venezolano que resuena en Latinoam\u00e9rica\"\/><\/a><\/div>                <a href=\"https:\/\/arumbear.com\/pa\/category\/musica\/internacional\/\" class=\"td-post-category\">Internacional<\/a>            <\/div>\r\n\r\n            <h3 itemprop=\"name\" class=\"entry-title td-module-title\"><a itemprop=\"url\" href=\"https:\/\/arumbear.com\/pa\/jose-y-el-toro-el-cantautor-venezolano-que-resuena-en-latinoamerica\/\" rel=\"bookmark\" title=\"Jos\u00e9 y el Toro el cantautor venezolano que resuena en Latinoam\u00e9rica\">Jos\u00e9 y el Toro el cantautor venezolano que resuena en Latinoam\u00e9rica<\/a><\/h3>\r\n            <div class=\"td-module-meta-info\">\r\n                <div class=\"td-post-author-name\"><a itemprop=\"author\" href=\"https:\/\/arumbear.com\/pa\/author\/jesusviera-ve\/\">Arumbear.com \u2022 Panam\u00e1<\/a> <span>-<\/span> <\/div>                <div class=\"td-post-date\"><time  itemprop=\"dateCreated\" class=\"entry-date updated td-module-date\" datetime=\"2026-04-21T20:29:26+00:00\" >21 de abril de 2026<\/time><meta itemprop=\"interactionCount\" content=\"UserComments:0\"\/><\/div>                <div class=\"td-module-comments\"><a href=\"https:\/\/arumbear.com\/pa\/jose-y-el-toro-el-cantautor-venezolano-que-resuena-en-latinoamerica\/#respond\">0<\/a><\/div>            <\/div>\r\n\r\n            <div class=\"td-excerpt\">\r\n                \n\u201cAunque esto se acabe\u201d es el nombre del nuevo \u00e1lbum del artista venezolano, cuyo lanzamiento est\u00e1 previsto para el pr\u00f3ximo 30 de...            <\/div>\r\n\r\n            \r\n            <meta itemprop=\"author\" content = \"Arumbear.com \u2022 Panam\u00e1\"><meta itemprop=\"interactionCount\" content=\"UserComments:0\"\/>\r\n        <\/div>\r\n\r\n        \n\t<\/div> <!-- .\/td-block-span6 -->\n\n\t<div class=\"td-block-span6\">\n\r\n        <div class=\"td_module_6 td_module_wrap td-animation-stack\" itemscope itemtype=\"https:\/\/schema.org\/Article\">\r\n\r\n        <div class=\"td-module-thumb\"><a href=\"https:\/\/arumbear.com\/pa\/chyno-y-nacho-regresan-con-radio-venezuela-el-disco-que-une-a-una-nacion-desde-la-distancia\/\" rel=\"bookmark\" title=\"CHYNO Y NACHO regresan con RADIO VENEZUELA: el disco que une a una naci\u00f3n desde la distancia\"><img loading=\"lazy\" decoding=\"async\" width=\"100\" height=\"70\" itemprop=\"image\" class=\"entry-thumb\" src=\"https:\/\/arumbear.com\/pa\/wp-content\/uploads\/2026\/04\/chyno01-100x70.jpg\" alt=\"\" title=\"CHYNO Y NACHO regresan con RADIO VENEZUELA: el disco que une a una naci\u00f3n desde la distancia\"\/><\/a><\/div>\r\n        <div class=\"item-details\">\r\n            <h3 itemprop=\"name\" class=\"entry-title td-module-title\"><a itemprop=\"url\" href=\"https:\/\/arumbear.com\/pa\/chyno-y-nacho-regresan-con-radio-venezuela-el-disco-que-une-a-una-nacion-desde-la-distancia\/\" rel=\"bookmark\" title=\"CHYNO Y NACHO regresan con RADIO VENEZUELA: el disco que une a una naci\u00f3n desde la distancia\">CHYNO Y NACHO regresan con RADIO VENEZUELA: el disco que une...<\/a><\/h3>            <div class=\"td-module-meta-info\">\r\n                                                <div class=\"td-post-date\"><time  itemprop=\"dateCreated\" class=\"entry-date updated td-module-date\" datetime=\"2026-04-13T21:31:05+00:00\" >13 de abril de 2026<\/time><meta itemprop=\"interactionCount\" content=\"UserComments:0\"\/><\/div>                            <\/div>\r\n        <\/div>\r\n        <meta itemprop=\"author\" content = \"Arumbear.com \u2022 Panam\u00e1\"><meta itemprop=\"interactionCount\" content=\"UserComments:0\"\/>        <\/div>\r\n\r\n        \r\n        <div class=\"td_module_6 td_module_wrap td-animation-stack\" itemscope itemtype=\"https:\/\/schema.org\/Article\">\r\n\r\n        <div class=\"td-module-thumb\"><a href=\"https:\/\/arumbear.com\/pa\/danny-ocean-consolida-su-impacto-global-con-tres-albumes-que-superan-el-billon-de-reproducciones\/\" rel=\"bookmark\" title=\"Danny Ocean consolida su impacto global con tres \u00e1lbumes que superan el bill\u00f3n de reproducciones\"><img loading=\"lazy\" decoding=\"async\" width=\"100\" height=\"70\" itemprop=\"image\" class=\"entry-thumb\" src=\"https:\/\/arumbear.com\/pa\/wp-content\/uploads\/2026\/02\/danny01-100x70.jpg\" alt=\"\" title=\"Danny Ocean consolida su impacto global con tres \u00e1lbumes que superan el bill\u00f3n de reproducciones\"\/><\/a><\/div>\r\n        <div class=\"item-details\">\r\n            <h3 itemprop=\"name\" class=\"entry-title td-module-title\"><a itemprop=\"url\" href=\"https:\/\/arumbear.com\/pa\/danny-ocean-consolida-su-impacto-global-con-tres-albumes-que-superan-el-billon-de-reproducciones\/\" rel=\"bookmark\" title=\"Danny Ocean consolida su impacto global con tres \u00e1lbumes que superan el bill\u00f3n de reproducciones\">Danny Ocean consolida su impacto global con tres \u00e1lbumes que superan...<\/a><\/h3>            <div class=\"td-module-meta-info\">\r\n                                                <div class=\"td-post-date\"><time  itemprop=\"dateCreated\" class=\"entry-date updated td-module-date\" datetime=\"2026-02-27T08:25:32+00:00\" >27 de febrero de 2026<\/time><meta itemprop=\"interactionCount\" content=\"UserComments:0\"\/><\/div>                            <\/div>\r\n        <\/div>\r\n        <meta itemprop=\"author\" content = \"Arumbear.com \u2022 Panam\u00e1\"><meta itemprop=\"interactionCount\" content=\"UserComments:0\"\/>        <\/div>\r\n\r\n        \r\n        <div class=\"td_module_6 td_module_wrap td-animation-stack\" itemscope itemtype=\"https:\/\/schema.org\/Article\">\r\n\r\n        <div class=\"td-module-thumb\"><a href=\"https:\/\/arumbear.com\/pa\/hito-en-la-industria-musical-zamir-la-voz-el-primer-bachatero-creado-con-inteligencia-artificial\/\" rel=\"bookmark\" title=\"Hito en la industria musical: \u201cZamir La Voz\u201d, el primer bachatero creado con Inteligencia Artificial\"><img loading=\"lazy\" decoding=\"async\" width=\"100\" height=\"70\" itemprop=\"image\" class=\"entry-thumb\" src=\"https:\/\/arumbear.com\/pa\/wp-content\/uploads\/2026\/02\/zamir01-100x70.jpg\" alt=\"\" title=\"Hito en la industria musical: \u201cZamir La Voz\u201d, el primer bachatero creado con Inteligencia Artificial\"\/><\/a><\/div>\r\n        <div class=\"item-details\">\r\n            <h3 itemprop=\"name\" class=\"entry-title td-module-title\"><a itemprop=\"url\" href=\"https:\/\/arumbear.com\/pa\/hito-en-la-industria-musical-zamir-la-voz-el-primer-bachatero-creado-con-inteligencia-artificial\/\" rel=\"bookmark\" title=\"Hito en la industria musical: \u201cZamir La Voz\u201d, el primer bachatero creado con Inteligencia Artificial\">Hito en la industria musical: \u201cZamir La Voz\u201d, el primer bachatero...<\/a><\/h3>            <div class=\"td-module-meta-info\">\r\n                                                <div class=\"td-post-date\"><time  itemprop=\"dateCreated\" class=\"entry-date updated td-module-date\" datetime=\"2026-02-22T10:36:41+00:00\" >22 de febrero de 2026<\/time><meta itemprop=\"interactionCount\" content=\"UserComments:0\"\/><\/div>                            <\/div>\r\n        <\/div>\r\n        <meta itemprop=\"author\" content = \"Arumbear.com \u2022 Panam\u00e1\"><meta itemprop=\"interactionCount\" content=\"UserComments:0\"\/>        <\/div>\r\n\r\n        \r\n        <div class=\"td_module_6 td_module_wrap td-animation-stack\" itemscope itemtype=\"https:\/\/schema.org\/Article\">\r\n\r\n        <div class=\"td-module-thumb\"><a href=\"https:\/\/arumbear.com\/pa\/pumba-dos-santos-explora-la-vulnerabilidad-y-el-desamor-en-no-te-duele-junto-a-west-blanco\/\" rel=\"bookmark\" title=\"Pumba Dos Santos explora la vulnerabilidad y el desamor en \u201cNo te duele\u201d junto a West Blanco\"><img loading=\"lazy\" decoding=\"async\" width=\"100\" height=\"70\" itemprop=\"image\" class=\"entry-thumb\" src=\"https:\/\/arumbear.com\/pa\/wp-content\/uploads\/2026\/02\/pumba01-100x70.jpg\" alt=\"\" title=\"Pumba Dos Santos explora la vulnerabilidad y el desamor en \u201cNo te duele\u201d junto a West Blanco\"\/><\/a><\/div>\r\n        <div class=\"item-details\">\r\n            <h3 itemprop=\"name\" class=\"entry-title td-module-title\"><a itemprop=\"url\" href=\"https:\/\/arumbear.com\/pa\/pumba-dos-santos-explora-la-vulnerabilidad-y-el-desamor-en-no-te-duele-junto-a-west-blanco\/\" rel=\"bookmark\" title=\"Pumba Dos Santos explora la vulnerabilidad y el desamor en \u201cNo te duele\u201d junto a West Blanco\">Pumba Dos Santos explora la vulnerabilidad y el desamor en \u201cNo...<\/a><\/h3>            <div class=\"td-module-meta-info\">\r\n                                                <div class=\"td-post-date\"><time  itemprop=\"dateCreated\" class=\"entry-date updated td-module-date\" datetime=\"2026-02-21T12:29:15+00:00\" >21 de febrero de 2026<\/time><meta itemprop=\"interactionCount\" content=\"UserComments:0\"\/><\/div>                            <\/div>\r\n        <\/div>\r\n        <meta itemprop=\"author\" content = \"Arumbear.com \u2022 Panam\u00e1\"><meta itemprop=\"interactionCount\" content=\"UserComments:0\"\/>        <\/div>\r\n\r\n        \r\n        <div class=\"td_module_6 td_module_wrap td-animation-stack\" itemscope itemtype=\"https:\/\/schema.org\/Article\">\r\n\r\n        <div class=\"td-module-thumb\"><a href=\"https:\/\/arumbear.com\/pa\/awilda-quezada-ft-gretchn-lanzan-maldito-traidor\/\" rel=\"bookmark\" title=\"Awilda Quezada Ft. Gretch\u2019n lanzan \u201cMaldito Traidor\u201d\"><img loading=\"lazy\" decoding=\"async\" width=\"100\" height=\"70\" itemprop=\"image\" class=\"entry-thumb\" src=\"https:\/\/arumbear.com\/pa\/wp-content\/uploads\/2026\/02\/awilda01-100x70.jpg\" alt=\"\" title=\"Awilda Quezada Ft. Gretch\u2019n lanzan \u201cMaldito Traidor\u201d\"\/><\/a><\/div>\r\n        <div class=\"item-details\">\r\n            <h3 itemprop=\"name\" class=\"entry-title td-module-title\"><a itemprop=\"url\" href=\"https:\/\/arumbear.com\/pa\/awilda-quezada-ft-gretchn-lanzan-maldito-traidor\/\" rel=\"bookmark\" title=\"Awilda Quezada Ft. Gretch\u2019n lanzan \u201cMaldito Traidor\u201d\">Awilda Quezada Ft. Gretch\u2019n lanzan \u201cMaldito Traidor\u201d<\/a><\/h3>            <div class=\"td-module-meta-info\">\r\n                                                <div class=\"td-post-date\"><time  itemprop=\"dateCreated\" class=\"entry-date updated td-module-date\" datetime=\"2026-02-14T18:45:12+00:00\" >14 de febrero de 2026<\/time><meta itemprop=\"interactionCount\" content=\"UserComments:0\"\/><\/div>                            <\/div>\r\n        <\/div>\r\n        <meta itemprop=\"author\" content = \"Arumbear.com \u2022 Panam\u00e1\"><meta itemprop=\"interactionCount\" content=\"UserComments:0\"\/>        <\/div>\r\n\r\n        \n\t<\/div> <!-- .\/td-block-span6 --><\/div><!--.\/row-fluid--><\/div><div class=\"td-next-prev-wrap\"><a href=\"#\" class=\"td-ajax-prev-page ajax-page-disabled\" id=\"prev-page-td_uid_3_69f3206d33bb6\" data-td_block_id=\"td_uid_3_69f3206d33bb6\"><i class=\"td-icon-font td-icon-menu-left\"><\/i><\/a><a href=\"#\"  class=\"td-ajax-next-page\" id=\"next-page-td_uid_3_69f3206d33bb6\" data-td_block_id=\"td_uid_3_69f3206d33bb6\"><i class=\"td-icon-font td-icon-menu-right\"><\/i><\/a><\/div><\/div> <!-- .\/block --><script>var block_td_uid_4_69f3206d3f7bc = new td_block();\nblock_td_uid_4_69f3206d3f7bc.id = \"td_uid_4_69f3206d3f7bc\";\nblock_td_uid_4_69f3206d3f7bc.atts = '{\"limit\":\"6\",\"custom_title\":\"NOTICIAS | ACTUALIDAD | LANZAMIENTOS\",\"header_color\":\"#cc3f2c\",\"ajax_pagination\":\"next_prev\",\"category_id\":\"23\",\"td_filter_default_txt\":\"Todo\",\"class\":\"td_block_id_1324678512 td_uid_4_69f3206d3f7bc_rand\"}';\nblock_td_uid_4_69f3206d3f7bc.td_column_number = \"2\";\nblock_td_uid_4_69f3206d3f7bc.block_type = \"td_block_1\";\nblock_td_uid_4_69f3206d3f7bc.post_count = \"6\";\nblock_td_uid_4_69f3206d3f7bc.found_posts = \"53\";\nblock_td_uid_4_69f3206d3f7bc.header_color = \"#cc3f2c\";\nblock_td_uid_4_69f3206d3f7bc.ajax_pagination_infinite_stop = \"\";\nblock_td_uid_4_69f3206d3f7bc.max_num_pages = \"9\";\ntd_blocks.push(block_td_uid_4_69f3206d3f7bc);\n<\/script><div class=\"td_block_wrap td_block_1 td_block_id_1324678512 td_uid_4_69f3206d3f7bc_rand td_with_ajax_pagination td-pb-border-top\"><h4 class=\"block-title\"><span>NOTICIAS | ACTUALIDAD | LANZAMIENTOS<\/span><\/h4><div id=td_uid_4_69f3206d3f7bc class=\"td_block_inner\">\n\n\t<div class=\"td-block-row\">\n\n\t<div class=\"td-block-span6\">\n\r\n        <div class=\"td_module_4 td_module_wrap td-animation-stack\" itemscope itemtype=\"https:\/\/schema.org\/Article\">\r\n            <div class=\"td-module-image\">\r\n                <div class=\"td-module-thumb\"><a href=\"https:\/\/arumbear.com\/pa\/gracias-por-estar-empresas-polar-celebra-85-anos-con-un-homenaje-a-la-gente\/\" rel=\"bookmark\" title=\"\u201cGracias por estar\u201d: Empresas Polar celebra 85 a\u00f1os con un homenaje a la gente\"><img loading=\"lazy\" decoding=\"async\" width=\"324\" height=\"235\" itemprop=\"image\" class=\"entry-thumb\" src=\"https:\/\/arumbear.com\/pa\/wp-content\/uploads\/2026\/03\/polar01-324x235.jpg\" alt=\"\" title=\"\u201cGracias por estar\u201d: Empresas Polar celebra 85 a\u00f1os con un homenaje a la gente\"\/><\/a><\/div>                <a href=\"https:\/\/arumbear.com\/pa\/category\/noticias\/\" class=\"td-post-category\">Noticias<\/a>            <\/div>\r\n\r\n            <h3 itemprop=\"name\" class=\"entry-title td-module-title\"><a itemprop=\"url\" href=\"https:\/\/arumbear.com\/pa\/gracias-por-estar-empresas-polar-celebra-85-anos-con-un-homenaje-a-la-gente\/\" rel=\"bookmark\" title=\"\u201cGracias por estar\u201d: Empresas Polar celebra 85 a\u00f1os con un homenaje a la gente\">\u201cGracias por estar\u201d: Empresas Polar celebra 85 a\u00f1os con un homenaje...<\/a><\/h3>\r\n            <div class=\"td-module-meta-info\">\r\n                <div class=\"td-post-author-name\"><a itemprop=\"author\" href=\"https:\/\/arumbear.com\/pa\/author\/jesusviera-ve\/\">Arumbear.com \u2022 Panam\u00e1<\/a> <span>-<\/span> <\/div>                <div class=\"td-post-date\"><time  itemprop=\"dateCreated\" class=\"entry-date updated td-module-date\" datetime=\"2026-03-17T13:05:42+00:00\" >17 de marzo de 2026<\/time><meta itemprop=\"interactionCount\" content=\"UserComments:0\"\/><\/div>                <div class=\"td-module-comments\"><a href=\"https:\/\/arumbear.com\/pa\/gracias-por-estar-empresas-polar-celebra-85-anos-con-un-homenaje-a-la-gente\/#respond\">0<\/a><\/div>            <\/div>\r\n\r\n            <div class=\"td-excerpt\">\r\n                \nEmpresas Polar lanza su campa\u00f1a aniversario para celebrar 85 a\u00f1os de historia compartida con los venezolanos. M\u00e1s que una conmemoraci\u00f3n corporativa, la...            <\/div>\r\n\r\n            \r\n            <meta itemprop=\"author\" content = \"Arumbear.com \u2022 Panam\u00e1\"><meta itemprop=\"interactionCount\" content=\"UserComments:0\"\/>\r\n        <\/div>\r\n\r\n        \n\t<\/div> <!-- .\/td-block-span6 -->\n\n\t<div class=\"td-block-span6\">\n\r\n        <div class=\"td_module_6 td_module_wrap td-animation-stack\" itemscope itemtype=\"https:\/\/schema.org\/Article\">\r\n\r\n        <div class=\"td-module-thumb\"><a href=\"https:\/\/arumbear.com\/pa\/marianna-agudello-lanzo-el-arte-de-hacerte-visible-en-amazon\/\" rel=\"bookmark\" title=\"Marianna Agudello lanz\u00f3 \u201cEl Arte de Hacerte Visible\u201d en Amazon\"><img loading=\"lazy\" decoding=\"async\" width=\"100\" height=\"70\" itemprop=\"image\" class=\"entry-thumb\" src=\"https:\/\/arumbear.com\/pa\/wp-content\/uploads\/2026\/03\/marianna01-100x70.jpg\" alt=\"\" title=\"Marianna Agudello lanz\u00f3 \u201cEl Arte de Hacerte Visible\u201d en Amazon\"\/><\/a><\/div>\r\n        <div class=\"item-details\">\r\n            <h3 itemprop=\"name\" class=\"entry-title td-module-title\"><a itemprop=\"url\" href=\"https:\/\/arumbear.com\/pa\/marianna-agudello-lanzo-el-arte-de-hacerte-visible-en-amazon\/\" rel=\"bookmark\" title=\"Marianna Agudello lanz\u00f3 \u201cEl Arte de Hacerte Visible\u201d en Amazon\">Marianna Agudello lanz\u00f3 \u201cEl Arte de Hacerte Visible\u201d en Amazon<\/a><\/h3>            <div class=\"td-module-meta-info\">\r\n                                                <div class=\"td-post-date\"><time  itemprop=\"dateCreated\" class=\"entry-date updated td-module-date\" datetime=\"2026-03-12T09:53:19+00:00\" >12 de marzo de 2026<\/time><meta itemprop=\"interactionCount\" content=\"UserComments:0\"\/><\/div>                            <\/div>\r\n        <\/div>\r\n        <meta itemprop=\"author\" content = \"Arumbear.com \u2022 Panam\u00e1\"><meta itemprop=\"interactionCount\" content=\"UserComments:0\"\/>        <\/div>\r\n\r\n        \r\n        <div class=\"td_module_6 td_module_wrap td-animation-stack\" itemscope itemtype=\"https:\/\/schema.org\/Article\">\r\n\r\n        <div class=\"td-module-thumb\"><a href=\"https:\/\/arumbear.com\/pa\/beto-de-rawayana-se-suma-a-la-celebracion-de-los-20-anos-de-arcangel\/\" rel=\"bookmark\" title=\"Beto, de Rawayana, se suma a la celebraci\u00f3n de los 20 a\u00f1os de Arc\u00e1ngel\"><img loading=\"lazy\" decoding=\"async\" width=\"100\" height=\"70\" itemprop=\"image\" class=\"entry-thumb\" src=\"https:\/\/arumbear.com\/pa\/wp-content\/uploads\/2026\/02\/beto01-100x70.jpg\" alt=\"\" title=\"Beto, de Rawayana, se suma a la celebraci\u00f3n de los 20 a\u00f1os de Arc\u00e1ngel\"\/><\/a><\/div>\r\n        <div class=\"item-details\">\r\n            <h3 itemprop=\"name\" class=\"entry-title td-module-title\"><a itemprop=\"url\" href=\"https:\/\/arumbear.com\/pa\/beto-de-rawayana-se-suma-a-la-celebracion-de-los-20-anos-de-arcangel\/\" rel=\"bookmark\" title=\"Beto, de Rawayana, se suma a la celebraci\u00f3n de los 20 a\u00f1os de Arc\u00e1ngel\">Beto, de Rawayana, se suma a la celebraci\u00f3n de los 20...<\/a><\/h3>            <div class=\"td-module-meta-info\">\r\n                                                <div class=\"td-post-date\"><time  itemprop=\"dateCreated\" class=\"entry-date updated td-module-date\" datetime=\"2026-02-23T14:50:20+00:00\" >23 de febrero de 2026<\/time><meta itemprop=\"interactionCount\" content=\"UserComments:0\"\/><\/div>                            <\/div>\r\n        <\/div>\r\n        <meta itemprop=\"author\" content = \"Arumbear.com \u2022 Panam\u00e1\"><meta itemprop=\"interactionCount\" content=\"UserComments:0\"\/>        <\/div>\r\n\r\n        \r\n        <div class=\"td_module_6 td_module_wrap td-animation-stack\" itemscope itemtype=\"https:\/\/schema.org\/Article\">\r\n\r\n        <div class=\"td-module-thumb\"><a href=\"https:\/\/arumbear.com\/pa\/yohana-vargas-reunio-mas-de-400-personas-en-su-primera-run-coffee-party-en-miami\/\" rel=\"bookmark\" title=\"Yohana Vargas reuni\u00f3 m\u00e1s de 400 personas en su primera \u201cRun Coffee Party\u201d en Miami\"><img loading=\"lazy\" decoding=\"async\" width=\"100\" height=\"70\" itemprop=\"image\" class=\"entry-thumb\" src=\"https:\/\/arumbear.com\/pa\/wp-content\/uploads\/2026\/02\/yoha01-100x70.jpg\" alt=\"\" title=\"Yohana Vargas reuni\u00f3 m\u00e1s de 400 personas en su primera \u201cRun Coffee Party\u201d en Miami\"\/><\/a><\/div>\r\n        <div class=\"item-details\">\r\n            <h3 itemprop=\"name\" class=\"entry-title td-module-title\"><a itemprop=\"url\" href=\"https:\/\/arumbear.com\/pa\/yohana-vargas-reunio-mas-de-400-personas-en-su-primera-run-coffee-party-en-miami\/\" rel=\"bookmark\" title=\"Yohana Vargas reuni\u00f3 m\u00e1s de 400 personas en su primera \u201cRun Coffee Party\u201d en Miami\">Yohana Vargas reuni\u00f3 m\u00e1s de 400 personas en su primera \u201cRun...<\/a><\/h3>            <div class=\"td-module-meta-info\">\r\n                                                <div class=\"td-post-date\"><time  itemprop=\"dateCreated\" class=\"entry-date updated td-module-date\" datetime=\"2026-02-18T22:21:06+00:00\" >18 de febrero de 2026<\/time><meta itemprop=\"interactionCount\" content=\"UserComments:0\"\/><\/div>                            <\/div>\r\n        <\/div>\r\n        <meta itemprop=\"author\" content = \"Arumbear.com \u2022 Panam\u00e1\"><meta itemprop=\"interactionCount\" content=\"UserComments:0\"\/>        <\/div>\r\n\r\n        \r\n        <div class=\"td_module_6 td_module_wrap td-animation-stack\" itemscope itemtype=\"https:\/\/schema.org\/Article\">\r\n\r\n        <div class=\"td-module-thumb\"><a href=\"https:\/\/arumbear.com\/pa\/sinfonica-simon-bolivar-hace-historia-con-su-primera-nominacion-al-grammy\/\" rel=\"bookmark\" title=\"Sinf\u00f3nica Sim\u00f3n Bol\u00edvar hace historia con su primera nominaci\u00f3n al GRAMMY\"><img loading=\"lazy\" decoding=\"async\" width=\"100\" height=\"70\" itemprop=\"image\" class=\"entry-thumb\" src=\"https:\/\/arumbear.com\/pa\/wp-content\/uploads\/2026\/01\/sinfonica01-100x70.jpg\" alt=\"\" title=\"Sinf\u00f3nica Sim\u00f3n Bol\u00edvar hace historia con su primera nominaci\u00f3n al GRAMMY\"\/><\/a><\/div>\r\n        <div class=\"item-details\">\r\n            <h3 itemprop=\"name\" class=\"entry-title td-module-title\"><a itemprop=\"url\" href=\"https:\/\/arumbear.com\/pa\/sinfonica-simon-bolivar-hace-historia-con-su-primera-nominacion-al-grammy\/\" rel=\"bookmark\" title=\"Sinf\u00f3nica Sim\u00f3n Bol\u00edvar hace historia con su primera nominaci\u00f3n al GRAMMY\">Sinf\u00f3nica Sim\u00f3n Bol\u00edvar hace historia con su primera nominaci\u00f3n al GRAMMY<\/a><\/h3>            <div class=\"td-module-meta-info\">\r\n                                                <div class=\"td-post-date\"><time  itemprop=\"dateCreated\" class=\"entry-date updated td-module-date\" datetime=\"2026-01-28T10:02:02+00:00\" >28 de enero de 2026<\/time><meta itemprop=\"interactionCount\" content=\"UserComments:0\"\/><\/div>                            <\/div>\r\n        <\/div>\r\n        <meta itemprop=\"author\" content = \"Arumbear.com \u2022 Panam\u00e1\"><meta itemprop=\"interactionCount\" content=\"UserComments:0\"\/>        <\/div>\r\n\r\n        \r\n        <div class=\"td_module_6 td_module_wrap td-animation-stack\" itemscope itemtype=\"https:\/\/schema.org\/Article\">\r\n\r\n        <div class=\"td-module-thumb\"><a href=\"https:\/\/arumbear.com\/pa\/danny-ocean-hace-historia-agota-todas-las-entradas-para-babylon-club-tour\/\" rel=\"bookmark\" title=\"Danny Ocean hace historia: Agota todas las entradas para Babylon Club TOUR\"><img loading=\"lazy\" decoding=\"async\" width=\"100\" height=\"70\" itemprop=\"image\" class=\"entry-thumb\" src=\"https:\/\/arumbear.com\/pa\/wp-content\/uploads\/2026\/01\/danny01-100x70.jpg\" alt=\"\" title=\"Danny Ocean hace historia: Agota todas las entradas para Babylon Club TOUR\"\/><\/a><\/div>\r\n        <div class=\"item-details\">\r\n            <h3 itemprop=\"name\" class=\"entry-title td-module-title\"><a itemprop=\"url\" href=\"https:\/\/arumbear.com\/pa\/danny-ocean-hace-historia-agota-todas-las-entradas-para-babylon-club-tour\/\" rel=\"bookmark\" title=\"Danny Ocean hace historia: Agota todas las entradas para Babylon Club TOUR\">Danny Ocean hace historia: Agota todas las entradas para Babylon Club...<\/a><\/h3>            <div class=\"td-module-meta-info\">\r\n                                                <div class=\"td-post-date\"><time  itemprop=\"dateCreated\" class=\"entry-date updated td-module-date\" datetime=\"2026-01-27T08:10:50+00:00\" >27 de enero de 2026<\/time><meta itemprop=\"interactionCount\" content=\"UserComments:0\"\/><\/div>                            <\/div>\r\n        <\/div>\r\n        <meta itemprop=\"author\" content = \"Arumbear.com \u2022 Panam\u00e1\"><meta itemprop=\"interactionCount\" content=\"UserComments:0\"\/>        <\/div>\r\n\r\n        \n\t<\/div> <!-- .\/td-block-span6 --><\/div><!--.\/row-fluid--><\/div><div class=\"td-next-prev-wrap\"><a href=\"#\" class=\"td-ajax-prev-page ajax-page-disabled\" id=\"prev-page-td_uid_4_69f3206d3f7bc\" data-td_block_id=\"td_uid_4_69f3206d3f7bc\"><i class=\"td-icon-font td-icon-menu-left\"><\/i><\/a><a href=\"#\"  class=\"td-ajax-next-page\" id=\"next-page-td_uid_4_69f3206d3f7bc\" data-td_block_id=\"td_uid_4_69f3206d3f7bc\"><i class=\"td-icon-font td-icon-menu-right\"><\/i><\/a><\/div><\/div> <!-- .\/block --><script>var block_td_uid_5_69f3206d4936b = new td_block();\nblock_td_uid_5_69f3206d4936b.id = \"td_uid_5_69f3206d4936b\";\nblock_td_uid_5_69f3206d4936b.atts = '{\"limit\":\"6\",\"custom_title\":\"TECNOLOG\\u00cdA | GADGETS | APP\",\"td_filter_default_txt\":\"Todo\",\"category_id\":\"36\",\"ajax_pagination\":\"next_prev\",\"header_color\":\"#7a7a7a\",\"class\":\"td_block_id_3812753066 td_uid_5_69f3206d4936b_rand\"}';\nblock_td_uid_5_69f3206d4936b.td_column_number = \"2\";\nblock_td_uid_5_69f3206d4936b.block_type = \"td_block_11\";\nblock_td_uid_5_69f3206d4936b.post_count = \"6\";\nblock_td_uid_5_69f3206d4936b.found_posts = \"53\";\nblock_td_uid_5_69f3206d4936b.header_color = \"#7a7a7a\";\nblock_td_uid_5_69f3206d4936b.ajax_pagination_infinite_stop = \"\";\nblock_td_uid_5_69f3206d4936b.max_num_pages = \"9\";\ntd_blocks.push(block_td_uid_5_69f3206d4936b);\n<\/script><div class=\"td_block_wrap td_block_11 td_block_id_3812753066 td_uid_5_69f3206d4936b_rand td_with_ajax_pagination td-pb-border-top\"><h4 class=\"block-title\"><span>TECNOLOG\u00cdA | GADGETS | APP<\/span><\/h4><div id=td_uid_5_69f3206d4936b class=\"td_block_inner\">\n\n\t<div class=\"td-block-span12\">\n\r\n        <div class=\"td_module_10 td_module_wrap td-animation-stack\" itemscope itemtype=\"https:\/\/schema.org\/Article\">\r\n            <div class=\"td-module-thumb\"><a href=\"https:\/\/arumbear.com\/pa\/esta-en-riesgo-tu-identidad-digital-el-panorama-de-infostealers-y-el-robo-de-credenciales\/\" rel=\"bookmark\" title=\"\u00bfEst\u00e1 en riesgo tu identidad digital? El panorama de infostealers y el robo de credenciales\"><img loading=\"lazy\" decoding=\"async\" width=\"218\" height=\"150\" itemprop=\"image\" class=\"entry-thumb\" src=\"https:\/\/arumbear.com\/pa\/wp-content\/uploads\/2026\/03\/eset03-218x150.jpg\" alt=\"\" title=\"\u00bfEst\u00e1 en riesgo tu identidad digital? El panorama de infostealers y el robo de credenciales\"\/><\/a><\/div>\r\n            <div class=\"item-details\">\r\n            <h3 itemprop=\"name\" class=\"entry-title td-module-title\"><a itemprop=\"url\" href=\"https:\/\/arumbear.com\/pa\/esta-en-riesgo-tu-identidad-digital-el-panorama-de-infostealers-y-el-robo-de-credenciales\/\" rel=\"bookmark\" title=\"\u00bfEst\u00e1 en riesgo tu identidad digital? El panorama de infostealers y el robo de credenciales\">\u00bfEst\u00e1 en riesgo tu identidad digital? El panorama de infostealers y el robo de...<\/a><\/h3>\r\n                <div class=\"td-module-meta-info\">\r\n                                            <div class=\"td-post-author-name\"><a itemprop=\"author\" href=\"https:\/\/arumbear.com\/pa\/author\/jesusviera-ve\/\">Arumbear.com \u2022 Panam\u00e1<\/a> <span>-<\/span> <\/div>                        <div class=\"td-post-date\"><time  itemprop=\"dateCreated\" class=\"entry-date updated td-module-date\" datetime=\"2026-03-22T10:55:24+00:00\" >22 de marzo de 2026<\/time><meta itemprop=\"interactionCount\" content=\"UserComments:0\"\/><\/div>                        <div class=\"td-module-comments\"><a href=\"https:\/\/arumbear.com\/pa\/esta-en-riesgo-tu-identidad-digital-el-panorama-de-infostealers-y-el-robo-de-credenciales\/#respond\">0<\/a><\/div>                <\/div>\r\n\r\n                <div class=\"td-excerpt\">\r\n                    \nUn an\u00e1lisis basado en los \u00faltimos ESET Threat Reports revela cambios cr\u00edticos en el ecosistema de los infostealers: aunque las detecciones globales...                <\/div>\r\n            <\/div>\r\n\r\n        <meta itemprop=\"author\" content = \"Arumbear.com \u2022 Panam\u00e1\"><meta itemprop=\"interactionCount\" content=\"UserComments:0\"\/>        <\/div>\r\n\r\n        \n\t<\/div> <!-- .\/td-block-span12 -->\n\n\t<div class=\"td-block-span12\">\n\r\n        <div class=\"td_module_10 td_module_wrap td-animation-stack\" itemscope itemtype=\"https:\/\/schema.org\/Article\">\r\n            <div class=\"td-module-thumb\"><a href=\"https:\/\/arumbear.com\/pa\/las-7-senales-que-pueden-indicar-que-una-app-movil-es-falsa\/\" rel=\"bookmark\" title=\"Las 7 se\u00f1ales que pueden indicar que una app m\u00f3vil es falsa\"><img loading=\"lazy\" decoding=\"async\" width=\"218\" height=\"150\" itemprop=\"image\" class=\"entry-thumb\" src=\"https:\/\/arumbear.com\/pa\/wp-content\/uploads\/2026\/03\/eset01-1-218x150.jpg\" alt=\"\" title=\"Las 7 se\u00f1ales que pueden indicar que una app m\u00f3vil es falsa\"\/><\/a><\/div>\r\n            <div class=\"item-details\">\r\n            <h3 itemprop=\"name\" class=\"entry-title td-module-title\"><a itemprop=\"url\" href=\"https:\/\/arumbear.com\/pa\/las-7-senales-que-pueden-indicar-que-una-app-movil-es-falsa\/\" rel=\"bookmark\" title=\"Las 7 se\u00f1ales que pueden indicar que una app m\u00f3vil es falsa\">Las 7 se\u00f1ales que pueden indicar que una app m\u00f3vil es falsa<\/a><\/h3>\r\n                <div class=\"td-module-meta-info\">\r\n                                            <div class=\"td-post-author-name\"><a itemprop=\"author\" href=\"https:\/\/arumbear.com\/pa\/author\/jesusviera-ve\/\">Arumbear.com \u2022 Panam\u00e1<\/a> <span>-<\/span> <\/div>                        <div class=\"td-post-date\"><time  itemprop=\"dateCreated\" class=\"entry-date updated td-module-date\" datetime=\"2026-03-16T15:14:38+00:00\" >16 de marzo de 2026<\/time><meta itemprop=\"interactionCount\" content=\"UserComments:0\"\/><\/div>                        <div class=\"td-module-comments\"><a href=\"https:\/\/arumbear.com\/pa\/las-7-senales-que-pueden-indicar-que-una-app-movil-es-falsa\/#respond\">0<\/a><\/div>                <\/div>\r\n\r\n                <div class=\"td-excerpt\">\r\n                    \nLas aplicaciones falsas pueden esconder malware, robar informaci\u00f3n personal o incluso generar cargos no autorizados. Especialistas de ESET comparten una serie de...                <\/div>\r\n            <\/div>\r\n\r\n        <meta itemprop=\"author\" content = \"Arumbear.com \u2022 Panam\u00e1\"><meta itemprop=\"interactionCount\" content=\"UserComments:0\"\/>        <\/div>\r\n\r\n        \n\t<\/div> <!-- .\/td-block-span12 -->\n\n\t<div class=\"td-block-span12\">\n\r\n        <div class=\"td_module_10 td_module_wrap td-animation-stack\" itemscope itemtype=\"https:\/\/schema.org\/Article\">\r\n            <div class=\"td-module-thumb\"><a href=\"https:\/\/arumbear.com\/pa\/que-pasa-si-nuestras-conversaciones-con-los-chatbots-de-ia-quedan-expuestas\/\" rel=\"bookmark\" title=\"Qu\u00e9 pasa si nuestras conversaciones con los chatbots de IA quedan expuestas\"><img loading=\"lazy\" decoding=\"async\" width=\"218\" height=\"150\" itemprop=\"image\" class=\"entry-thumb\" src=\"https:\/\/arumbear.com\/pa\/wp-content\/uploads\/2026\/03\/eset01-218x150.jpg\" alt=\"\" title=\"Qu\u00e9 pasa si nuestras conversaciones con los chatbots de IA quedan expuestas\"\/><\/a><\/div>\r\n            <div class=\"item-details\">\r\n            <h3 itemprop=\"name\" class=\"entry-title td-module-title\"><a itemprop=\"url\" href=\"https:\/\/arumbear.com\/pa\/que-pasa-si-nuestras-conversaciones-con-los-chatbots-de-ia-quedan-expuestas\/\" rel=\"bookmark\" title=\"Qu\u00e9 pasa si nuestras conversaciones con los chatbots de IA quedan expuestas\">Qu\u00e9 pasa si nuestras conversaciones con los chatbots de IA quedan expuestas<\/a><\/h3>\r\n                <div class=\"td-module-meta-info\">\r\n                                            <div class=\"td-post-author-name\"><a itemprop=\"author\" href=\"https:\/\/arumbear.com\/pa\/author\/jesusviera-ve\/\">Arumbear.com \u2022 Panam\u00e1<\/a> <span>-<\/span> <\/div>                        <div class=\"td-post-date\"><time  itemprop=\"dateCreated\" class=\"entry-date updated td-module-date\" datetime=\"2026-03-04T21:14:52+00:00\" >4 de marzo de 2026<\/time><meta itemprop=\"interactionCount\" content=\"UserComments:0\"\/><\/div>                        <div class=\"td-module-comments\"><a href=\"https:\/\/arumbear.com\/pa\/que-pasa-si-nuestras-conversaciones-con-los-chatbots-de-ia-quedan-expuestas\/#respond\">0<\/a><\/div>                <\/div>\r\n\r\n                <div class=\"td-excerpt\">\r\n                    \nRobos de identidad hasta extorsi\u00f3n y espionaje, ESET analiza qu\u00e9 datos se comparten con los chatbots, c\u00f3mo pueden filtrarse y de qu\u00e9...                <\/div>\r\n            <\/div>\r\n\r\n        <meta itemprop=\"author\" content = \"Arumbear.com \u2022 Panam\u00e1\"><meta itemprop=\"interactionCount\" content=\"UserComments:0\"\/>        <\/div>\r\n\r\n        \n\t<\/div> <!-- .\/td-block-span12 -->\n\n\t<div class=\"td-block-span12\">\n\r\n        <div class=\"td_module_10 td_module_wrap td-animation-stack\" itemscope itemtype=\"https:\/\/schema.org\/Article\">\r\n            <div class=\"td-module-thumb\"><a href=\"https:\/\/arumbear.com\/pa\/openclaw-que-es-este-asistente-de-ia-y-cuales-son-los-riesgos-de-seguridad\/\" rel=\"bookmark\" title=\"OpenClaw: qu\u00e9 es este asistente de IA y cu\u00e1les son los riesgos de seguridad\"><img loading=\"lazy\" decoding=\"async\" width=\"218\" height=\"150\" itemprop=\"image\" class=\"entry-thumb\" src=\"https:\/\/arumbear.com\/pa\/wp-content\/uploads\/2026\/02\/eset01-218x150.jpg\" alt=\"\" title=\"OpenClaw: qu\u00e9 es este asistente de IA y cu\u00e1les son los riesgos de seguridad\"\/><\/a><\/div>\r\n            <div class=\"item-details\">\r\n            <h3 itemprop=\"name\" class=\"entry-title td-module-title\"><a itemprop=\"url\" href=\"https:\/\/arumbear.com\/pa\/openclaw-que-es-este-asistente-de-ia-y-cuales-son-los-riesgos-de-seguridad\/\" rel=\"bookmark\" title=\"OpenClaw: qu\u00e9 es este asistente de IA y cu\u00e1les son los riesgos de seguridad\">OpenClaw: qu\u00e9 es este asistente de IA y cu\u00e1les son los riesgos de seguridad<\/a><\/h3>\r\n                <div class=\"td-module-meta-info\">\r\n                                            <div class=\"td-post-author-name\"><a itemprop=\"author\" href=\"https:\/\/arumbear.com\/pa\/author\/jesusviera-ve\/\">Arumbear.com \u2022 Panam\u00e1<\/a> <span>-<\/span> <\/div>                        <div class=\"td-post-date\"><time  itemprop=\"dateCreated\" class=\"entry-date updated td-module-date\" datetime=\"2026-02-24T20:49:19+00:00\" >24 de febrero de 2026<\/time><meta itemprop=\"interactionCount\" content=\"UserComments:0\"\/><\/div>                        <div class=\"td-module-comments\"><a href=\"https:\/\/arumbear.com\/pa\/openclaw-que-es-este-asistente-de-ia-y-cuales-son-los-riesgos-de-seguridad\/#respond\">0<\/a><\/div>                <\/div>\r\n\r\n                <div class=\"td-excerpt\">\r\n                    \nESET analiza este chatbot que automatiza acciones en la computadora del usuario. Esa combinaci\u00f3n de innovaci\u00f3n y autonom\u00eda explica su popularidad, pero...                <\/div>\r\n            <\/div>\r\n\r\n        <meta itemprop=\"author\" content = \"Arumbear.com \u2022 Panam\u00e1\"><meta itemprop=\"interactionCount\" content=\"UserComments:0\"\/>        <\/div>\r\n\r\n        \n\t<\/div> <!-- .\/td-block-span12 -->\n\n\t<div class=\"td-block-span12\">\n\r\n        <div class=\"td_module_10 td_module_wrap td-animation-stack\" itemscope itemtype=\"https:\/\/schema.org\/Article\">\r\n            <div class=\"td-module-thumb\"><a href=\"https:\/\/arumbear.com\/pa\/estafas-comunes-a-usuarios-de-apple-pay-y-como-mantenerse-a-salvo\/\" rel=\"bookmark\" title=\"Estafas comunes a usuarios de Apple Pay y c\u00f3mo mantenerse a salvo\"><img loading=\"lazy\" decoding=\"async\" width=\"218\" height=\"150\" itemprop=\"image\" class=\"entry-thumb\" src=\"https:\/\/arumbear.com\/pa\/wp-content\/uploads\/2026\/01\/eset01-218x150.jpg\" alt=\"\" title=\"Estafas comunes a usuarios de Apple Pay y c\u00f3mo mantenerse a salvo\"\/><\/a><\/div>\r\n            <div class=\"item-details\">\r\n            <h3 itemprop=\"name\" class=\"entry-title td-module-title\"><a itemprop=\"url\" href=\"https:\/\/arumbear.com\/pa\/estafas-comunes-a-usuarios-de-apple-pay-y-como-mantenerse-a-salvo\/\" rel=\"bookmark\" title=\"Estafas comunes a usuarios de Apple Pay y c\u00f3mo mantenerse a salvo\">Estafas comunes a usuarios de Apple Pay y c\u00f3mo mantenerse a salvo<\/a><\/h3>\r\n                <div class=\"td-module-meta-info\">\r\n                                            <div class=\"td-post-author-name\"><a itemprop=\"author\" href=\"https:\/\/arumbear.com\/pa\/author\/jesusviera-ve\/\">Arumbear.com \u2022 Panam\u00e1<\/a> <span>-<\/span> <\/div>                        <div class=\"td-post-date\"><time  itemprop=\"dateCreated\" class=\"entry-date updated td-module-date\" datetime=\"2026-01-26T17:23:22+00:00\" >26 de enero de 2026<\/time><meta itemprop=\"interactionCount\" content=\"UserComments:0\"\/><\/div>                        <div class=\"td-module-comments\"><a href=\"https:\/\/arumbear.com\/pa\/estafas-comunes-a-usuarios-de-apple-pay-y-como-mantenerse-a-salvo\/#respond\">0<\/a><\/div>                <\/div>\r\n\r\n                <div class=\"td-excerpt\">\r\n                    \nESET advierte c\u00f3mo funcionan las estafas m\u00e1s comunes dirigidas a usuarios de Apple Pay y qu\u00e9 se puede hacer para ir un...                <\/div>\r\n            <\/div>\r\n\r\n        <meta itemprop=\"author\" content = \"Arumbear.com \u2022 Panam\u00e1\"><meta itemprop=\"interactionCount\" content=\"UserComments:0\"\/>        <\/div>\r\n\r\n        \n\t<\/div> <!-- .\/td-block-span12 -->\n\n\t<div class=\"td-block-span12\">\n\r\n        <div class=\"td_module_10 td_module_wrap td-animation-stack\" itemscope itemtype=\"https:\/\/schema.org\/Article\">\r\n            <div class=\"td-module-thumb\"><a href=\"https:\/\/arumbear.com\/pa\/riesgos-al-buscar-servicios-de-streaming-gratuitos-como-magistv\/\" rel=\"bookmark\" title=\"Riesgos al buscar servicios de streaming gratuitos como MagisTV\"><img loading=\"lazy\" decoding=\"async\" width=\"218\" height=\"150\" itemprop=\"image\" class=\"entry-thumb\" src=\"https:\/\/arumbear.com\/pa\/wp-content\/uploads\/2025\/09\/eset01-1-218x150.jpg\" alt=\"\" title=\"Riesgos al buscar servicios de streaming gratuitos como MagisTV\"\/><\/a><\/div>\r\n            <div class=\"item-details\">\r\n            <h3 itemprop=\"name\" class=\"entry-title td-module-title\"><a itemprop=\"url\" href=\"https:\/\/arumbear.com\/pa\/riesgos-al-buscar-servicios-de-streaming-gratuitos-como-magistv\/\" rel=\"bookmark\" title=\"Riesgos al buscar servicios de streaming gratuitos como MagisTV\">Riesgos al buscar servicios de streaming gratuitos como MagisTV<\/a><\/h3>\r\n                <div class=\"td-module-meta-info\">\r\n                                            <div class=\"td-post-author-name\"><a itemprop=\"author\" href=\"https:\/\/arumbear.com\/pa\/author\/jesusviera-ve\/\">Arumbear.com \u2022 Panam\u00e1<\/a> <span>-<\/span> <\/div>                        <div class=\"td-post-date\"><time  itemprop=\"dateCreated\" class=\"entry-date updated td-module-date\" datetime=\"2025-09-27T16:14:46+00:00\" >27 de septiembre de 2025<\/time><meta itemprop=\"interactionCount\" content=\"UserComments:0\"\/><\/div>                        <div class=\"td-module-comments\"><a href=\"https:\/\/arumbear.com\/pa\/riesgos-al-buscar-servicios-de-streaming-gratuitos-como-magistv\/#respond\">0<\/a><\/div>                <\/div>\r\n\r\n                <div class=\"td-excerpt\">\r\n                    \nLa b\u00fasqueda de opciones de streaming gratuitas puede exponerte a malware, robo de datos y problemas legales. ESET Latinoam\u00e9rica analiza MagisTV como...                <\/div>\r\n            <\/div>\r\n\r\n        <meta itemprop=\"author\" content = \"Arumbear.com \u2022 Panam\u00e1\"><meta itemprop=\"interactionCount\" content=\"UserComments:0\"\/>        <\/div>\r\n\r\n        \n\t<\/div> <!-- .\/td-block-span12 --><\/div><div class=\"td-next-prev-wrap\"><a href=\"#\" class=\"td-ajax-prev-page ajax-page-disabled\" id=\"prev-page-td_uid_5_69f3206d4936b\" data-td_block_id=\"td_uid_5_69f3206d4936b\"><i class=\"td-icon-font td-icon-menu-left\"><\/i><\/a><a href=\"#\"  class=\"td-ajax-next-page\" id=\"next-page-td_uid_5_69f3206d4936b\" data-td_block_id=\"td_uid_5_69f3206d4936b\"><i class=\"td-icon-font td-icon-menu-right\"><\/i><\/a><\/div><\/div> <!-- .\/block --><script>var block_td_uid_6_69f3206d50aee = new td_block();\nblock_td_uid_6_69f3206d50aee.id = \"td_uid_6_69f3206d50aee\";\nblock_td_uid_6_69f3206d50aee.atts = '{\"custom_title\":\"TE VIMOS\",\"header_color\":\"#ff7505\",\"td_filter_default_txt\":\"Todo\",\"ajax_pagination\":\"next_prev\",\"category_id\":\"22\",\"limit\":\"5\",\"class\":\"td_block_id_3391749687 td_uid_6_69f3206d50aee_rand\"}';\nblock_td_uid_6_69f3206d50aee.td_column_number = \"2\";\nblock_td_uid_6_69f3206d50aee.block_type = \"td_block_1\";\nblock_td_uid_6_69f3206d50aee.post_count = \"1\";\nblock_td_uid_6_69f3206d50aee.found_posts = \"1\";\nblock_td_uid_6_69f3206d50aee.header_color = \"#ff7505\";\nblock_td_uid_6_69f3206d50aee.ajax_pagination_infinite_stop = \"\";\nblock_td_uid_6_69f3206d50aee.max_num_pages = \"1\";\ntd_blocks.push(block_td_uid_6_69f3206d50aee);\n<\/script><div class=\"td_block_wrap td_block_1 td_block_id_3391749687 td_uid_6_69f3206d50aee_rand td_with_ajax_pagination td-pb-border-top\"><h4 class=\"block-title\"><span>TE VIMOS<\/span><\/h4><div id=td_uid_6_69f3206d50aee class=\"td_block_inner\">\n\n\t<div class=\"td-block-row\">\n\n\t<div class=\"td-block-span6\">\n\r\n        <div class=\"td_module_4 td_module_wrap td-animation-stack\" itemscope itemtype=\"https:\/\/schema.org\/Article\">\r\n            <div class=\"td-module-image\">\r\n                <div class=\"td-module-thumb\"><a href=\"https:\/\/arumbear.com\/pa\/los-reconocidos-premios-tacarigua-de-oro-usa-regresan-renovados-en-su-edicion-2023-fotos\/\" rel=\"bookmark\" title=\"Los reconocidos Premios Tacarigua de Oro USA regresan \u201cRenovados\u201d en su edici\u00f3n 2023 (+fotos)\"><img loading=\"lazy\" decoding=\"async\" width=\"324\" height=\"235\" itemprop=\"image\" class=\"entry-thumb\" src=\"https:\/\/arumbear.com\/pa\/wp-content\/uploads\/2023\/11\/tacarigua01web-324x235.jpg\" alt=\"\" title=\"Los reconocidos Premios Tacarigua de Oro USA regresan \u201cRenovados\u201d en su edici\u00f3n 2023 (+fotos)\"\/><\/a><\/div>                <a href=\"https:\/\/arumbear.com\/pa\/category\/te-vimos\/\" class=\"td-post-category\">Te Vimos<\/a>            <\/div>\r\n\r\n            <h3 itemprop=\"name\" class=\"entry-title td-module-title\"><a itemprop=\"url\" href=\"https:\/\/arumbear.com\/pa\/los-reconocidos-premios-tacarigua-de-oro-usa-regresan-renovados-en-su-edicion-2023-fotos\/\" rel=\"bookmark\" title=\"Los reconocidos Premios Tacarigua de Oro USA regresan \u201cRenovados\u201d en su edici\u00f3n 2023 (+fotos)\">Los reconocidos Premios Tacarigua de Oro USA regresan \u201cRenovados\u201d en su...<\/a><\/h3>\r\n            <div class=\"td-module-meta-info\">\r\n                <div class=\"td-post-author-name\"><a itemprop=\"author\" href=\"https:\/\/arumbear.com\/pa\/author\/jesusviera-ve\/\">Arumbear.com \u2022 Panam\u00e1<\/a> <span>-<\/span> <\/div>                <div class=\"td-post-date\"><time  itemprop=\"dateCreated\" class=\"entry-date updated td-module-date\" datetime=\"2023-11-13T00:21:10+00:00\" >13 de noviembre de 2023<\/time><meta itemprop=\"interactionCount\" content=\"UserComments:0\"\/><\/div>                <div class=\"td-module-comments\"><a href=\"https:\/\/arumbear.com\/pa\/los-reconocidos-premios-tacarigua-de-oro-usa-regresan-renovados-en-su-edicion-2023-fotos\/#respond\">0<\/a><\/div>            <\/div>\r\n\r\n            <div class=\"td-excerpt\">\r\n                \nEl pasado mi\u00e9rcoles 25 de octubre, personalidades art\u00edsticas y representantes de los medios de comunicaci\u00f3n asistieron a la Mesa Restaurant de la...            <\/div>\r\n\r\n            \r\n            <meta itemprop=\"author\" content = \"Arumbear.com \u2022 Panam\u00e1\"><meta itemprop=\"interactionCount\" content=\"UserComments:0\"\/>\r\n        <\/div>\r\n\r\n        \n\t<\/div> <!-- .\/td-block-span6 --><\/div><!--.\/row-fluid--><\/div><div class=\"td-next-prev-wrap\"><a href=\"#\" class=\"td-ajax-prev-page ajax-page-disabled\" id=\"prev-page-td_uid_6_69f3206d50aee\" data-td_block_id=\"td_uid_6_69f3206d50aee\"><i class=\"td-icon-font td-icon-menu-left\"><\/i><\/a><a href=\"#\"  class=\"td-ajax-next-page ajax-page-disabled\" id=\"next-page-td_uid_6_69f3206d50aee\" data-td_block_id=\"td_uid_6_69f3206d50aee\"><i class=\"td-icon-font td-icon-menu-right\"><\/i><\/a><\/div><\/div> <!-- .\/block -->\n\t\t<\/div> \n\t<\/div> \n\n<style scoped>\n.td_uid_7_69f3206d5b8ae_rand .td_module_wrap:hover .entry-title a,\r\n            .td_uid_7_69f3206d5b8ae_rand a.td-pulldown-filter-link:hover,\r\n            .td_uid_7_69f3206d5b8ae_rand .td-subcat-item a:hover,\r\n            .td_uid_7_69f3206d5b8ae_rand .td-subcat-item .td-cur-simple-item,\r\n            .td_uid_7_69f3206d5b8ae_rand .td_quote_on_blocks {\r\n                color: #e91e63;\r\n            }\r\n\r\n            .td_uid_7_69f3206d5b8ae_rand .td-next-prev-wrap a:hover,\r\n            .td_uid_7_69f3206d5b8ae_rand .td-load-more-wrap a:hover {\r\n                background-color: #e91e63;\r\n                border-color: #e91e63;\r\n            }\r\n            .td_uid_7_69f3206d5b8ae_rand .td-subcat-dropdown:hover .td-subcat-more,\r\n            .td_uid_7_69f3206d5b8ae_rand .td-post-category:hover {\r\n                background-color: #e91e63;\r\n            }\r\n\r\n            .td_uid_7_69f3206d5b8ae_rand .block-title span,\r\n            .td_uid_7_69f3206d5b8ae_rand .td-trending-now-title,\r\n            .td_uid_7_69f3206d5b8ae_rand .block-title a,\r\n            .td_uid_7_69f3206d5b8ae_rand .td-read-more a {\r\n                background-color: #e91e63;\r\n            }\r\n\r\n            .td_uid_7_69f3206d5b8ae_rand .block-title {\r\n                border-color: #e91e63;\r\n            }\n<\/style>\n\t<div class=\"td-pb-span4 wpb_column vc_column_container \">\n\t\t<div class=\"wpb_wrapper\">\n\t\t\t<div class=\"td-a-rec td-a-rec-id-sidebar \"><div class=\"td-all-devices\"><a href=\"\" target=\"blank\"><img decoding=\"async\" src=\"https:\/\/arumbear.com\/pa\/wp-content\/uploads\/2020\/08\/BannerRedesSocialesArumbearSiguenos.jpg\"\/><\/a><\/div>\r\n\r\n<div class=\"td-all-devices\"><a href=\"https:\/\/www.instagram.com\/arumbearpanama\/\" target=\"blank\"><img decoding=\"async\" src=\"https:\/\/arumbear.com\/pa\/wp-content\/uploads\/2020\/08\/BannerRedesSocialesArumbearPanamaInstagram.jpg\r\n\"\/><\/a><\/div>\r\n\r\n<div class=\"td-all-devices\"><a href=\"https:\/\/www.facebook.com\/arumbearpanama\/\" target=\"blank\"><img decoding=\"async\" src=\"https:\/\/arumbear.com\/pa\/wp-content\/uploads\/2020\/08\/BannerRedesSocialesArumbearPanamaFacebook.jpg\"\/><\/a><\/div>\r\n\r\n<div class=\"td-all-devices\"><a href=\"https:\/\/www.twitter.com\/arumbearpanama\/\" target=\"blank\"><img decoding=\"async\" src=\"https:\/\/arumbear.com\/pa\/wp-content\/uploads\/2020\/08\/BannerRedesSocialesArumbearPanamaTwitter.jpg\"\/><\/a><\/div>\r\n\r\n<div class=\"td-all-devices\"><a href=\"https:\/\/cantamosporlapaz.org\/\" target=\"blank\"><img decoding=\"async\" src=\"https:\/\/arumbear.com\/pa\/wp-content\/uploads\/2025\/03\/Banner-FundacionCantamos-300x400-01.png\"\/><\/a><\/div>\r\n\r\n\r\n<\/div><script>var block_td_uid_7_69f3206d5b8ae = new td_block();\nblock_td_uid_7_69f3206d5b8ae.id = \"td_uid_7_69f3206d5b8ae\";\nblock_td_uid_7_69f3206d5b8ae.atts = '{\"limit\":\"5\",\"custom_title\":\"TELEVISI\\u00d3N | CINE | RADIO | RRSS\",\"td_filter_default_txt\":\"Todo\",\"header_color\":\"#e91e63\",\"ajax_pagination\":\"next_prev\",\"category_id\":\"319\",\"class\":\"td_block_id_3498507146 td_uid_7_69f3206d5b8ae_rand\"}';\nblock_td_uid_7_69f3206d5b8ae.td_column_number = \"1\";\nblock_td_uid_7_69f3206d5b8ae.block_type = \"td_block_1\";\nblock_td_uid_7_69f3206d5b8ae.post_count = \"5\";\nblock_td_uid_7_69f3206d5b8ae.found_posts = \"31\";\nblock_td_uid_7_69f3206d5b8ae.header_color = \"#e91e63\";\nblock_td_uid_7_69f3206d5b8ae.ajax_pagination_infinite_stop = \"\";\nblock_td_uid_7_69f3206d5b8ae.max_num_pages = \"7\";\ntd_blocks.push(block_td_uid_7_69f3206d5b8ae);\n<\/script><div class=\"td_block_wrap td_block_1 td_block_id_3498507146 td_uid_7_69f3206d5b8ae_rand td_with_ajax_pagination td-pb-border-top\"><h4 class=\"block-title\"><span>TELEVISI\u00d3N | CINE | RADIO | RRSS<\/span><\/h4><div id=td_uid_7_69f3206d5b8ae class=\"td_block_inner\">\n\n\t<div class=\"td-block-span12\">\n\r\n        <div class=\"td_module_4 td_module_wrap td-animation-stack\" itemscope itemtype=\"https:\/\/schema.org\/Article\">\r\n            <div class=\"td-module-image\">\r\n                <div class=\"td-module-thumb\"><a href=\"https:\/\/arumbear.com\/pa\/el-cine-venezolano-toma-panama\/\" rel=\"bookmark\" title=\"El cine venezolano toma Panam\u00e1\"><img loading=\"lazy\" decoding=\"async\" width=\"324\" height=\"235\" itemprop=\"image\" class=\"entry-thumb\" src=\"https:\/\/arumbear.com\/pa\/wp-content\/uploads\/2026\/03\/cinepanama-324x235.jpg\" alt=\"\" title=\"El cine venezolano toma Panam\u00e1\"\/><\/a><\/div>                <a href=\"https:\/\/arumbear.com\/pa\/category\/farandula\/\" class=\"td-post-category\">Far\u00e1ndula<\/a>            <\/div>\r\n\r\n            <h3 itemprop=\"name\" class=\"entry-title td-module-title\"><a itemprop=\"url\" href=\"https:\/\/arumbear.com\/pa\/el-cine-venezolano-toma-panama\/\" rel=\"bookmark\" title=\"El cine venezolano toma Panam\u00e1\">El cine venezolano toma Panam\u00e1<\/a><\/h3>\r\n            <div class=\"td-module-meta-info\">\r\n                <div class=\"td-post-author-name\"><a itemprop=\"author\" href=\"https:\/\/arumbear.com\/pa\/author\/jesusviera-ve\/\">Arumbear.com \u2022 Panam\u00e1<\/a> <span>-<\/span> <\/div>                <div class=\"td-post-date\"><time  itemprop=\"dateCreated\" class=\"entry-date updated td-module-date\" datetime=\"2026-03-26T15:07:46+00:00\" >26 de marzo de 2026<\/time><meta itemprop=\"interactionCount\" content=\"UserComments:0\"\/><\/div>                <div class=\"td-module-comments\"><a href=\"https:\/\/arumbear.com\/pa\/el-cine-venezolano-toma-panama\/#respond\">0<\/a><\/div>            <\/div>\r\n\r\n            <div class=\"td-excerpt\">\r\n                \nSe realiz\u00f3 el anuncio oficial de la selecci\u00f3n de las producciones venezolanas que se proyectar\u00e1n en el Festival Internacional de Cine de...            <\/div>\r\n\r\n            \r\n            <meta itemprop=\"author\" content = \"Arumbear.com \u2022 Panam\u00e1\"><meta itemprop=\"interactionCount\" content=\"UserComments:0\"\/>\r\n        <\/div>\r\n\r\n        \n\t<\/div> <!-- .\/td-block-span12 -->\n\n\t<div class=\"td-block-span12\">\n\r\n        <div class=\"td_module_6 td_module_wrap td-animation-stack\" itemscope itemtype=\"https:\/\/schema.org\/Article\">\r\n\r\n        <div class=\"td-module-thumb\"><a href=\"https:\/\/arumbear.com\/pa\/marjorie-de-sousa-regresa-triunfal-a-perfume-de-gardenia-en-mexico\/\" rel=\"bookmark\" title=\"Marjorie De Sousa regresa triunfal a \u00abPerfume de Gardenia\u00bb en M\u00e9xico\"><img loading=\"lazy\" decoding=\"async\" width=\"100\" height=\"70\" itemprop=\"image\" class=\"entry-thumb\" src=\"https:\/\/arumbear.com\/pa\/wp-content\/uploads\/2026\/03\/marjorie01-100x70.jpg\" alt=\"\" title=\"Marjorie De Sousa regresa triunfal a \u00abPerfume de Gardenia\u00bb en M\u00e9xico\"\/><\/a><\/div>\r\n        <div class=\"item-details\">\r\n            <h3 itemprop=\"name\" class=\"entry-title td-module-title\"><a itemprop=\"url\" href=\"https:\/\/arumbear.com\/pa\/marjorie-de-sousa-regresa-triunfal-a-perfume-de-gardenia-en-mexico\/\" rel=\"bookmark\" title=\"Marjorie De Sousa regresa triunfal a \u00abPerfume de Gardenia\u00bb en M\u00e9xico\">Marjorie De Sousa regresa triunfal a \u00abPerfume de Gardenia\u00bb en M\u00e9xico<\/a><\/h3>            <div class=\"td-module-meta-info\">\r\n                                                <div class=\"td-post-date\"><time  itemprop=\"dateCreated\" class=\"entry-date updated td-module-date\" datetime=\"2026-03-22T11:25:02+00:00\" >22 de marzo de 2026<\/time><meta itemprop=\"interactionCount\" content=\"UserComments:0\"\/><\/div>                            <\/div>\r\n        <\/div>\r\n        <meta itemprop=\"author\" content = \"Arumbear.com \u2022 Panam\u00e1\"><meta itemprop=\"interactionCount\" content=\"UserComments:0\"\/>        <\/div>\r\n\r\n        \n\t<\/div> <!-- .\/td-block-span12 -->\n\n\t<div class=\"td-block-span12\">\n\r\n        <div class=\"td_module_6 td_module_wrap td-animation-stack\" itemscope itemtype=\"https:\/\/schema.org\/Article\">\r\n\r\n        <div class=\"td-module-thumb\"><a href=\"https:\/\/arumbear.com\/pa\/aleska-genesis-no-me-cierro-a-las-nuevas-oportunidades-pero-lo-mio-ahora-es-el-podcast\/\" rel=\"bookmark\" title=\"Aleska G\u00e9nesis: \u201cNo me cierro a las nuevas oportunidades, pero lo m\u00edo ahora es el podcast\u201d\"><img loading=\"lazy\" decoding=\"async\" width=\"100\" height=\"70\" itemprop=\"image\" class=\"entry-thumb\" src=\"https:\/\/arumbear.com\/pa\/wp-content\/uploads\/2026\/03\/aleska01web-100x70.jpg\" alt=\"\" title=\"Aleska G\u00e9nesis: \u201cNo me cierro a las nuevas oportunidades, pero lo m\u00edo ahora es el podcast\u201d\"\/><\/a><\/div>\r\n        <div class=\"item-details\">\r\n            <h3 itemprop=\"name\" class=\"entry-title td-module-title\"><a itemprop=\"url\" href=\"https:\/\/arumbear.com\/pa\/aleska-genesis-no-me-cierro-a-las-nuevas-oportunidades-pero-lo-mio-ahora-es-el-podcast\/\" rel=\"bookmark\" title=\"Aleska G\u00e9nesis: \u201cNo me cierro a las nuevas oportunidades, pero lo m\u00edo ahora es el podcast\u201d\">Aleska G\u00e9nesis: \u201cNo me cierro a las nuevas oportunidades, pero lo...<\/a><\/h3>            <div class=\"td-module-meta-info\">\r\n                                                <div class=\"td-post-date\"><time  itemprop=\"dateCreated\" class=\"entry-date updated td-module-date\" datetime=\"2026-03-02T21:11:15+00:00\" >2 de marzo de 2026<\/time><meta itemprop=\"interactionCount\" content=\"UserComments:0\"\/><\/div>                            <\/div>\r\n        <\/div>\r\n        <meta itemprop=\"author\" content = \"Arumbear.com \u2022 Panam\u00e1\"><meta itemprop=\"interactionCount\" content=\"UserComments:0\"\/>        <\/div>\r\n\r\n        \n\t<\/div> <!-- .\/td-block-span12 -->\n\n\t<div class=\"td-block-span12\">\n\r\n        <div class=\"td_module_6 td_module_wrap td-animation-stack\" itemscope itemtype=\"https:\/\/schema.org\/Article\">\r\n\r\n        <div class=\"td-module-thumb\"><a href=\"https:\/\/arumbear.com\/pa\/yohana-vargas-hace-historia-como-primera-latina-en-la-portada-de-playboy-francia\/\" rel=\"bookmark\" title=\"Yohana Vargas hace historia como primera latina en la portada de \u201cPlayboy Francia\u201d\"><img loading=\"lazy\" decoding=\"async\" width=\"100\" height=\"70\" itemprop=\"image\" class=\"entry-thumb\" src=\"https:\/\/arumbear.com\/pa\/wp-content\/uploads\/2025\/10\/yohana01-100x70.jpg\" alt=\"\" title=\"Yohana Vargas hace historia como primera latina en la portada de \u201cPlayboy Francia\u201d\"\/><\/a><\/div>\r\n        <div class=\"item-details\">\r\n            <h3 itemprop=\"name\" class=\"entry-title td-module-title\"><a itemprop=\"url\" href=\"https:\/\/arumbear.com\/pa\/yohana-vargas-hace-historia-como-primera-latina-en-la-portada-de-playboy-francia\/\" rel=\"bookmark\" title=\"Yohana Vargas hace historia como primera latina en la portada de \u201cPlayboy Francia\u201d\">Yohana Vargas hace historia como primera latina en la portada de...<\/a><\/h3>            <div class=\"td-module-meta-info\">\r\n                                                <div class=\"td-post-date\"><time  itemprop=\"dateCreated\" class=\"entry-date updated td-module-date\" datetime=\"2025-10-17T13:28:52+00:00\" >17 de octubre de 2025<\/time><meta itemprop=\"interactionCount\" content=\"UserComments:0\"\/><\/div>                            <\/div>\r\n        <\/div>\r\n        <meta itemprop=\"author\" content = \"Arumbear.com \u2022 Panam\u00e1\"><meta itemprop=\"interactionCount\" content=\"UserComments:0\"\/>        <\/div>\r\n\r\n        \n\t<\/div> <!-- .\/td-block-span12 -->\n\n\t<div class=\"td-block-span12\">\n\r\n        <div class=\"td_module_6 td_module_wrap td-animation-stack\" itemscope itemtype=\"https:\/\/schema.org\/Article\">\r\n\r\n        <div class=\"td-module-thumb\"><a href=\"https:\/\/arumbear.com\/pa\/la-venezolana-crismar-chacin-ruiz-es-una-de-las-voces-en-ingles-de-la-nueva-serie-de-netflix-dos-tumbas\/\" rel=\"bookmark\" title=\"La venezolana Crismar Chac\u00edn-Ruiz es una de las voces en ingl\u00e9s de la nueva serie de Netflix \u201cDos Tumbas\u201d\"><img loading=\"lazy\" decoding=\"async\" width=\"100\" height=\"70\" itemprop=\"image\" class=\"entry-thumb\" src=\"https:\/\/arumbear.com\/pa\/wp-content\/uploads\/2025\/09\/crismar01-100x70.jpg\" alt=\"\" title=\"La venezolana Crismar Chac\u00edn-Ruiz es una de las voces en ingl\u00e9s de la nueva serie de Netflix \u201cDos Tumbas\u201d\"\/><\/a><\/div>\r\n        <div class=\"item-details\">\r\n            <h3 itemprop=\"name\" class=\"entry-title td-module-title\"><a itemprop=\"url\" href=\"https:\/\/arumbear.com\/pa\/la-venezolana-crismar-chacin-ruiz-es-una-de-las-voces-en-ingles-de-la-nueva-serie-de-netflix-dos-tumbas\/\" rel=\"bookmark\" title=\"La venezolana Crismar Chac\u00edn-Ruiz es una de las voces en ingl\u00e9s de la nueva serie de Netflix \u201cDos Tumbas\u201d\">La venezolana Crismar Chac\u00edn-Ruiz es una de las voces en ingl\u00e9s...<\/a><\/h3>            <div class=\"td-module-meta-info\">\r\n                                                <div class=\"td-post-date\"><time  itemprop=\"dateCreated\" class=\"entry-date updated td-module-date\" datetime=\"2025-09-03T15:25:15+00:00\" >3 de septiembre de 2025<\/time><meta itemprop=\"interactionCount\" content=\"UserComments:0\"\/><\/div>                            <\/div>\r\n        <\/div>\r\n        <meta itemprop=\"author\" content = \"Arumbear.com \u2022 Panam\u00e1\"><meta itemprop=\"interactionCount\" content=\"UserComments:0\"\/>        <\/div>\r\n\r\n        \n\t<\/div> <!-- .\/td-block-span12 --><\/div><div class=\"td-next-prev-wrap\"><a href=\"#\" class=\"td-ajax-prev-page ajax-page-disabled\" id=\"prev-page-td_uid_7_69f3206d5b8ae\" data-td_block_id=\"td_uid_7_69f3206d5b8ae\"><i class=\"td-icon-font td-icon-menu-left\"><\/i><\/a><a href=\"#\"  class=\"td-ajax-next-page\" id=\"next-page-td_uid_7_69f3206d5b8ae\" data-td_block_id=\"td_uid_7_69f3206d5b8ae\"><i class=\"td-icon-font td-icon-menu-right\"><\/i><\/a><\/div><\/div> <!-- .\/block -->\n\t\t<\/div> \n\t<\/div> \n<\/div>    <div  class=\"vc_row wpb_row td-pb-row\">\n\t<div class=\"td-pb-span12 wpb_column vc_column_container \">\n\t\t<div class=\"wpb_wrapper\">\n\t\t\t<div class=\"td_block_wrap td_block_big_grid_5 td_block_id_3155757998 td_uid_8_69f3206d604d1_rand td-grid-style-1 td-hover-1 td-pb-border-top\"><div id=td_uid_8_69f3206d604d1 class=\"td_block_inner\"><div class=\"td-big-grid-wrapper\">\r\n        <div class=\"td_module_mx12 td-animation-stack td-big-grid-post-0 td-big-grid-post td-small-thumb\" itemscope itemtype=\"https:\/\/schema.org\/Article\">\r\n            <div class=\"td-module-thumb\"><a href=\"https:\/\/arumbear.com\/pa\/las-hermanas-ksk-twins-regresaron-con-el-cora-en-modo-avion\/\" rel=\"bookmark\" title=\"Las hermanas KSK TWINS regresaron con el \u201cCora en Modo Avi\u00f3n\u201d\"><img loading=\"lazy\" decoding=\"async\" width=\"356\" height=\"220\" itemprop=\"image\" class=\"entry-thumb\" src=\"https:\/\/arumbear.com\/pa\/wp-content\/uploads\/2025\/04\/ksk03-356x220.jpg\" alt=\"\" title=\"Las hermanas KSK TWINS regresaron con el \u201cCora en Modo Avi\u00f3n\u201d\"\/><\/a><\/div>            <div class=\"td-meta-info-container\">\r\n                <div class=\"td-meta-align\">\r\n                    <div class=\"td-big-grid-meta\">\r\n                        <a href=\"https:\/\/arumbear.com\/pa\/category\/musica\/internacional\/\" class=\"td-post-category\">Internacional<\/a>                        <h3 itemprop=\"name\" class=\"entry-title td-module-title\"><a itemprop=\"url\" href=\"https:\/\/arumbear.com\/pa\/las-hermanas-ksk-twins-regresaron-con-el-cora-en-modo-avion\/\" rel=\"bookmark\" title=\"Las hermanas KSK TWINS regresaron con el \u201cCora en Modo Avi\u00f3n\u201d\">Las hermanas KSK TWINS regresaron con el \u201cCora en Modo Avi\u00f3n\u201d<\/a><\/h3>                    <\/div>\r\n                    <div class=\"td-module-meta-info\">\r\n                        <div class=\"td-post-author-name\"><a itemprop=\"author\" href=\"https:\/\/arumbear.com\/pa\/author\/jesusviera-ve\/\">Arumbear.com \u2022 Panam\u00e1<\/a> <span>-<\/span> <\/div>                        <div class=\"td-post-date\"><time  itemprop=\"dateCreated\" class=\"entry-date updated td-module-date\" datetime=\"2025-04-23T20:49:04+00:00\" >23 de abril de 2025<\/time><meta itemprop=\"interactionCount\" content=\"UserComments:0\"\/><\/div>                    <\/div>\r\n                <\/div>\r\n            <\/div>\r\n\r\n            <meta itemprop=\"author\" content = \"Arumbear.com \u2022 Panam\u00e1\"><meta itemprop=\"interactionCount\" content=\"UserComments:0\"\/>        <\/div>\r\n\r\n        \r\n        <div class=\"td_module_mx12 td-animation-stack td-big-grid-post-1 td-big-grid-post td-small-thumb\" itemscope itemtype=\"https:\/\/schema.org\/Article\">\r\n            <div class=\"td-module-thumb\"><a href=\"https:\/\/arumbear.com\/pa\/olga-tanon-lanza-perro-arrepentido-una-fusion-tropical-urbana\/\" rel=\"bookmark\" title=\"Olga Ta\u00f1\u00f3n lanza \u201cPerro arrepentido\u201d una fusi\u00f3n tropical urbana\"><img loading=\"lazy\" decoding=\"async\" width=\"356\" height=\"220\" itemprop=\"image\" class=\"entry-thumb\" src=\"https:\/\/arumbear.com\/pa\/wp-content\/uploads\/2023\/03\/olga01web-356x220.jpg\" alt=\"\" title=\"Olga Ta\u00f1\u00f3n lanza \u201cPerro arrepentido\u201d una fusi\u00f3n tropical urbana\"\/><\/a><\/div>            <div class=\"td-meta-info-container\">\r\n                <div class=\"td-meta-align\">\r\n                    <div class=\"td-big-grid-meta\">\r\n                        <a href=\"https:\/\/arumbear.com\/pa\/category\/musica\/internacional\/\" class=\"td-post-category\">Internacional<\/a>                        <h3 itemprop=\"name\" class=\"entry-title td-module-title\"><a itemprop=\"url\" href=\"https:\/\/arumbear.com\/pa\/olga-tanon-lanza-perro-arrepentido-una-fusion-tropical-urbana\/\" rel=\"bookmark\" title=\"Olga Ta\u00f1\u00f3n lanza \u201cPerro arrepentido\u201d una fusi\u00f3n tropical urbana\">Olga Ta\u00f1\u00f3n lanza \u201cPerro arrepentido\u201d una fusi\u00f3n tropical urbana<\/a><\/h3>                    <\/div>\r\n                    <div class=\"td-module-meta-info\">\r\n                        <div class=\"td-post-author-name\"><a itemprop=\"author\" href=\"https:\/\/arumbear.com\/pa\/author\/jesusviera-ve\/\">Arumbear.com \u2022 Panam\u00e1<\/a> <span>-<\/span> <\/div>                        <div class=\"td-post-date\"><time  itemprop=\"dateCreated\" class=\"entry-date updated td-module-date\" datetime=\"2023-03-25T18:16:40+00:00\" >25 de marzo de 2023<\/time><meta itemprop=\"interactionCount\" content=\"UserComments:0\"\/><\/div>                    <\/div>\r\n                <\/div>\r\n            <\/div>\r\n\r\n            <meta itemprop=\"author\" content = \"Arumbear.com \u2022 Panam\u00e1\"><meta itemprop=\"interactionCount\" content=\"UserComments:0\"\/>        <\/div>\r\n\r\n        \r\n        <div class=\"td_module_mx12 td-animation-stack td-big-grid-post-2 td-big-grid-post td-small-thumb\" itemscope itemtype=\"https:\/\/schema.org\/Article\">\r\n            <div class=\"td-module-thumb\"><a href=\"https:\/\/arumbear.com\/pa\/anibal-hamilton-sinfonico-y-luis-fernando-borjas-lanzan-voy-pa-alla\/\" rel=\"bookmark\" title=\"An\u00edbal Hamilton Sinf\u00f3nico y Luis Fernando Borjas lanzan: \u201cVoy Pa\u2019 All\u00e1\u201d\"><img loading=\"lazy\" decoding=\"async\" width=\"356\" height=\"220\" itemprop=\"image\" class=\"entry-thumb\" src=\"https:\/\/arumbear.com\/pa\/wp-content\/uploads\/2025\/06\/anibal01-356x220.jpg\" alt=\"\" title=\"An\u00edbal Hamilton Sinf\u00f3nico y Luis Fernando Borjas lanzan: \u201cVoy Pa\u2019 All\u00e1\u201d\"\/><\/a><\/div>            <div class=\"td-meta-info-container\">\r\n                <div class=\"td-meta-align\">\r\n                    <div class=\"td-big-grid-meta\">\r\n                        <a href=\"https:\/\/arumbear.com\/pa\/category\/musica\/internacional\/\" class=\"td-post-category\">Internacional<\/a>                        <h3 itemprop=\"name\" class=\"entry-title td-module-title\"><a itemprop=\"url\" href=\"https:\/\/arumbear.com\/pa\/anibal-hamilton-sinfonico-y-luis-fernando-borjas-lanzan-voy-pa-alla\/\" rel=\"bookmark\" title=\"An\u00edbal Hamilton Sinf\u00f3nico y Luis Fernando Borjas lanzan: \u201cVoy Pa\u2019 All\u00e1\u201d\">An\u00edbal Hamilton Sinf\u00f3nico y Luis Fernando Borjas lanzan: \u201cVoy Pa\u2019 All\u00e1\u201d<\/a><\/h3>                    <\/div>\r\n                    <div class=\"td-module-meta-info\">\r\n                        <div class=\"td-post-author-name\"><a itemprop=\"author\" href=\"https:\/\/arumbear.com\/pa\/author\/jesusviera-ve\/\">Arumbear.com \u2022 Panam\u00e1<\/a> <span>-<\/span> <\/div>                        <div class=\"td-post-date\"><time  itemprop=\"dateCreated\" class=\"entry-date updated td-module-date\" datetime=\"2025-06-28T22:59:20+00:00\" >28 de junio de 2025<\/time><meta itemprop=\"interactionCount\" content=\"UserComments:0\"\/><\/div>                    <\/div>\r\n                <\/div>\r\n            <\/div>\r\n\r\n            <meta itemprop=\"author\" content = \"Arumbear.com \u2022 Panam\u00e1\"><meta itemprop=\"interactionCount\" content=\"UserComments:0\"\/>        <\/div>\r\n\r\n        <\/div><div class=\"clearfix\"><\/div><\/div><\/div> <!-- .\/block -->\n\t\t<\/div> \n\t<\/div> \n<\/div>\n\n\n<p><\/p>\n","protected":false},"excerpt":{"rendered":"Internacional Awilda Quezada Ft. Gretch\u2019n lanzan \u201cMaldito Traidor\u201d Arumbear.com \u2022 Panam\u00e1 - 14 de febrero de 2026 Internacional Lenny Tav\u00e1rez lanza \u201cJuicy\u201d, un sencillo centrado en el deseo y la autenticidad\u00a0 Internacional Diveana est\u00e1 \u201cDisgustada\u201d Internacional Luc\u00eda Alegr\u00eda y Anan\u00e1 le cantan a un pa\u00eds \u2018Inmortal\u2019 .td_uid_10_69f3206d6389c_rand .td_module_wrap:hover .entry-title a, .td_uid_10_69f3206d6389c_rand a.td-pulldown-filter-link:hover, .td_uid_10_69f3206d6389c_rand .td-subcat-item a:hover, ","protected":false},"author":1,"featured_media":0,"parent":0,"menu_order":0,"comment_status":"open","ping_status":"closed","template":"page-pagebuilder-latest.php","meta":{"ngg_post_thumbnail":0,"footnotes":""},"class_list":["post-194","page","type-page","status-publish","hentry"],"_links":{"self":[{"href":"https:\/\/arumbear.com\/pa\/wp-json\/wp\/v2\/pages\/194","targetHints":{"allow":["GET"]}}],"collection":[{"href":"https:\/\/arumbear.com\/pa\/wp-json\/wp\/v2\/pages"}],"about":[{"href":"https:\/\/arumbear.com\/pa\/wp-json\/wp\/v2\/types\/page"}],"author":[{"embeddable":true,"href":"https:\/\/arumbear.com\/pa\/wp-json\/wp\/v2\/users\/1"}],"replies":[{"embeddable":true,"href":"https:\/\/arumbear.com\/pa\/wp-json\/wp\/v2\/comments?post=194"}],"version-history":[{"count":140,"href":"https:\/\/arumbear.com\/pa\/wp-json\/wp\/v2\/pages\/194\/revisions"}],"predecessor-version":[{"id":11869,"href":"https:\/\/arumbear.com\/pa\/wp-json\/wp\/v2\/pages\/194\/revisions\/11869"}],"wp:attachment":[{"href":"https:\/\/arumbear.com\/pa\/wp-json\/wp\/v2\/media?parent=194"}],"curies":[{"name":"wp","href":"https:\/\/api.w.org\/{rel}","templated":true}]}}